{"id":1177,"date":"2023-04-04T10:19:06","date_gmt":"2023-04-04T08:19:06","guid":{"rendered":"https:\/\/static3.smmp.de\/?page_id=1177"},"modified":"2026-04-02T14:28:42","modified_gmt":"2026-04-02T12:28:42","slug":"break-in-a-monastery","status":"publish","type":"page","link":"https:\/\/bergkloster.smmp.de\/en\/auszeit-im-kloster\/","title":{"rendered":"Time out at the monastery"},"content":{"rendered":"<div data-elementor-type=\"wp-page\" data-elementor-id=\"1177\" class=\"elementor elementor-1177\" data-elementor-post-type=\"page\">\n\t\t\t\t\t\t<section class=\"elementor-section elementor-top-section elementor-element elementor-element-2d2869f elementor-section-full_width elementor-section-height-min-height elementor-section-content-middle elementor-section-height-default elementor-section-items-middle elementor-invisible\" data-id=\"2d2869f\" data-element_type=\"section\" data-e-type=\"section\" data-settings=\"{&quot;background_background&quot;:&quot;classic&quot;,&quot;animation&quot;:&quot;fadeInDown&quot;}\">\n\t\t\t\t\t\t<div class=\"elementor-container elementor-column-gap-default\">\n\t\t\t\t\t<div class=\"elementor-column elementor-col-100 elementor-top-column elementor-element elementor-element-a951f4c\" data-id=\"a951f4c\" data-element_type=\"column\" data-e-type=\"column\">\n\t\t\t<div class=\"elementor-widget-wrap\">\n\t\t\t\t\t\t\t<\/div>\n\t\t<\/div>\n\t\t\t\t\t<\/div>\n\t\t<\/section>\n\t\t\t\t<section class=\"elementor-section elementor-top-section elementor-element elementor-element-974cd09 elementor-section-boxed elementor-section-height-default elementor-section-height-default\" data-id=\"974cd09\" data-element_type=\"section\" data-e-type=\"section\">\n\t\t\t\t\t\t<div class=\"elementor-container elementor-column-gap-default\">\n\t\t\t\t\t<div class=\"elementor-column elementor-col-50 elementor-top-column elementor-element elementor-element-0972c6d\" data-id=\"0972c6d\" data-element_type=\"column\" data-e-type=\"column\">\n\t\t\t<div class=\"elementor-widget-wrap elementor-element-populated\">\n\t\t\t\t\t\t<div class=\"elementor-element elementor-element-5d5351d elementor-widget elementor-widget-text-editor\" data-id=\"5d5351d\" data-element_type=\"widget\" data-e-type=\"widget\" data-widget_type=\"text-editor.default\">\n\t\t\t\t<div class=\"elementor-widget-container\">\n\t\t\t\t\t\t\t\t\t<p class=\"p1\">Anyone longing for silence and new clarity will find a place to take time out in a monastery at Bergkloster Bestwig. Here there is space to take a deep breath, to reflect and for days that can help you find inner peace and gain new strength for everyday life.<\/p>\t\t\t\t\t\t\t\t<\/div>\n\t\t\t\t<\/div>\n\t\t\t\t\t<\/div>\n\t\t<\/div>\n\t\t\t\t<div class=\"elementor-column elementor-col-50 elementor-top-column elementor-element elementor-element-d7dbab0\" data-id=\"d7dbab0\" data-element_type=\"column\" data-e-type=\"column\">\n\t\t\t<div class=\"elementor-widget-wrap\">\n\t\t\t\t\t\t\t<\/div>\n\t\t<\/div>\n\t\t\t\t\t<\/div>\n\t\t<\/section>\n\t\t\t\t<section class=\"elementor-section elementor-top-section elementor-element elementor-element-5f61d37 elementor-section-boxed elementor-section-height-default elementor-section-height-default\" data-id=\"5f61d37\" data-element_type=\"section\" data-e-type=\"section\">\n\t\t\t\t\t\t<div class=\"elementor-container elementor-column-gap-default\">\n\t\t\t\t\t<div class=\"elementor-column elementor-col-50 elementor-top-column elementor-element elementor-element-198bb22\" data-id=\"198bb22\" data-element_type=\"column\" data-e-type=\"column\">\n\t\t\t<div class=\"elementor-widget-wrap elementor-element-populated\">\n\t\t\t\t\t\t<div class=\"elementor-element elementor-element-1191859 elementor-widget elementor-widget-text-editor\" data-id=\"1191859\" data-element_type=\"widget\" data-e-type=\"widget\" data-widget_type=\"text-editor.default\">\n\t\t\t\t<div class=\"elementor-widget-container\">\n\t\t\t\t\t\t\t\t\t<h3>Time out at the monastery<\/h3><p>We invite you to take a break from everyday life, to leave stress and demands behind, to come into contact with the source within you - to breathe deeply - to rest - to become still, to draw new strength and joy for everyday life.<\/p><p>In community with others, we engage with spiritual topics, reflect on our lives and our relationship with God and people.<\/p><p>Thematic impulses, creative activities, times of silence, prayer and meditation as well as experiencing creation and sharing in the group can be elements of reflection days.<\/p>\t\t\t\t\t\t\t\t<\/div>\n\t\t\t\t<\/div>\n\t\t\t\t<div class=\"elementor-element elementor-element-93039f3 elementor-widget-divider--view-line elementor-widget elementor-widget-divider\" data-id=\"93039f3\" data-element_type=\"widget\" data-e-type=\"widget\" data-widget_type=\"divider.default\">\n\t\t\t\t<div class=\"elementor-widget-container\">\n\t\t\t\t\t\t\t<div class=\"elementor-divider\">\n\t\t\t<span class=\"elementor-divider-separator\">\n\t\t\t\t\t\t<\/span>\n\t\t<\/div>\n\t\t\t\t\t\t<\/div>\n\t\t\t\t<\/div>\n\t\t\t\t<div class=\"elementor-element elementor-element-6b8d197 elementor-widget elementor-widget-text-editor\" data-id=\"6b8d197\" data-element_type=\"widget\" data-e-type=\"widget\" data-widget_type=\"text-editor.default\">\n\t\t\t\t<div class=\"elementor-widget-container\">\n\t\t\t\t\t\t\t\t\t<h3>Spiritual accompaniment<\/h3><p>Spiritual counselling aims to help people become more aware of their own life and everything that is there and manifests itself, and in doing so to become more and more aware of where more life is possible and where God wants to lead the individual.<\/p><p>Sr Gratia Feldmann SMMP offers the opportunity to<\/p><ul class=\"wp-block-list\"><li>for pastoral counselling during your stay<\/li><li>and to continuous spiritual support.<\/li><\/ul><p>You can arrange regular one-to-one counselling sessions at manageable intervals for a certain period of time. Everything that characterises your own life can be discussed. The conversations help you to hear the quiet voice of God in the depths of your heart and to reflect on your own experiences in the light of faith. Spiritual counselling thus promotes the personal growth and maturation process.<\/p><p>Sr Gratia Feldmann SMMP, Bestwig<br \/>Tel:\u00a0<a href=\"tel:492904808146\">02904-808\u00a0146<\/a><br \/><a class=\"maildiclink\" title=\"Send email\" href=\"mailto:%73%72%2E%67%72%61%74%69%61%40%73%6D%6D%70%2E%64%65\"><span class=\"mail_title\"><span class=\"maildecipher\">sr.gratia(at)smmp.de<\/span><\/span><\/a><\/p><p>\u00a0<\/p><h3><a href=\"\/en\/spiritual-offerings-at-bergkloster-bestwig\/\">Spiritual offers<\/a><\/h3><p class=\"p1\">Whether retreats, days of spiritual reflection, pilgrimages, or creative inspiration \u2013 at Bergkloster Bestwig, you'll find spiritual offerings that give depth to your time out and open new paths within.<\/p>\t\t\t\t\t\t\t\t<\/div>\n\t\t\t\t<\/div>\n\t\t\t\t\t<\/div>\n\t\t<\/div>\n\t\t\t\t<div class=\"elementor-column elementor-col-50 elementor-top-column elementor-element elementor-element-438a1e3\" data-id=\"438a1e3\" data-element_type=\"column\" data-e-type=\"column\">\n\t\t\t<div class=\"elementor-widget-wrap elementor-element-populated\">\n\t\t\t\t\t\t<div class=\"elementor-element elementor-element-ba206b6 elementor-widget elementor-widget-heading\" data-id=\"ba206b6\" data-element_type=\"widget\" data-e-type=\"widget\" data-widget_type=\"heading.default\">\n\t\t\t\t<div class=\"elementor-widget-container\">\n\t\t\t\t\t<h3 class=\"elementor-heading-title elementor-size-default\">Creative time out<\/h3>\t\t\t\t<\/div>\n\t\t\t\t<\/div>\n\t\t\t\t<div class=\"elementor-element elementor-element-2ac0c61 elementor-widget elementor-widget-text-editor\" data-id=\"2ac0c61\" data-element_type=\"widget\" data-e-type=\"widget\" data-widget_type=\"text-editor.default\">\n\t\t\t\t<div class=\"elementor-widget-container\">\n\t\t\t\t\t\t\t\t\t<p>For some people it is good to let their thoughts, feelings and inner images flow through their heart and hands into a picture or sculpture.<\/p><p>We offer a workroom that you can use on your own responsibility, including all accessories - paints, wood, paper, canvases, glue guns, drills ... everything that is standing or lying around on the shelves and on the floor. Use at your own risk, of course.<\/p><p>Are you looking for a gift for Mother's Day or a birthday present for your girlfriend\/boyfriend? I would be happy to accompany you on your creative day together. Fee by arrangement.<\/p><p>Appointment by arrangement<\/p><p>Costs \u20ac 5 per day and person \u201erent\u201c plus material costs<\/p><p>Sr Maria Ignatia Langela SMMP, Bestwig<br \/>Telephone:\u00a0<a href=\"tel:+492904808339\">02904-808\u00a0339<\/a><br \/><a class=\"maildiclink\" title=\"Send email\" href=\"mailto:%73%72%2E%69%67%6E%61%74%69%61%40%73%6D%6D%70%2E%64%65\"><span class=\"mail_title\"><span class=\"maildecipher\">sr.ignatia(at)smmp.de<\/span><\/span><\/a><\/p>\t\t\t\t\t\t\t\t<\/div>\n\t\t\t\t<\/div>\n\t\t\t\t<div class=\"elementor-element elementor-element-04060c0 elementor-widget-divider--view-line elementor-widget elementor-widget-divider\" data-id=\"04060c0\" data-element_type=\"widget\" data-e-type=\"widget\" data-widget_type=\"divider.default\">\n\t\t\t\t<div class=\"elementor-widget-container\">\n\t\t\t\t\t\t\t<div class=\"elementor-divider\">\n\t\t\t<span class=\"elementor-divider-separator\">\n\t\t\t\t\t\t<\/span>\n\t\t<\/div>\n\t\t\t\t\t\t<\/div>\n\t\t\t\t<\/div>\n\t\t\t\t<div class=\"elementor-element elementor-element-2437f39 elementor-widget elementor-widget-text-editor\" data-id=\"2437f39\" data-element_type=\"widget\" data-e-type=\"widget\" data-widget_type=\"text-editor.default\">\n\t\t\t\t<div class=\"elementor-widget-container\">\n\t\t\t\t\t\t\t\t\t<h3>Individual time out<\/h3><p>We welcome Christians and non-Christians who need or want to take a break and are looking for a spiritual space of peace and reflection to refocus and recharge their batteries.<\/p><p>Support through dialogue is possible, but not therapy.<\/p><p>We recommend that you avoid any distractions, do not make phone calls and do not read or write e-mails.<\/p><p>Our guests are cordially invited to take part in the sisters' prayer times.<\/p><p>Costs: on request<\/p><p><strong>Contact persons and registration<\/strong><br \/>Sr Gratia Feldmann SMMP, Bestwig<br \/>Tel:\u00a0<a href=\"tel:492904808146\">02904-808\u00a0146<\/a><br \/><a class=\"maildiclink\" title=\"Send email\" href=\"mailto:%73%72%2E%67%72%61%74%69%61%40%73%6D%6D%70%2E%64%65\"><span class=\"mail_title\"><span class=\"maildecipher\">sr.gratia(at)smmp.de<\/span><\/span><\/a><\/p><p>Sr Maria Ignatia Langela SMMP, Bestwig<br \/>Telephone:\u00a0<a href=\"tel:+492904808339\">02904-808\u00a0339<\/a><br \/><a class=\"maildiclink\" title=\"Send email\" href=\"mailto:%73%72%2E%69%67%6E%61%74%69%61%40%73%6D%6D%70%2E%64%65\"><span class=\"mail_title\"><span class=\"maildecipher\">sr.ignatia(at)smmp.de<\/span><\/span><\/a><\/p>\t\t\t\t\t\t\t\t<\/div>\n\t\t\t\t<\/div>\n\t\t\t\t\t<\/div>\n\t\t<\/div>\n\t\t\t\t\t<\/div>\n\t\t<\/section>\n\t\t\t\t<section class=\"elementor-section elementor-top-section elementor-element elementor-element-1220922 elementor-section-boxed elementor-section-height-default elementor-section-height-default\" data-id=\"1220922\" data-element_type=\"section\" data-e-type=\"section\">\n\t\t\t\t\t\t<div class=\"elementor-container elementor-column-gap-default\">\n\t\t\t\t\t<div class=\"elementor-column elementor-col-100 elementor-top-column elementor-element elementor-element-9e7ee7e\" data-id=\"9e7ee7e\" data-element_type=\"column\" data-e-type=\"column\">\n\t\t\t<div class=\"elementor-widget-wrap\">\n\t\t\t\t\t\t\t<\/div>\n\t\t<\/div>\n\t\t\t\t\t<\/div>\n\t\t<\/section>\n\t\t\t\t<\/div>","protected":false},"excerpt":{"rendered":"<p>Wer sich nach Stille und neuer Klarheit sehnt, findet im Bergkloster Bestwig einen Ort f\u00fcr eine Auszeit im Kloster. Hier ist Raum zum Durchatmen, zur Besinnung und f\u00fcr Tage, die helfen k\u00f6nnen, innerlich zur Ruhe zu kommen und neue Kraft f\u00fcr den Alltag zu gewinnen. Auszeit im Kloster Wir laden Sie ein, den Alltag zu [&hellip;]<\/p>\n","protected":false},"author":146,"featured_media":1209,"parent":0,"menu_order":0,"comment_status":"closed","ping_status":"closed","template":"","meta":{"_acf_changed":false,"footnotes":""},"categories":[],"tags":[],"class_list":["post-1177","page","type-page","status-publish","has-post-thumbnail","hentry"],"acf":[],"yoast_head":"<!-- This site is optimized with the Yoast SEO plugin v27.5 - https:\/\/yoast.com\/product\/yoast-seo-wordpress\/ -->\n<title>Auszeit im Kloster - Bergkloster Bestwig<\/title>\n<meta name=\"description\" content=\"G\u00f6nnen Sie sich eine Auszeit im Kloster: Im Bergkloster Bestwig finden Sie Stille, geistliche Begleitung, Besinnungstage und Raum zum Durchatmen.\" \/>\n<meta name=\"robots\" content=\"index, follow, max-snippet:-1, max-image-preview:large, max-video-preview:-1\" \/>\n<link rel=\"canonical\" href=\"https:\/\/bergkloster.smmp.de\/en\/break-in-a-monastery\/\" \/>\n<meta property=\"og:locale\" content=\"en_GB\" \/>\n<meta property=\"og:type\" content=\"article\" \/>\n<meta property=\"og:title\" content=\"Auszeit im Kloster - Bergkloster Bestwig\" \/>\n<meta property=\"og:description\" content=\"G\u00f6nnen Sie sich eine Auszeit im Kloster: Im Bergkloster Bestwig finden Sie Stille, geistliche Begleitung, Besinnungstage und Raum zum Durchatmen.\" \/>\n<meta property=\"og:url\" content=\"https:\/\/bergkloster.smmp.de\/en\/break-in-a-monastery\/\" \/>\n<meta property=\"og:site_name\" content=\"Bergkloster Bestwig\" \/>\n<meta property=\"article:modified_time\" content=\"2026-04-02T12:28:42+00:00\" \/>\n<meta property=\"og:image\" content=\"https:\/\/mlhg9qfnwayp.i.optimole.com\/w:auto\/h:auto\/q:mauto\/f:best\/https:\/\/bergkloster.smmp.de\/files\/2025\/06\/20110419-IMG_3395.jpg\" \/>\n\t<meta property=\"og:image:width\" content=\"2500\" \/>\n\t<meta property=\"og:image:height\" content=\"1667\" \/>\n\t<meta property=\"og:image:type\" content=\"image\/jpeg\" \/>\n<meta name=\"twitter:card\" content=\"summary_large_image\" \/>\n<meta name=\"twitter:label1\" content=\"Estimated reading time\" \/>\n\t<meta name=\"twitter:data1\" content=\"3 minutes\" \/>\n<script type=\"application\/ld+json\" class=\"yoast-schema-graph\">{\"@context\":\"https:\\\/\\\/schema.org\",\"@graph\":[{\"@type\":\"WebPage\",\"@id\":\"https:\\\/\\\/bergkloster.smmp.de\\\/auszeit-im-kloster\\\/\",\"url\":\"https:\\\/\\\/bergkloster.smmp.de\\\/auszeit-im-kloster\\\/\",\"name\":\"Auszeit im Kloster - Bergkloster Bestwig\",\"isPartOf\":{\"@id\":\"https:\\\/\\\/bergkloster.smmp.de\\\/#website\"},\"primaryImageOfPage\":{\"@id\":\"https:\\\/\\\/bergkloster.smmp.de\\\/auszeit-im-kloster\\\/#primaryimage\"},\"image\":{\"@id\":\"https:\\\/\\\/bergkloster.smmp.de\\\/auszeit-im-kloster\\\/#primaryimage\"},\"thumbnailUrl\":\"https:\\/\\/bergkloster.smmp.de\\/files\\/2025\\/06\\/20110419-IMG_3395.jpg\",\"datePublished\":\"2023-04-04T08:19:06+00:00\",\"dateModified\":\"2026-04-02T12:28:42+00:00\",\"description\":\"G\u00f6nnen Sie sich eine Auszeit im Kloster: Im Bergkloster Bestwig finden Sie Stille, geistliche Begleitung, Besinnungstage und Raum zum Durchatmen.\",\"breadcrumb\":{\"@id\":\"https:\\\/\\\/bergkloster.smmp.de\\\/auszeit-im-kloster\\\/#breadcrumb\"},\"inLanguage\":\"en-GB\",\"potentialAction\":[{\"@type\":\"ReadAction\",\"target\":[\"https:\\\/\\\/bergkloster.smmp.de\\\/auszeit-im-kloster\\\/\"]}]},{\"@type\":\"ImageObject\",\"inLanguage\":\"en-GB\",\"@id\":\"https:\\\/\\\/bergkloster.smmp.de\\\/auszeit-im-kloster\\\/#primaryimage\",\"url\":\"https:\\/\\/bergkloster.smmp.de\\/files\\/2025\\/06\\/20110419-IMG_3395.jpg\",\"contentUrl\":\"https:\\/\\/bergkloster.smmp.de\\/files\\/2025\\/06\\/20110419-IMG_3395.jpg\",\"width\":2500,\"height\":1667,\"caption\":\"Brunnen im Innenhof des Bergklosters Bestwig.\"},{\"@type\":\"BreadcrumbList\",\"@id\":\"https:\\\/\\\/bergkloster.smmp.de\\\/auszeit-im-kloster\\\/#breadcrumb\",\"itemListElement\":[{\"@type\":\"ListItem\",\"position\":1,\"name\":\"Startseite\",\"item\":\"https:\\\/\\\/bergkloster.smmp.de\\\/\"},{\"@type\":\"ListItem\",\"position\":2,\"name\":\"Auszeit im Kloster\"}]},{\"@type\":\"WebSite\",\"@id\":\"https:\\\/\\\/bergkloster.smmp.de\\\/#website\",\"url\":\"https:\\\/\\\/bergkloster.smmp.de\\\/\",\"name\":\"Bergkloster Bestwig\",\"description\":\"Raum &amp; Ruhe\",\"publisher\":{\"@id\":\"https:\\\/\\\/bergkloster.smmp.de\\\/#organization\"},\"potentialAction\":[{\"@type\":\"SearchAction\",\"target\":{\"@type\":\"EntryPoint\",\"urlTemplate\":\"https:\\\/\\\/bergkloster.smmp.de\\\/?s={search_term_string}\"},\"query-input\":{\"@type\":\"PropertyValueSpecification\",\"valueRequired\":true,\"valueName\":\"search_term_string\"}}],\"inLanguage\":\"en-GB\"},{\"@type\":\"Organization\",\"@id\":\"https:\\\/\\\/bergkloster.smmp.de\\\/#organization\",\"name\":\"Bergkloster Bestwig\",\"url\":\"https:\\\/\\\/bergkloster.smmp.de\\\/\",\"logo\":{\"@type\":\"ImageObject\",\"inLanguage\":\"en-GB\",\"@id\":\"https:\\\/\\\/bergkloster.smmp.de\\\/#\\\/schema\\\/logo\\\/image\\\/\",\"url\":\"https:\\/\\/bergkloster.smmp.de\\/files\\/2023\\/01\\/smmp-bildmarke-web.png\",\"contentUrl\":\"https:\\/\\/bergkloster.smmp.de\\/files\\/2023\\/01\\/smmp-bildmarke-web.png\",\"width\":313,\"height\":313,\"caption\":\"Bergkloster Bestwig\"},\"image\":{\"@id\":\"https:\\\/\\\/bergkloster.smmp.de\\\/#\\\/schema\\\/logo\\\/image\\\/\"}}]}<\/script>\n<!-- \/ Yoast SEO plugin. -->","yoast_head_json":{"title":"Break in the Monastery - St. Joseph's Abbey","description":"Treat yourself to a break in the monastery: In the mountain monastery of Bestwig, you will find silence, spiritual guidance, days of reflection, and space to breathe.","robots":{"index":"index","follow":"follow","max-snippet":"max-snippet:-1","max-image-preview":"max-image-preview:large","max-video-preview":"max-video-preview:-1"},"canonical":"https:\/\/bergkloster.smmp.de\/en\/break-in-a-monastery\/","og_locale":"en_GB","og_type":"article","og_title":"Auszeit im Kloster - Bergkloster Bestwig","og_description":"G\u00f6nnen Sie sich eine Auszeit im Kloster: Im Bergkloster Bestwig finden Sie Stille, geistliche Begleitung, Besinnungstage und Raum zum Durchatmen.","og_url":"https:\/\/bergkloster.smmp.de\/en\/break-in-a-monastery\/","og_site_name":"Bergkloster Bestwig","article_modified_time":"2026-04-02T12:28:42+00:00","og_image":[{"width":2500,"height":1667,"url":"https:\/\/mlhg9qfnwayp.i.optimole.com\/w:auto\/h:auto\/q:mauto\/f:best\/https:\/\/bergkloster.smmp.de\/files\/2025\/06\/20110419-IMG_3395.jpg","type":"image\/jpeg"}],"twitter_card":"summary_large_image","twitter_misc":{"Estimated reading time":"3 minutes"},"schema":{"@context":"https:\/\/schema.org","@graph":[{"@type":"WebPage","@id":"https:\/\/bergkloster.smmp.de\/auszeit-im-kloster\/","url":"https:\/\/bergkloster.smmp.de\/auszeit-im-kloster\/","name":"Break in the Monastery - St. Joseph's Abbey","isPartOf":{"@id":"https:\/\/bergkloster.smmp.de\/#website"},"primaryImageOfPage":{"@id":"https:\/\/bergkloster.smmp.de\/auszeit-im-kloster\/#primaryimage"},"image":{"@id":"https:\/\/bergkloster.smmp.de\/auszeit-im-kloster\/#primaryimage"},"thumbnailUrl":"https:\/\/mlhg9qfnwayp.i.optimole.com\/w:auto\/h:auto\/q:mauto\/f:best\/https:\/\/bergkloster.smmp.de\/files\/2025\/06\/20110419-IMG_3395.jpg","datePublished":"2023-04-04T08:19:06+00:00","dateModified":"2026-04-02T12:28:42+00:00","description":"Treat yourself to a break in the monastery: In the mountain monastery of Bestwig, you will find silence, spiritual guidance, days of reflection, and space to breathe.","breadcrumb":{"@id":"https:\/\/bergkloster.smmp.de\/auszeit-im-kloster\/#breadcrumb"},"inLanguage":"en-GB","potentialAction":[{"@type":"ReadAction","target":["https:\/\/bergkloster.smmp.de\/auszeit-im-kloster\/"]}]},{"@type":"ImageObject","inLanguage":"en-GB","@id":"https:\/\/bergkloster.smmp.de\/auszeit-im-kloster\/#primaryimage","url":"https:\/\/mlhg9qfnwayp.i.optimole.com\/w:auto\/h:auto\/q:mauto\/f:best\/https:\/\/bergkloster.smmp.de\/files\/2025\/06\/20110419-IMG_3395.jpg","contentUrl":"https:\/\/mlhg9qfnwayp.i.optimole.com\/w:auto\/h:auto\/q:mauto\/f:best\/https:\/\/bergkloster.smmp.de\/files\/2025\/06\/20110419-IMG_3395.jpg","width":2500,"height":1667,"caption":"Brunnen im Innenhof des Bergklosters Bestwig."},{"@type":"BreadcrumbList","@id":"https:\/\/bergkloster.smmp.de\/auszeit-im-kloster\/#breadcrumb","itemListElement":[{"@type":"ListItem","position":1,"name":"Startseite","item":"https:\/\/bergkloster.smmp.de\/"},{"@type":"ListItem","position":2,"name":"Auszeit im Kloster"}]},{"@type":"WebSite","@id":"https:\/\/bergkloster.smmp.de\/#website","url":"https:\/\/bergkloster.smmp.de\/","name":"Bestwig mountain monastery","description":"Space &amp; peace","publisher":{"@id":"https:\/\/bergkloster.smmp.de\/#organization"},"potentialAction":[{"@type":"SearchAction","target":{"@type":"EntryPoint","urlTemplate":"https:\/\/bergkloster.smmp.de\/?s={search_term_string}"},"query-input":{"@type":"PropertyValueSpecification","valueRequired":true,"valueName":"search_term_string"}}],"inLanguage":"en-GB"},{"@type":"Organization","@id":"https:\/\/bergkloster.smmp.de\/#organization","name":"Bestwig mountain monastery","url":"https:\/\/bergkloster.smmp.de\/","logo":{"@type":"ImageObject","inLanguage":"en-GB","@id":"https:\/\/bergkloster.smmp.de\/#\/schema\/logo\/image\/","url":"https:\/\/mlhg9qfnwayp.i.optimole.com\/w:auto\/h:auto\/q:mauto\/f:best\/https:\/\/bergkloster.smmp.de\/files\/2023\/01\/smmp-bildmarke-web.png","contentUrl":"https:\/\/mlhg9qfnwayp.i.optimole.com\/w:auto\/h:auto\/q:mauto\/f:best\/https:\/\/bergkloster.smmp.de\/files\/2023\/01\/smmp-bildmarke-web.png","width":313,"height":313,"caption":"Bergkloster Bestwig"},"image":{"@id":"https:\/\/bergkloster.smmp.de\/#\/schema\/logo\/image\/"}}]}},"publishpress_future_action":{"enabled":false,"date":"2026-05-06 17:36:46","action":"change-status","newStatus":"draft","terms":[],"taxonomy":"category","extraData":[]},"publishpress_future_workflow_manual_trigger":{"enabledWorkflows":[]},"_links":{"self":[{"href":"https:\/\/bergkloster.smmp.de\/en\/wp-json\/wp\/v2\/pages\/1177","targetHints":{"allow":["GET"]}}],"collection":[{"href":"https:\/\/bergkloster.smmp.de\/en\/wp-json\/wp\/v2\/pages"}],"about":[{"href":"https:\/\/bergkloster.smmp.de\/en\/wp-json\/wp\/v2\/types\/page"}],"author":[{"embeddable":true,"href":"https:\/\/bergkloster.smmp.de\/en\/wp-json\/wp\/v2\/users\/146"}],"replies":[{"embeddable":true,"href":"https:\/\/bergkloster.smmp.de\/en\/wp-json\/wp\/v2\/comments?post=1177"}],"version-history":[{"count":0,"href":"https:\/\/bergkloster.smmp.de\/en\/wp-json\/wp\/v2\/pages\/1177\/revisions"}],"wp:featuredmedia":[{"embeddable":true,"href":"https:\/\/bergkloster.smmp.de\/en\/wp-json\/wp\/v2\/media\/1209"}],"wp:attachment":[{"href":"https:\/\/bergkloster.smmp.de\/en\/wp-json\/wp\/v2\/media?parent=1177"}],"wp:term":[{"taxonomy":"category","embeddable":true,"href":"https:\/\/bergkloster.smmp.de\/en\/wp-json\/wp\/v2\/categories?post=1177"},{"taxonomy":"post_tag","embeddable":true,"href":"https:\/\/bergkloster.smmp.de\/en\/wp-json\/wp\/v2\/tags?post=1177"}],"curies":[{"name":"wp","href":"https:\/\/api.w.org\/{rel}","templated":true}]}}