{"id":1110,"date":"2023-01-17T12:17:44","date_gmt":"2023-01-17T11:17:44","guid":{"rendered":"https:\/\/static3.smmp.de\/?page_id=1110"},"modified":"2026-04-23T13:56:40","modified_gmt":"2026-04-23T11:56:40","slug":"bergkloster-bestwig-hebergement-retraite-et-reunions-dans-le-sauerland","status":"publish","type":"page","link":"https:\/\/bergkloster.smmp.de\/fr\/","title":{"rendered":"Bienvenue au monast\u00e8re de montagne de Bestwig"},"content":{"rendered":"<div data-elementor-type=\"wp-page\" data-elementor-id=\"1110\" class=\"elementor elementor-1110\" data-elementor-post-type=\"page\">\n\t\t\t\t\t\t<section class=\"elementor-section elementor-top-section elementor-element elementor-element-9c2d979 elementor-section-full_width elementor-section-height-min-height elementor-section-height-default elementor-section-items-middle elementor-invisible\" data-id=\"9c2d979\" data-element_type=\"section\" data-e-type=\"section\" data-settings=\"{&quot;background_background&quot;:&quot;classic&quot;,&quot;animation&quot;:&quot;slideInDown&quot;}\">\n\t\t\t\t\t\t<div class=\"elementor-container elementor-column-gap-default\">\n\t\t\t\t\t<div class=\"elementor-column elementor-col-100 elementor-top-column elementor-element elementor-element-a671a1c\" data-id=\"a671a1c\" data-element_type=\"column\" data-e-type=\"column\">\n\t\t\t<div class=\"elementor-widget-wrap elementor-element-populated\">\n\t\t\t\t\t\t<div class=\"elementor-element elementor-element-8476d63 elementor-widget elementor-widget-button\" data-id=\"8476d63\" data-element_type=\"widget\" data-e-type=\"widget\" data-widget_type=\"button.default\">\n\t\t\t\t<div class=\"elementor-widget-container\">\n\t\t\t\t\t\t\t\t\t<div class=\"elementor-button-wrapper\">\n\t\t\t\t\t<a class=\"elementor-button elementor-button-link elementor-size-sm\" href=\"\/fr\/reservation\/\">\n\t\t\t\t\t\t<span class=\"elementor-button-content-wrapper\">\n\t\t\t\t\t\t\t\t\t<span class=\"elementor-button-text\">R\u00e9servez en ligne<\/span>\n\t\t\t\t\t<\/span>\n\t\t\t\t\t<\/a>\n\t\t\t\t<\/div>\n\t\t\t\t\t\t\t\t<\/div>\n\t\t\t\t<\/div>\n\t\t\t\t\t<\/div>\n\t\t<\/div>\n\t\t\t\t\t<\/div>\n\t\t<\/section>\n\t\t\t\t<section class=\"elementor-section elementor-top-section elementor-element elementor-element-365d872 elementor-section-boxed elementor-section-height-default elementor-section-height-default\" data-id=\"365d872\" data-element_type=\"section\" data-e-type=\"section\">\n\t\t\t\t\t\t<div class=\"elementor-container elementor-column-gap-default\">\n\t\t\t\t\t<div class=\"elementor-column elementor-col-100 elementor-top-column elementor-element elementor-element-f12e6fe\" data-id=\"f12e6fe\" data-element_type=\"column\" data-e-type=\"column\">\n\t\t\t<div class=\"elementor-widget-wrap elementor-element-populated\">\n\t\t\t\t\t\t<div class=\"elementor-element elementor-element-dd9f542 elementor-widget elementor-widget-text-editor\" data-id=\"dd9f542\" data-element_type=\"widget\" data-e-type=\"widget\" data-widget_type=\"text-editor.default\">\n\t\t\t\t<div class=\"elementor-widget-container\">\n\t\t\t\t\t\t\t\t\t<p class=\"p1\">S\u00e9journer \u00e0 Bestwig \u2013 dans un endroit calme, entour\u00e9 par la nature et port\u00e9 par l'atmosph\u00e8re particuli\u00e8re du monast\u00e8re de montagne. Vous y trouverez une maison d'h\u00f4tes pour arriver, vous reposer et respirer.<\/p>\t\t\t\t\t\t\t\t<\/div>\n\t\t\t\t<\/div>\n\t\t\t\t\t<\/div>\n\t\t<\/div>\n\t\t\t\t\t<\/div>\n\t\t<\/section>\n\t\t\t\t<section class=\"elementor-section elementor-top-section elementor-element elementor-element-992d893 elementor-section-boxed elementor-section-height-default elementor-section-height-default\" data-id=\"992d893\" data-element_type=\"section\" data-e-type=\"section\">\n\t\t\t\t\t\t<div class=\"elementor-container elementor-column-gap-default\">\n\t\t\t\t\t<div class=\"elementor-column elementor-col-50 elementor-top-column elementor-element elementor-element-1331bcb\" data-id=\"1331bcb\" data-element_type=\"column\" data-e-type=\"column\">\n\t\t\t<div class=\"elementor-widget-wrap elementor-element-populated\">\n\t\t\t\t\t\t<div class=\"elementor-element elementor-element-3d45238 elementor-widget elementor-widget-heading\" data-id=\"3d45238\" data-element_type=\"widget\" data-e-type=\"widget\" data-widget_type=\"heading.default\">\n\t\t\t\t<div class=\"elementor-widget-container\">\n\t\t\t\t\t<h2 class=\"elementor-heading-title elementor-size-default\">Le temps des asperges au monast\u00e8re de montagne de Bestwig<\/h2>\t\t\t\t<\/div>\n\t\t\t\t<\/div>\n\t\t\t\t<div class=\"elementor-element elementor-element-a9ff24c elementor-widget elementor-widget-text-editor\" data-id=\"a9ff24c\" data-element_type=\"widget\" data-e-type=\"widget\" data-widget_type=\"text-editor.default\">\n\t\t\t\t<div class=\"elementor-widget-container\">\n\t\t\t\t\t\t\t\t\t<p>La saison des asperges arrive - et nous la f\u00eatons avec une soir\u00e9e savoureuse au monast\u00e8re de montagne de Bestwig.<\/p><p>Profitez d'une soir\u00e9e de d\u00e9tente dans l'atmosph\u00e8re particuli\u00e8re du monast\u00e8re de montagne.<\/p><p>Le vendredi, <strong>5 juin 2026<\/strong> vous attend <strong>\u00e0 partir de 18 heures<\/strong> un riche buffet d'asperges avec des asperges allemandes fra\u00eeches et de nombreuses sp\u00e9cialit\u00e9s de saison.<\/p><p><strong>R\u00e9servation au 02904 8080<\/strong><\/p>\t\t\t\t\t\t\t\t<\/div>\n\t\t\t\t<\/div>\n\t\t\t\t\t<\/div>\n\t\t<\/div>\n\t\t\t\t<div class=\"elementor-column elementor-col-50 elementor-top-column elementor-element elementor-element-98d1ef2\" data-id=\"98d1ef2\" data-element_type=\"column\" data-e-type=\"column\">\n\t\t\t<div class=\"elementor-widget-wrap elementor-element-populated\">\n\t\t\t\t\t\t<div class=\"elementor-element elementor-element-9bcabb7 elementor-widget elementor-widget-image\" data-id=\"9bcabb7\" data-element_type=\"widget\" data-e-type=\"widget\" data-widget_type=\"image.default\">\n\t\t\t\t<div class=\"elementor-widget-container\">\n\t\t\t\t\t\t\t\t\t\t\t\t\t\t\t<img data-opt-id=1983646126  fetchpriority=\"high\" decoding=\"async\" width=\"640\" height=\"640\" src=\"https:\/\/mlhg9qfnwayp.i.optimole.com\/w:640\/h:640\/q:mauto\/f:best\/https:\/\/bergkloster.smmp.de\/files\/2026\/03\/20260306-u2326286161_Bundels_of_green_and_white_asparagus_steaming_and_8a6c0604-9593-41e2-a2c7-7f4d66eef4b5_2.jpg\" class=\"attachment-large size-large wp-image-1446\" alt=\"\" srcset=\"https:\/\/mlhg9qfnwayp.i.optimole.com\/w:1024\/h:1024\/q:mauto\/f:best\/https:\/\/bergkloster.smmp.de\/files\/2026\/03\/20260306-u2326286161_Bundels_of_green_and_white_asparagus_steaming_and_8a6c0604-9593-41e2-a2c7-7f4d66eef4b5_2.jpg 1024w, https:\/\/mlhg9qfnwayp.i.optimole.com\/w:320\/h:320\/q:mauto\/f:best\/https:\/\/bergkloster.smmp.de\/files\/2026\/03\/20260306-u2326286161_Bundels_of_green_and_white_asparagus_steaming_and_8a6c0604-9593-41e2-a2c7-7f4d66eef4b5_2.jpg 320w, https:\/\/mlhg9qfnwayp.i.optimole.com\/w:640\/h:640\/q:mauto\/f:best\/https:\/\/bergkloster.smmp.de\/files\/2026\/03\/20260306-u2326286161_Bundels_of_green_and_white_asparagus_steaming_and_8a6c0604-9593-41e2-a2c7-7f4d66eef4b5_2.jpg 640w, https:\/\/mlhg9qfnwayp.i.optimole.com\/w:150\/h:150\/q:mauto\/f:best\/https:\/\/bergkloster.smmp.de\/files\/2026\/03\/20260306-u2326286161_Bundels_of_green_and_white_asparagus_steaming_and_8a6c0604-9593-41e2-a2c7-7f4d66eef4b5_2.jpg 150w, https:\/\/mlhg9qfnwayp.i.optimole.com\/w:768\/h:768\/q:mauto\/f:best\/https:\/\/bergkloster.smmp.de\/files\/2026\/03\/20260306-u2326286161_Bundels_of_green_and_white_asparagus_steaming_and_8a6c0604-9593-41e2-a2c7-7f4d66eef4b5_2.jpg 768w\" sizes=\"(max-width: 640px) 100vw, 640px\" \/>\t\t\t\t\t\t\t\t\t\t\t\t\t\t\t<\/div>\n\t\t\t\t<\/div>\n\t\t\t\t\t<\/div>\n\t\t<\/div>\n\t\t\t\t\t<\/div>\n\t\t<\/section>\n\t\t\t\t<section class=\"elementor-section elementor-top-section elementor-element elementor-element-8c35b36 elementor-section-boxed elementor-section-height-default elementor-section-height-default\" data-id=\"8c35b36\" data-element_type=\"section\" data-e-type=\"section\">\n\t\t\t\t\t\t<div class=\"elementor-container elementor-column-gap-default\">\n\t\t\t\t\t<div class=\"elementor-column elementor-col-100 elementor-top-column elementor-element elementor-element-b373795\" data-id=\"b373795\" data-element_type=\"column\" data-e-type=\"column\">\n\t\t\t<div class=\"elementor-widget-wrap elementor-element-populated\">\n\t\t\t\t\t\t<section class=\"elementor-section elementor-inner-section elementor-element elementor-element-2377c51 elementor-hidden-desktop elementor-hidden-tablet elementor-hidden-mobile elementor-section-boxed elementor-section-height-default elementor-section-height-default elementor-invisible\" data-id=\"2377c51\" data-element_type=\"section\" data-e-type=\"section\" data-settings=\"{&quot;animation&quot;:&quot;fadeInLeft&quot;}\">\n\t\t\t\t\t\t<div class=\"elementor-container elementor-column-gap-default\">\n\t\t\t\t\t<div class=\"elementor-column elementor-col-50 elementor-inner-column elementor-element elementor-element-565a3eb\" data-id=\"565a3eb\" data-element_type=\"column\" data-e-type=\"column\">\n\t\t\t<div class=\"elementor-widget-wrap elementor-element-populated\">\n\t\t\t\t\t\t<div class=\"elementor-element elementor-element-32b965e elementor-widget elementor-widget-heading\" data-id=\"32b965e\" data-element_type=\"widget\" data-e-type=\"widget\" data-widget_type=\"heading.default\">\n\t\t\t\t<div class=\"elementor-widget-container\">\n\t\t\t\t\t<h2 class=\"elementor-heading-title elementor-size-default\"><a href=\"\/fr\/monastere\/\">Bienvenue sur<\/a><\/h2>\t\t\t\t<\/div>\n\t\t\t\t<\/div>\n\t\t\t\t<div class=\"elementor-element elementor-element-8770d12 elementor-widget elementor-widget-text-editor\" data-id=\"8770d12\" data-element_type=\"widget\" data-e-type=\"widget\" data-widget_type=\"text-editor.default\">\n\t\t\t\t<div class=\"elementor-widget-container\">\n\t\t\t\t\t\t\t\t\t<p>A tout moment, vous \u00eates le bienvenu chez nous en tant qu'h\u00f4te et pouvez organiser votre s\u00e9jour de mani\u00e8re individuelle. Depuis le monast\u00e8re de montagne de Bestwig, vous pouvez faire des randonn\u00e9es \u00e0 pied ou \u00e0 v\u00e9lo, partir sur les traces de l'histoire ou d\u00e9couvrir la nature. Et vous reviendrez toujours \u00e0 l'atmosph\u00e8re spirituelle du monast\u00e8re.<\/p>\t\t\t\t\t\t\t\t<\/div>\n\t\t\t\t<\/div>\n\t\t\t\t\t<\/div>\n\t\t<\/div>\n\t\t\t\t<div class=\"elementor-column elementor-col-50 elementor-inner-column elementor-element elementor-element-30c1695\" data-id=\"30c1695\" data-element_type=\"column\" data-e-type=\"column\">\n\t\t\t<div class=\"elementor-widget-wrap elementor-element-populated\">\n\t\t\t\t\t\t<div class=\"elementor-element elementor-element-0bb1eed elementor-widget elementor-widget-image\" data-id=\"0bb1eed\" data-element_type=\"widget\" data-e-type=\"widget\" data-widget_type=\"image.default\">\n\t\t\t\t<div class=\"elementor-widget-container\">\n\t\t\t\t\t\t\t\t\t\t\t\t\t\t\t\t<a href=\"\/fr\/monastere\/\">\n\t\t\t\t\t\t\t<img data-opt-id=388617200  fetchpriority=\"high\" decoding=\"async\" width=\"640\" height=\"360\" src=\"https:\/\/mlhg9qfnwayp.i.optimole.com\/w:640\/h:360\/q:mauto\/f:best\/https:\/\/bergkloster.smmp.de\/files\/2025\/06\/20120316-IMG_8076.jpg\" class=\"attachment-large size-large wp-image-1181\" alt=\"\" srcset=\"https:\/\/mlhg9qfnwayp.i.optimole.com\/w:1920\/h:1079\/q:mauto\/f:best\/https:\/\/bergkloster.smmp.de\/files\/2025\/06\/20120316-IMG_8076.jpg 2500w, https:\/\/mlhg9qfnwayp.i.optimole.com\/w:300\/h:169\/q:mauto\/f:best\/https:\/\/bergkloster.smmp.de\/files\/2025\/06\/20120316-IMG_8076.jpg 300w, https:\/\/mlhg9qfnwayp.i.optimole.com\/w:1400\/h:787\/q:mauto\/f:best\/https:\/\/bergkloster.smmp.de\/files\/2025\/06\/20120316-IMG_8076.jpg 1400w, https:\/\/mlhg9qfnwayp.i.optimole.com\/w:768\/h:432\/q:mauto\/f:best\/https:\/\/bergkloster.smmp.de\/files\/2025\/06\/20120316-IMG_8076.jpg 768w, https:\/\/mlhg9qfnwayp.i.optimole.com\/w:1536\/h:864\/q:mauto\/f:best\/https:\/\/bergkloster.smmp.de\/files\/2025\/06\/20120316-IMG_8076.jpg 1536w, https:\/\/mlhg9qfnwayp.i.optimole.com\/w:1920\/h:1080\/q:mauto\/f:best\/https:\/\/bergkloster.smmp.de\/files\/2025\/06\/20120316-IMG_8076.jpg 2048w\" sizes=\"(max-width: 640px) 100vw, 640px\" \/>\t\t\t\t\t\t\t\t<\/a>\n\t\t\t\t\t\t\t\t\t\t\t\t\t\t\t<\/div>\n\t\t\t\t<\/div>\n\t\t\t\t\t<\/div>\n\t\t<\/div>\n\t\t\t\t\t<\/div>\n\t\t<\/section>\n\t\t\t\t<section class=\"elementor-section elementor-inner-section elementor-element elementor-element-9865863 elementor-section-boxed elementor-section-height-default elementor-section-height-default elementor-invisible\" data-id=\"9865863\" data-element_type=\"section\" data-e-type=\"section\" data-settings=\"{&quot;animation&quot;:&quot;fadeInRight&quot;}\">\n\t\t\t\t\t\t<div class=\"elementor-container elementor-column-gap-default\">\n\t\t\t\t\t<div class=\"elementor-column elementor-col-50 elementor-inner-column elementor-element elementor-element-fbf57f4\" data-id=\"fbf57f4\" data-element_type=\"column\" data-e-type=\"column\">\n\t\t\t<div class=\"elementor-widget-wrap elementor-element-populated\">\n\t\t\t\t\t\t<div class=\"elementor-element elementor-element-f036844 elementor-widget elementor-widget-image\" data-id=\"f036844\" data-element_type=\"widget\" data-e-type=\"widget\" data-widget_type=\"image.default\">\n\t\t\t\t<div class=\"elementor-widget-container\">\n\t\t\t\t\t\t\t\t\t\t\t\t\t\t\t\t<a href=\"\/fr\/vacances\/\">\n\t\t\t\t\t\t\t<img data-opt-id=1565772722  data-opt-src=\"https:\/\/mlhg9qfnwayp.i.optimole.com\/w:640\/h:427\/q:mauto\/f:best\/https:\/\/bergkloster.smmp.de\/files\/2025\/08\/20100604-IMG_9033.jpg\"  decoding=\"async\" width=\"640\" height=\"427\" src=\"data:image/svg+xml,%3Csvg%20viewBox%3D%220%200%20640%20427%22%20width%3D%22640%22%20height%3D%22427%22%20xmlns%3D%22http%3A%2F%2Fwww.w3.org%2F2000%2Fsvg%22%3E%3Crect%20width%3D%22640%22%20height%3D%22427%22%20fill%3D%22transparent%22%2F%3E%3C%2Fsvg%3E\" class=\"attachment-large size-large wp-image-1323\" alt=\"\" old-srcset=\"https:\/\/mlhg9qfnwayp.i.optimole.com\/w:1880\/h:1253\/q:mauto\/f:best\/https:\/\/bergkloster.smmp.de\/files\/2025\/08\/20100604-IMG_9033.jpg 1880w, https:\/\/mlhg9qfnwayp.i.optimole.com\/w:300\/h:200\/q:mauto\/f:best\/https:\/\/bergkloster.smmp.de\/files\/2025\/08\/20100604-IMG_9033.jpg 300w, https:\/\/mlhg9qfnwayp.i.optimole.com\/w:1400\/h:933\/q:mauto\/f:best\/https:\/\/bergkloster.smmp.de\/files\/2025\/08\/20100604-IMG_9033.jpg 1400w, https:\/\/mlhg9qfnwayp.i.optimole.com\/w:768\/h:512\/q:mauto\/f:best\/https:\/\/bergkloster.smmp.de\/files\/2025\/08\/20100604-IMG_9033.jpg 768w, https:\/\/mlhg9qfnwayp.i.optimole.com\/w:1536\/h:1024\/q:mauto\/f:best\/https:\/\/bergkloster.smmp.de\/files\/2025\/08\/20100604-IMG_9033.jpg 1536w\" \/>\t\t\t\t\t\t\t\t<\/a>\n\t\t\t\t\t\t\t\t\t\t\t\t\t\t\t<\/div>\n\t\t\t\t<\/div>\n\t\t\t\t\t<\/div>\n\t\t<\/div>\n\t\t\t\t<div class=\"elementor-column elementor-col-50 elementor-inner-column elementor-element elementor-element-65c66c7\" data-id=\"65c66c7\" data-element_type=\"column\" data-e-type=\"column\">\n\t\t\t<div class=\"elementor-widget-wrap elementor-element-populated\">\n\t\t\t\t\t\t<div class=\"elementor-element elementor-element-1a3c6fa elementor-widget elementor-widget-heading\" data-id=\"1a3c6fa\" data-element_type=\"widget\" data-e-type=\"widget\" data-widget_type=\"heading.default\">\n\t\t\t\t<div class=\"elementor-widget-container\">\n\t\t\t\t\t<h2 class=\"elementor-heading-title elementor-size-default\"><a href=\"\/fr\/vacances-en-sauerland\/\">Espace de d\u00e9tente<\/a><\/h2>\t\t\t\t<\/div>\n\t\t\t\t<\/div>\n\t\t\t\t<div class=\"elementor-element elementor-element-6874c8c elementor-widget elementor-widget-text-editor\" data-id=\"6874c8c\" data-element_type=\"widget\" data-e-type=\"widget\" data-widget_type=\"text-editor.default\">\n\t\t\t\t<div class=\"elementor-widget-container\">\n\t\t\t\t\t\t\t\t\t<p>S'enregistrer, respirer : 47 chambres lumineuses vous attendent dans deux maisons d'h\u00f4tes - de la chambre individuelle spacieuse et confortable \u00e0 la chambre familiale avec lits superpos\u00e9s. Toutes les chambres disposent d'une salle de bain priv\u00e9e, d'une connexion WLAN et d'une vue sur la verdure ; certaines offrent la t\u00e9l\u00e9vision. Au total, elles peuvent accueillir jusqu'\u00e0 68 h\u00f4tes.\u00a0<\/p>\t\t\t\t\t\t\t\t<\/div>\n\t\t\t\t<\/div>\n\t\t\t\t\t<\/div>\n\t\t<\/div>\n\t\t\t\t\t<\/div>\n\t\t<\/section>\n\t\t\t\t\t<\/div>\n\t\t<\/div>\n\t\t\t\t\t<\/div>\n\t\t<\/section>\n\t\t\t\t<section class=\"elementor-section elementor-top-section elementor-element elementor-element-a8d4abe elementor-section-boxed elementor-section-height-default elementor-section-height-default\" data-id=\"a8d4abe\" data-element_type=\"section\" data-e-type=\"section\">\n\t\t\t\t\t\t<div class=\"elementor-container elementor-column-gap-default\">\n\t\t\t\t\t<div class=\"elementor-column elementor-col-100 elementor-top-column elementor-element elementor-element-727ea3c\" data-id=\"727ea3c\" data-element_type=\"column\" data-e-type=\"column\">\n\t\t\t<div class=\"elementor-widget-wrap elementor-element-populated\">\n\t\t\t\t\t\t<section class=\"elementor-section elementor-inner-section elementor-element elementor-element-c267520 elementor-section-boxed elementor-section-height-default elementor-section-height-default elementor-invisible\" data-id=\"c267520\" data-element_type=\"section\" data-e-type=\"section\" data-settings=\"{&quot;animation&quot;:&quot;fadeInLeft&quot;}\">\n\t\t\t\t\t\t<div class=\"elementor-container elementor-column-gap-default\">\n\t\t\t\t\t<div class=\"elementor-column elementor-col-50 elementor-inner-column elementor-element elementor-element-f475810\" data-id=\"f475810\" data-element_type=\"column\" data-e-type=\"column\">\n\t\t\t<div class=\"elementor-widget-wrap elementor-element-populated\">\n\t\t\t\t\t\t<div class=\"elementor-element elementor-element-02fab9e elementor-widget elementor-widget-heading\" data-id=\"02fab9e\" data-element_type=\"widget\" data-e-type=\"widget\" data-widget_type=\"heading.default\">\n\t\t\t\t<div class=\"elementor-widget-container\">\n\t\t\t\t\t<h2 class=\"elementor-heading-title elementor-size-default\"><a href=\"\/fr\/conferences-seminaires-et-congres-a-bestwig\/\">Salle de r\u00e9union et de s\u00e9minaire<\/a><\/h2>\t\t\t\t<\/div>\n\t\t\t\t<\/div>\n\t\t\t\t<div class=\"elementor-element elementor-element-27721b7 elementor-widget elementor-widget-text-editor\" data-id=\"27721b7\" data-element_type=\"widget\" data-e-type=\"widget\" data-widget_type=\"text-editor.default\">\n\t\t\t\t<div class=\"elementor-widget-container\">\n\t\t\t\t\t\t\t\t\t<p>Le Bergkloster Bestwig offre un espace pour des s\u00e9minaires m\u00e9ditatifs, cr\u00e9atifs, th\u00e9ologiques et sociopolitiques, des r\u00e9unions, des conf\u00e9rences et des formations.<\/p><p>Nous avons aussi des salles pour le yoga et d'autres cours.<\/p>\t\t\t\t\t\t\t\t<\/div>\n\t\t\t\t<\/div>\n\t\t\t\t\t<\/div>\n\t\t<\/div>\n\t\t\t\t<div class=\"elementor-column elementor-col-50 elementor-inner-column elementor-element elementor-element-d99960e\" data-id=\"d99960e\" data-element_type=\"column\" data-e-type=\"column\">\n\t\t\t<div class=\"elementor-widget-wrap elementor-element-populated\">\n\t\t\t\t\t\t<div class=\"elementor-element elementor-element-e8e88e9 elementor-widget elementor-widget-image\" data-id=\"e8e88e9\" data-element_type=\"widget\" data-e-type=\"widget\" data-widget_type=\"image.default\">\n\t\t\t\t<div class=\"elementor-widget-container\">\n\t\t\t\t\t\t\t\t\t\t\t\t\t\t\t\t<a href=\"\/fr\/jours\/\">\n\t\t\t\t\t\t\t<img data-opt-id=1259165173  data-opt-src=\"https:\/\/mlhg9qfnwayp.i.optimole.com\/w:640\/h:427\/q:mauto\/f:best\/https:\/\/bergkloster.smmp.de\/files\/2023\/01\/20110118-IMG_2650.jpg\"  loading=\"lazy\" decoding=\"async\" width=\"640\" height=\"427\" src=\"data:image/svg+xml,%3Csvg%20viewBox%3D%220%200%20640%20427%22%20width%3D%22640%22%20height%3D%22427%22%20xmlns%3D%22http%3A%2F%2Fwww.w3.org%2F2000%2Fsvg%22%3E%3Crect%20width%3D%22640%22%20height%3D%22427%22%20fill%3D%22transparent%22%2F%3E%3C%2Fsvg%3E\" class=\"attachment-large size-large wp-image-1142\" alt=\"Salle des rochers\" old-srcset=\"https:\/\/mlhg9qfnwayp.i.optimole.com\/w:1200\/h:800\/q:mauto\/f:best\/https:\/\/bergkloster.smmp.de\/files\/2023\/01\/20110118-IMG_2650.jpg 1200w, https:\/\/mlhg9qfnwayp.i.optimole.com\/w:300\/h:200\/q:mauto\/f:best\/https:\/\/bergkloster.smmp.de\/files\/2023\/01\/20110118-IMG_2650.jpg 300w, https:\/\/mlhg9qfnwayp.i.optimole.com\/w:1024\/h:683\/q:mauto\/f:best\/https:\/\/bergkloster.smmp.de\/files\/2023\/01\/20110118-IMG_2650.jpg 1024w, https:\/\/mlhg9qfnwayp.i.optimole.com\/w:768\/h:512\/q:mauto\/f:best\/https:\/\/bergkloster.smmp.de\/files\/2023\/01\/20110118-IMG_2650.jpg 768w\" \/>\t\t\t\t\t\t\t\t<\/a>\n\t\t\t\t\t\t\t\t\t\t\t\t\t\t\t<\/div>\n\t\t\t\t<\/div>\n\t\t\t\t\t<\/div>\n\t\t<\/div>\n\t\t\t\t\t<\/div>\n\t\t<\/section>\n\t\t\t\t<section class=\"elementor-section elementor-inner-section elementor-element elementor-element-5a6269f elementor-section-boxed elementor-section-height-default elementor-section-height-default elementor-invisible\" data-id=\"5a6269f\" data-element_type=\"section\" data-e-type=\"section\" data-settings=\"{&quot;animation&quot;:&quot;fadeInRight&quot;}\">\n\t\t\t\t\t\t<div class=\"elementor-container elementor-column-gap-default\">\n\t\t\t\t\t<div class=\"elementor-column elementor-col-50 elementor-inner-column elementor-element elementor-element-8388bdd\" data-id=\"8388bdd\" data-element_type=\"column\" data-e-type=\"column\">\n\t\t\t<div class=\"elementor-widget-wrap elementor-element-populated\">\n\t\t\t\t\t\t<div class=\"elementor-element elementor-element-8a26c6b elementor-widget elementor-widget-image\" data-id=\"8a26c6b\" data-element_type=\"widget\" data-e-type=\"widget\" data-widget_type=\"image.default\">\n\t\t\t\t<div class=\"elementor-widget-container\">\n\t\t\t\t\t\t\t\t\t\t\t\t\t\t\t\t<a href=\"\/fr\/offres-spirituelles\/\">\n\t\t\t\t\t\t\t<img data-opt-id=699998396  data-opt-src=\"https:\/\/mlhg9qfnwayp.i.optimole.com\/w:640\/h:360\/q:mauto\/f:best\/https:\/\/bergkloster.smmp.de\/files\/2025\/08\/20110803-IMG_9771.jpg\"  loading=\"lazy\" decoding=\"async\" width=\"640\" height=\"360\" src=\"data:image/svg+xml,%3Csvg%20viewBox%3D%220%200%20640%20360%22%20width%3D%22640%22%20height%3D%22360%22%20xmlns%3D%22http%3A%2F%2Fwww.w3.org%2F2000%2Fsvg%22%3E%3Crect%20width%3D%22640%22%20height%3D%22360%22%20fill%3D%22transparent%22%2F%3E%3C%2Fsvg%3E\" class=\"attachment-large size-large wp-image-1351\" alt=\"\" old-srcset=\"https:\/\/mlhg9qfnwayp.i.optimole.com\/w:1880\/h:1058\/q:mauto\/f:best\/https:\/\/bergkloster.smmp.de\/files\/2025\/08\/20110803-IMG_9771.jpg 1880w, https:\/\/mlhg9qfnwayp.i.optimole.com\/w:320\/h:180\/q:mauto\/f:best\/https:\/\/bergkloster.smmp.de\/files\/2025\/08\/20110803-IMG_9771.jpg 320w, https:\/\/mlhg9qfnwayp.i.optimole.com\/w:640\/h:360\/q:mauto\/f:best\/https:\/\/bergkloster.smmp.de\/files\/2025\/08\/20110803-IMG_9771.jpg 640w, https:\/\/mlhg9qfnwayp.i.optimole.com\/w:768\/h:432\/q:mauto\/f:best\/https:\/\/bergkloster.smmp.de\/files\/2025\/08\/20110803-IMG_9771.jpg 768w, https:\/\/mlhg9qfnwayp.i.optimole.com\/w:1536\/h:864\/q:mauto\/f:best\/https:\/\/bergkloster.smmp.de\/files\/2025\/08\/20110803-IMG_9771.jpg 1536w\" \/>\t\t\t\t\t\t\t\t<\/a>\n\t\t\t\t\t\t\t\t\t\t\t\t\t\t\t<\/div>\n\t\t\t\t<\/div>\n\t\t\t\t\t<\/div>\n\t\t<\/div>\n\t\t\t\t<div class=\"elementor-column elementor-col-50 elementor-inner-column elementor-element elementor-element-fdd3b24\" data-id=\"fdd3b24\" data-element_type=\"column\" data-e-type=\"column\">\n\t\t\t<div class=\"elementor-widget-wrap elementor-element-populated\">\n\t\t\t\t\t\t<div class=\"elementor-element elementor-element-dd377e7 elementor-widget elementor-widget-heading\" data-id=\"dd377e7\" data-element_type=\"widget\" data-e-type=\"widget\" data-widget_type=\"heading.default\">\n\t\t\t\t<div class=\"elementor-widget-container\">\n\t\t\t\t\t<h2 class=\"elementor-heading-title elementor-size-default\"><a href=\"\/fr\/offres-spirituelles-au-monastere-de-montagne-de-bestwig\/\">Espace pour de nouvelles exp\u00e9riences<\/a><\/h2>\t\t\t\t<\/div>\n\t\t\t\t<\/div>\n\t\t\t\t<div class=\"elementor-element elementor-element-fedae08 elementor-widget elementor-widget-text-editor\" data-id=\"fedae08\" data-element_type=\"widget\" data-e-type=\"widget\" data-widget_type=\"text-editor.default\">\n\t\t\t\t<div class=\"elementor-widget-container\">\n\t\t\t\t\t\t\t\t\t<p>Vous \u00eates cordialement invit\u00e9s \u00e0 participer aux temps de pri\u00e8re des s\u0153urs. Si vous le souhaitez, une s\u0153ur peut prendre du temps pour un entretien ou une pri\u00e8re, ou pour un silence commun. Ainsi, les vacances et les jours de silence peuvent devenir des moments spirituels.<\/p>\t\t\t\t\t\t\t\t<\/div>\n\t\t\t\t<\/div>\n\t\t\t\t\t<\/div>\n\t\t<\/div>\n\t\t\t\t\t<\/div>\n\t\t<\/section>\n\t\t\t\t<section class=\"elementor-section elementor-inner-section elementor-element elementor-element-debf331 elementor-section-boxed elementor-section-height-default elementor-section-height-default elementor-invisible\" data-id=\"debf331\" data-element_type=\"section\" data-e-type=\"section\" data-settings=\"{&quot;animation&quot;:&quot;slideInLeft&quot;}\">\n\t\t\t\t\t\t<div class=\"elementor-container elementor-column-gap-default\">\n\t\t\t\t\t<div class=\"elementor-column elementor-col-50 elementor-inner-column elementor-element elementor-element-6c0e85c\" data-id=\"6c0e85c\" data-element_type=\"column\" data-e-type=\"column\">\n\t\t\t<div class=\"elementor-widget-wrap elementor-element-populated\">\n\t\t\t\t\t\t<div class=\"elementor-element elementor-element-e24583c elementor-widget elementor-widget-text-editor\" data-id=\"e24583c\" data-element_type=\"widget\" data-e-type=\"widget\" data-widget_type=\"text-editor.default\">\n\t\t\t\t<div class=\"elementor-widget-container\">\n\t\t\t\t\t\t\t\t\t<h2><a href=\"\/fr\/retraite-au-couvent\/\">Un espace pour faire une pause<\/a><\/h2>\n<p>Au monast\u00e8re de montagne de Bestwig, vous trouverez ce que le quotidien vous d\u00e9robe :\u00a0<span class=\"s1\"><b>Le silence. La clart\u00e9. La force.<\/b><\/span><\/p>\n<p>Nous vous invitons \u00e0 interrompre le quotidien, \u00e0 laisser derri\u00e8re vous le stress et les exigences, \u00e0 entrer en contact avec la source qui est en vous - \u00e0 respirer \u00e0 fond - \u00e0 vous reposer - \u00e0 devenir silencieux, \u00e0 puiser de nouvelles forces et de la joie pour le quotidien.<\/p>\t\t\t\t\t\t\t\t<\/div>\n\t\t\t\t<\/div>\n\t\t\t\t\t<\/div>\n\t\t<\/div>\n\t\t\t\t<div class=\"elementor-column elementor-col-50 elementor-inner-column elementor-element elementor-element-50b7d63\" data-id=\"50b7d63\" data-element_type=\"column\" data-e-type=\"column\">\n\t\t\t<div class=\"elementor-widget-wrap elementor-element-populated\">\n\t\t\t\t\t\t<div class=\"elementor-element elementor-element-4ff99fe elementor-widget elementor-widget-image\" data-id=\"4ff99fe\" data-element_type=\"widget\" data-e-type=\"widget\" data-widget_type=\"image.default\">\n\t\t\t\t<div class=\"elementor-widget-container\">\n\t\t\t\t\t\t\t\t\t\t\t\t\t\t\t\t<a href=\"\/fr\/temps-mort\/\">\n\t\t\t\t\t\t\t<img data-opt-id=1934952601  data-opt-src=\"https:\/\/mlhg9qfnwayp.i.optimole.com\/w:640\/h:427\/q:mauto\/f:best\/https:\/\/bergkloster.smmp.de\/files\/2025\/06\/20110419-IMG_3395.jpg\"  loading=\"lazy\" decoding=\"async\" width=\"640\" height=\"427\" src=\"data:image/svg+xml,%3Csvg%20viewBox%3D%220%200%20640%20427%22%20width%3D%22640%22%20height%3D%22427%22%20xmlns%3D%22http%3A%2F%2Fwww.w3.org%2F2000%2Fsvg%22%3E%3Crect%20width%3D%22640%22%20height%3D%22427%22%20fill%3D%22transparent%22%2F%3E%3C%2Fsvg%3E\" class=\"attachment-large size-large wp-image-1209\" alt=\"\" old-srcset=\"https:\/\/mlhg9qfnwayp.i.optimole.com\/w:1920\/h:1280\/q:mauto\/f:best\/https:\/\/bergkloster.smmp.de\/files\/2025\/06\/20110419-IMG_3395.jpg 2500w, https:\/\/mlhg9qfnwayp.i.optimole.com\/w:300\/h:200\/q:mauto\/f:best\/https:\/\/bergkloster.smmp.de\/files\/2025\/06\/20110419-IMG_3395.jpg 300w, https:\/\/mlhg9qfnwayp.i.optimole.com\/w:1400\/h:934\/q:mauto\/f:best\/https:\/\/bergkloster.smmp.de\/files\/2025\/06\/20110419-IMG_3395.jpg 1400w, https:\/\/mlhg9qfnwayp.i.optimole.com\/w:768\/h:512\/q:mauto\/f:best\/https:\/\/bergkloster.smmp.de\/files\/2025\/06\/20110419-IMG_3395.jpg 768w, https:\/\/mlhg9qfnwayp.i.optimole.com\/w:1536\/h:1024\/q:mauto\/f:best\/https:\/\/bergkloster.smmp.de\/files\/2025\/06\/20110419-IMG_3395.jpg 1536w, https:\/\/mlhg9qfnwayp.i.optimole.com\/w:1920\/h:1280\/q:mauto\/f:best\/https:\/\/bergkloster.smmp.de\/files\/2025\/06\/20110419-IMG_3395.jpg 2048w\" \/>\t\t\t\t\t\t\t\t<\/a>\n\t\t\t\t\t\t\t\t\t\t\t\t\t\t\t<\/div>\n\t\t\t\t<\/div>\n\t\t\t\t\t<\/div>\n\t\t<\/div>\n\t\t\t\t\t<\/div>\n\t\t<\/section>\n\t\t\t\t\t<\/div>\n\t\t<\/div>\n\t\t\t\t\t<\/div>\n\t\t<\/section>\n\t\t\t\t<section class=\"elementor-section elementor-top-section elementor-element elementor-element-2604f0f elementor-section-boxed elementor-section-height-default elementor-section-height-default elementor-invisible\" data-id=\"2604f0f\" data-element_type=\"section\" data-e-type=\"section\" data-settings=\"{&quot;animation&quot;:&quot;slideInRight&quot;}\">\n\t\t\t\t\t\t<div class=\"elementor-container elementor-column-gap-default\">\n\t\t\t\t\t<div class=\"elementor-column elementor-col-50 elementor-top-column elementor-element elementor-element-1473b56\" data-id=\"1473b56\" data-element_type=\"column\" data-e-type=\"column\">\n\t\t\t<div class=\"elementor-widget-wrap elementor-element-populated\">\n\t\t\t\t\t\t<div class=\"elementor-element elementor-element-bd71448 elementor-widget elementor-widget-image\" data-id=\"bd71448\" data-element_type=\"widget\" data-e-type=\"widget\" data-widget_type=\"image.default\">\n\t\t\t\t<div class=\"elementor-widget-container\">\n\t\t\t\t\t\t\t\t\t\t\t\t\t\t\t\t<a href=\"\/fr\/reservation\/\">\n\t\t\t\t\t\t\t<img data-opt-id=1731774774  data-opt-src=\"https:\/\/mlhg9qfnwayp.i.optimole.com\/w:640\/h:427\/q:mauto\/f:best\/https:\/\/bergkloster.smmp.de\/files\/2026\/04\/20100802-IMG_0715.jpg\"  loading=\"lazy\" decoding=\"async\" width=\"640\" height=\"427\" src=\"data:image/svg+xml,%3Csvg%20viewBox%3D%220%200%20640%20427%22%20width%3D%22640%22%20height%3D%22427%22%20xmlns%3D%22http%3A%2F%2Fwww.w3.org%2F2000%2Fsvg%22%3E%3Crect%20width%3D%22640%22%20height%3D%22427%22%20fill%3D%22transparent%22%2F%3E%3C%2Fsvg%3E\" class=\"attachment-large size-large wp-image-1477\" alt=\"\" old-srcset=\"https:\/\/mlhg9qfnwayp.i.optimole.com\/w:1880\/h:1253\/q:mauto\/f:best\/https:\/\/bergkloster.smmp.de\/files\/2026\/04\/20100802-IMG_0715.jpg 1880w, https:\/\/mlhg9qfnwayp.i.optimole.com\/w:320\/h:213\/q:mauto\/f:best\/https:\/\/bergkloster.smmp.de\/files\/2026\/04\/20100802-IMG_0715.jpg 320w, https:\/\/mlhg9qfnwayp.i.optimole.com\/w:640\/h:427\/q:mauto\/f:best\/https:\/\/bergkloster.smmp.de\/files\/2026\/04\/20100802-IMG_0715.jpg 640w, https:\/\/mlhg9qfnwayp.i.optimole.com\/w:768\/h:512\/q:mauto\/f:best\/https:\/\/bergkloster.smmp.de\/files\/2026\/04\/20100802-IMG_0715.jpg 768w, https:\/\/mlhg9qfnwayp.i.optimole.com\/w:1536\/h:1024\/q:mauto\/f:best\/https:\/\/bergkloster.smmp.de\/files\/2026\/04\/20100802-IMG_0715.jpg 1536w, https:\/\/mlhg9qfnwayp.i.optimole.com\/w:18\/h:12\/q:mauto\/f:best\/dpr:2\/https:\/\/bergkloster.smmp.de\/files\/2026\/04\/20100802-IMG_0715.jpg 18w\" \/>\t\t\t\t\t\t\t\t<\/a>\n\t\t\t\t\t\t\t\t\t\t\t\t\t\t\t<\/div>\n\t\t\t\t<\/div>\n\t\t\t\t\t<\/div>\n\t\t<\/div>\n\t\t\t\t<div class=\"elementor-column elementor-col-50 elementor-top-column elementor-element elementor-element-2aecfbf\" data-id=\"2aecfbf\" data-element_type=\"column\" data-e-type=\"column\">\n\t\t\t<div class=\"elementor-widget-wrap elementor-element-populated\">\n\t\t\t\t\t\t<div class=\"elementor-element elementor-element-2e28303 elementor-widget elementor-widget-heading\" data-id=\"2e28303\" data-element_type=\"widget\" data-e-type=\"widget\" data-widget_type=\"heading.default\">\n\t\t\t\t<div class=\"elementor-widget-container\">\n\t\t\t\t\t<h2 class=\"elementor-heading-title elementor-size-default\"><a href=\"\/fr\/reservation\/\">Espace pour vous !<\/a><\/h2>\t\t\t\t<\/div>\n\t\t\t\t<\/div>\n\t\t\t\t<div class=\"elementor-element elementor-element-f78b46e elementor-widget elementor-widget-text-editor\" data-id=\"f78b46e\" data-element_type=\"widget\" data-e-type=\"widget\" data-widget_type=\"text-editor.default\">\n\t\t\t\t<div class=\"elementor-widget-container\">\n\t\t\t\t\t\t\t\t\t<p>R\u00e9servez votre chambre d\u00e8s maintenant en ligne.<\/p>\t\t\t\t\t\t\t\t<\/div>\n\t\t\t\t<\/div>\n\t\t\t\t\t<\/div>\n\t\t<\/div>\n\t\t\t\t\t<\/div>\n\t\t<\/section>\n\t\t\t\t<section class=\"elementor-section elementor-top-section elementor-element elementor-element-61496bd elementor-section-boxed elementor-section-height-default elementor-section-height-default elementor-invisible\" data-id=\"61496bd\" data-element_type=\"section\" data-e-type=\"section\" data-settings=\"{&quot;animation&quot;:&quot;slideInLeft&quot;}\">\n\t\t\t\t\t\t<div class=\"elementor-container elementor-column-gap-default\">\n\t\t\t\t\t<div class=\"elementor-column elementor-col-100 elementor-top-column elementor-element elementor-element-eb4907f\" data-id=\"eb4907f\" data-element_type=\"column\" data-e-type=\"column\">\n\t\t\t<div class=\"elementor-widget-wrap elementor-element-populated\">\n\t\t\t\t\t\t<section class=\"elementor-section elementor-inner-section elementor-element elementor-element-17f1e35 elementor-section-boxed elementor-section-height-default elementor-section-height-default elementor-invisible\" data-id=\"17f1e35\" data-element_type=\"section\" data-e-type=\"section\" data-settings=\"{&quot;animation&quot;:&quot;fadeInRight&quot;}\">\n\t\t\t\t\t\t<div class=\"elementor-container elementor-column-gap-default\">\n\t\t\t\t\t<div class=\"elementor-column elementor-col-50 elementor-inner-column elementor-element elementor-element-509463c\" data-id=\"509463c\" data-element_type=\"column\" data-e-type=\"column\">\n\t\t\t<div class=\"elementor-widget-wrap elementor-element-populated\">\n\t\t\t\t\t\t<div class=\"elementor-element elementor-element-0638b62 elementor-widget elementor-widget-text-editor\" data-id=\"0638b62\" data-element_type=\"widget\" data-e-type=\"widget\" data-widget_type=\"text-editor.default\">\n\t\t\t\t<div class=\"elementor-widget-container\">\n\t\t\t\t\t\t\t\t\t<h2><a href=\"\/fr\/course-populaire-a-bestwig-course-de-montagne-du-monastere-avec-semi-marathon\/\">Course du monast\u00e8re de montagne<\/a><\/h2><p>Le dimanche 27 septembre 2026, la troisi\u00e8me course populaire selon le nouveau concept d\u00e9butera \u00e0 Bestwig - le monast\u00e8re de montagne y est partenaire de coop\u00e9ration.<\/p>\t\t\t\t\t\t\t\t<\/div>\n\t\t\t\t<\/div>\n\t\t\t\t\t<\/div>\n\t\t<\/div>\n\t\t\t\t<div class=\"elementor-column elementor-col-50 elementor-inner-column elementor-element elementor-element-bee6806\" data-id=\"bee6806\" data-element_type=\"column\" data-e-type=\"column\">\n\t\t\t<div class=\"elementor-widget-wrap elementor-element-populated\">\n\t\t\t\t\t\t<div class=\"elementor-element elementor-element-7568028 elementor-widget elementor-widget-image\" data-id=\"7568028\" data-element_type=\"widget\" data-e-type=\"widget\" data-widget_type=\"image.default\">\n\t\t\t\t<div class=\"elementor-widget-container\">\n\t\t\t\t\t\t\t\t\t\t\t\t\t\t\t\t<a href=\"\/fr\/course-du-monastere\/\">\n\t\t\t\t\t\t\t<img data-opt-id=1106263573  data-opt-src=\"https:\/\/mlhg9qfnwayp.i.optimole.com\/w:640\/h:371\/q:mauto\/f:best\/https:\/\/bergkloster.smmp.de\/files\/2025\/09\/Bergklosterlauf-mit-Kreuzschatten-final-cmyk.jpg\"  loading=\"lazy\" decoding=\"async\" width=\"640\" height=\"371\" src=\"data:image/svg+xml,%3Csvg%20viewBox%3D%220%200%20640%20371%22%20width%3D%22640%22%20height%3D%22371%22%20xmlns%3D%22http%3A%2F%2Fwww.w3.org%2F2000%2Fsvg%22%3E%3Crect%20width%3D%22640%22%20height%3D%22371%22%20fill%3D%22transparent%22%2F%3E%3C%2Fsvg%3E\" class=\"attachment-large size-large wp-image-1382\" alt=\"\" old-srcset=\"https:\/\/mlhg9qfnwayp.i.optimole.com\/w:1000\/h:579\/q:mauto\/f:best\/https:\/\/bergkloster.smmp.de\/files\/2025\/09\/Bergklosterlauf-mit-Kreuzschatten-final-cmyk.jpg 1000w, https:\/\/mlhg9qfnwayp.i.optimole.com\/w:320\/h:185\/q:mauto\/f:best\/https:\/\/bergkloster.smmp.de\/files\/2025\/09\/Bergklosterlauf-mit-Kreuzschatten-final-cmyk.jpg 320w, https:\/\/mlhg9qfnwayp.i.optimole.com\/w:640\/h:371\/q:mauto\/f:best\/https:\/\/bergkloster.smmp.de\/files\/2025\/09\/Bergklosterlauf-mit-Kreuzschatten-final-cmyk.jpg 640w, https:\/\/mlhg9qfnwayp.i.optimole.com\/w:768\/h:445\/q:mauto\/f:best\/https:\/\/bergkloster.smmp.de\/files\/2025\/09\/Bergklosterlauf-mit-Kreuzschatten-final-cmyk.jpg 768w\" \/>\t\t\t\t\t\t\t\t<\/a>\n\t\t\t\t\t\t\t\t\t\t\t\t\t\t\t<\/div>\n\t\t\t\t<\/div>\n\t\t\t\t\t<\/div>\n\t\t<\/div>\n\t\t\t\t\t<\/div>\n\t\t<\/section>\n\t\t\t\t\t<\/div>\n\t\t<\/div>\n\t\t\t\t\t<\/div>\n\t\t<\/section>\n\t\t\t\t<\/div>","protected":false},"excerpt":{"rendered":"<p>Depuis le monast\u00e8re de montagne de Bestwig, les visiteurs peuvent faire des randonn\u00e9es \u00e0 pied ou \u00e0 v\u00e9lo, partir sur les traces de l'histoire ou d\u00e9couvrir la nature. Et ils reviennent toujours \u00e0 l'atmosph\u00e8re spirituelle du monast\u00e8re.<\/p>","protected":false},"author":146,"featured_media":1148,"parent":0,"menu_order":0,"comment_status":"closed","ping_status":"closed","template":"","meta":{"_acf_changed":false,"footnotes":""},"categories":[],"tags":[],"class_list":["post-1110","page","type-page","status-publish","has-post-thumbnail","hentry"],"acf":[],"yoast_head":"<!-- This site is optimized with the Yoast SEO plugin v27.5 - https:\/\/yoast.com\/product\/yoast-seo-wordpress\/ -->\n<title>Willkommen im Bergkloster Bestwig - Bergkloster Bestwig<\/title>\n<meta name=\"description\" content=\"Bergkloster Bestwig in Bestwig im Sauerland: ruhig \u00fcbernachten, Auszeiten erleben, tagen und Natur genie\u00dfen. G\u00e4stehaus mit besonderer Atmosph\u00e4re.\" \/>\n<meta name=\"robots\" content=\"index, follow, max-snippet:-1, max-image-preview:large, max-video-preview:-1\" \/>\n<link rel=\"canonical\" href=\"https:\/\/bergkloster.smmp.de\/fr\/\" \/>\n<meta property=\"og:locale\" content=\"fr_FR\" \/>\n<meta property=\"og:type\" content=\"article\" \/>\n<meta property=\"og:title\" content=\"Willkommen im Bergkloster Bestwig - Bergkloster Bestwig\" \/>\n<meta property=\"og:description\" content=\"Bergkloster Bestwig in Bestwig im Sauerland: ruhig \u00fcbernachten, Auszeiten erleben, tagen und Natur genie\u00dfen. G\u00e4stehaus mit besonderer Atmosph\u00e4re.\" \/>\n<meta property=\"og:url\" content=\"https:\/\/bergkloster.smmp.de\/fr\/\" \/>\n<meta property=\"og:site_name\" content=\"Bergkloster Bestwig\" \/>\n<meta property=\"article:modified_time\" content=\"2026-04-23T11:56:40+00:00\" \/>\n<meta property=\"og:image\" content=\"https:\/\/mlhg9qfnwayp.i.optimole.com\/w:auto\/h:auto\/q:mauto\/f:best\/https:\/\/bergkloster.smmp.de\/files\/2023\/01\/20100604-IMG_9046-Bearbeitet.jpg\" \/>\n\t<meta property=\"og:image:width\" content=\"1200\" \/>\n\t<meta property=\"og:image:height\" content=\"675\" \/>\n\t<meta property=\"og:image:type\" content=\"image\/jpeg\" \/>\n<meta name=\"twitter:card\" content=\"summary_large_image\" \/>\n<meta name=\"twitter:label1\" content=\"Dur\u00e9e de lecture est.\" \/>\n\t<meta name=\"twitter:data1\" content=\"4 minutes\" \/>\n<script type=\"application\/ld+json\" class=\"yoast-schema-graph\">{\"@context\":\"https:\\\/\\\/schema.org\",\"@graph\":[{\"@type\":\"WebPage\",\"@id\":\"https:\\\/\\\/bergkloster.smmp.de\\\/\",\"url\":\"https:\\\/\\\/bergkloster.smmp.de\\\/\",\"name\":\"Willkommen im Bergkloster Bestwig - Bergkloster Bestwig\",\"isPartOf\":{\"@id\":\"https:\\\/\\\/bergkloster.smmp.de\\\/#website\"},\"primaryImageOfPage\":{\"@id\":\"https:\\\/\\\/bergkloster.smmp.de\\\/#primaryimage\"},\"image\":{\"@id\":\"https:\\\/\\\/bergkloster.smmp.de\\\/#primaryimage\"},\"thumbnailUrl\":\"https:\\/\\/bergkloster.smmp.de\\/files\\/2023\\/01\\/20100604-IMG_9046-Bearbeitet.jpg\",\"datePublished\":\"2023-01-17T11:17:44+00:00\",\"dateModified\":\"2026-04-23T11:56:40+00:00\",\"description\":\"Bergkloster Bestwig in Bestwig im Sauerland: ruhig \u00fcbernachten, Auszeiten erleben, tagen und Natur genie\u00dfen. G\u00e4stehaus mit besonderer Atmosph\u00e4re.\",\"breadcrumb\":{\"@id\":\"https:\\\/\\\/bergkloster.smmp.de\\\/#breadcrumb\"},\"inLanguage\":\"fr-BE\",\"potentialAction\":[{\"@type\":\"ReadAction\",\"target\":[\"https:\\\/\\\/bergkloster.smmp.de\\\/\"]}]},{\"@type\":\"ImageObject\",\"inLanguage\":\"fr-BE\",\"@id\":\"https:\\\/\\\/bergkloster.smmp.de\\\/#primaryimage\",\"url\":\"https:\\/\\/bergkloster.smmp.de\\/files\\/2023\\/01\\/20100604-IMG_9046-Bearbeitet.jpg\",\"contentUrl\":\"https:\\/\\/bergkloster.smmp.de\\/files\\/2023\\/01\\/20100604-IMG_9046-Bearbeitet.jpg\",\"width\":1200,\"height\":675,\"caption\":\"Bergkloster Bestwig mit Haus der Begegnung\"},{\"@type\":\"BreadcrumbList\",\"@id\":\"https:\\\/\\\/bergkloster.smmp.de\\\/#breadcrumb\",\"itemListElement\":[{\"@type\":\"ListItem\",\"position\":1,\"name\":\"Startseite\",\"item\":\"https:\\\/\\\/bergkloster.smmp.de\\\/\"},{\"@type\":\"ListItem\",\"position\":2,\"name\":\"Willkommen im Bergkloster Bestwig\"}]},{\"@type\":\"WebSite\",\"@id\":\"https:\\\/\\\/bergkloster.smmp.de\\\/#website\",\"url\":\"https:\\\/\\\/bergkloster.smmp.de\\\/\",\"name\":\"Bergkloster Bestwig\",\"description\":\"Raum &amp; Ruhe\",\"publisher\":{\"@id\":\"https:\\\/\\\/bergkloster.smmp.de\\\/#organization\"},\"potentialAction\":[{\"@type\":\"SearchAction\",\"target\":{\"@type\":\"EntryPoint\",\"urlTemplate\":\"https:\\\/\\\/bergkloster.smmp.de\\\/?s={search_term_string}\"},\"query-input\":{\"@type\":\"PropertyValueSpecification\",\"valueRequired\":true,\"valueName\":\"search_term_string\"}}],\"inLanguage\":\"fr-BE\"},{\"@type\":\"Organization\",\"@id\":\"https:\\\/\\\/bergkloster.smmp.de\\\/#organization\",\"name\":\"Bergkloster Bestwig\",\"url\":\"https:\\\/\\\/bergkloster.smmp.de\\\/\",\"logo\":{\"@type\":\"ImageObject\",\"inLanguage\":\"fr-BE\",\"@id\":\"https:\\\/\\\/bergkloster.smmp.de\\\/#\\\/schema\\\/logo\\\/image\\\/\",\"url\":\"https:\\/\\/bergkloster.smmp.de\\/files\\/2023\\/01\\/smmp-bildmarke-web.png\",\"contentUrl\":\"https:\\/\\/bergkloster.smmp.de\\/files\\/2023\\/01\\/smmp-bildmarke-web.png\",\"width\":313,\"height\":313,\"caption\":\"Bergkloster Bestwig\"},\"image\":{\"@id\":\"https:\\\/\\\/bergkloster.smmp.de\\\/#\\\/schema\\\/logo\\\/image\\\/\"}}]}<\/script>\n<!-- \/ Yoast SEO plugin. -->","yoast_head_json":{"title":"Bienvenue au monast\u00e8re de montagne de Bestwig - Monast\u00e8re de montagne de Bestwig","description":"Bergkloster Bestwig \u00e0 Bestwig dans le Sauerland : dormir au calme, vivre des moments de d\u00e9tente, se r\u00e9unir et profiter de la nature. Maison d'h\u00f4tes \u00e0 l'atmosph\u00e8re particuli\u00e8re.","robots":{"index":"index","follow":"follow","max-snippet":"max-snippet:-1","max-image-preview":"max-image-preview:large","max-video-preview":"max-video-preview:-1"},"canonical":"https:\/\/bergkloster.smmp.de\/fr\/","og_locale":"fr_FR","og_type":"article","og_title":"Willkommen im Bergkloster Bestwig - Bergkloster Bestwig","og_description":"Bergkloster Bestwig in Bestwig im Sauerland: ruhig \u00fcbernachten, Auszeiten erleben, tagen und Natur genie\u00dfen. G\u00e4stehaus mit besonderer Atmosph\u00e4re.","og_url":"https:\/\/bergkloster.smmp.de\/fr\/","og_site_name":"Bergkloster Bestwig","article_modified_time":"2026-04-23T11:56:40+00:00","og_image":[{"width":1200,"height":675,"url":"https:\/\/mlhg9qfnwayp.i.optimole.com\/w:auto\/h:auto\/q:mauto\/f:best\/https:\/\/bergkloster.smmp.de\/files\/2023\/01\/20100604-IMG_9046-Bearbeitet.jpg","type":"image\/jpeg"}],"twitter_card":"summary_large_image","twitter_misc":{"Dur\u00e9e de lecture est.":"4 minutes"},"schema":{"@context":"https:\/\/schema.org","@graph":[{"@type":"WebPage","@id":"https:\/\/bergkloster.smmp.de\/","url":"https:\/\/bergkloster.smmp.de\/","name":"Bienvenue au monast\u00e8re de montagne de Bestwig - Monast\u00e8re de montagne de Bestwig","isPartOf":{"@id":"https:\/\/bergkloster.smmp.de\/#website"},"primaryImageOfPage":{"@id":"https:\/\/bergkloster.smmp.de\/#primaryimage"},"image":{"@id":"https:\/\/bergkloster.smmp.de\/#primaryimage"},"thumbnailUrl":"https:\/\/mlhg9qfnwayp.i.optimole.com\/w:auto\/h:auto\/q:mauto\/f:best\/https:\/\/bergkloster.smmp.de\/files\/2023\/01\/20100604-IMG_9046-Bearbeitet.jpg","datePublished":"2023-01-17T11:17:44+00:00","dateModified":"2026-04-23T11:56:40+00:00","description":"Bergkloster Bestwig \u00e0 Bestwig dans le Sauerland : dormir au calme, vivre des moments de d\u00e9tente, se r\u00e9unir et profiter de la nature. Maison d'h\u00f4tes \u00e0 l'atmosph\u00e8re particuli\u00e8re.","breadcrumb":{"@id":"https:\/\/bergkloster.smmp.de\/#breadcrumb"},"inLanguage":"fr-BE","potentialAction":[{"@type":"ReadAction","target":["https:\/\/bergkloster.smmp.de\/"]}]},{"@type":"ImageObject","inLanguage":"fr-BE","@id":"https:\/\/bergkloster.smmp.de\/#primaryimage","url":"https:\/\/mlhg9qfnwayp.i.optimole.com\/w:auto\/h:auto\/q:mauto\/f:best\/https:\/\/bergkloster.smmp.de\/files\/2023\/01\/20100604-IMG_9046-Bearbeitet.jpg","contentUrl":"https:\/\/mlhg9qfnwayp.i.optimole.com\/w:auto\/h:auto\/q:mauto\/f:best\/https:\/\/bergkloster.smmp.de\/files\/2023\/01\/20100604-IMG_9046-Bearbeitet.jpg","width":1200,"height":675,"caption":"Bergkloster Bestwig mit Haus der Begegnung"},{"@type":"BreadcrumbList","@id":"https:\/\/bergkloster.smmp.de\/#breadcrumb","itemListElement":[{"@type":"ListItem","position":1,"name":"Startseite","item":"https:\/\/bergkloster.smmp.de\/"},{"@type":"ListItem","position":2,"name":"Willkommen im Bergkloster Bestwig"}]},{"@type":"WebSite","@id":"https:\/\/bergkloster.smmp.de\/#website","url":"https:\/\/bergkloster.smmp.de\/","name":"Monast\u00e8re de montagne de Bestwig","description":"Espace &amp; tranquillit\u00e9","publisher":{"@id":"https:\/\/bergkloster.smmp.de\/#organization"},"potentialAction":[{"@type":"SearchAction","target":{"@type":"EntryPoint","urlTemplate":"https:\/\/bergkloster.smmp.de\/?s={search_term_string}"},"query-input":{"@type":"PropertyValueSpecification","valueRequired":true,"valueName":"search_term_string"}}],"inLanguage":"fr-BE"},{"@type":"Organization","@id":"https:\/\/bergkloster.smmp.de\/#organization","name":"Monast\u00e8re de montagne de Bestwig","url":"https:\/\/bergkloster.smmp.de\/","logo":{"@type":"ImageObject","inLanguage":"fr-BE","@id":"https:\/\/bergkloster.smmp.de\/#\/schema\/logo\/image\/","url":"https:\/\/mlhg9qfnwayp.i.optimole.com\/w:auto\/h:auto\/q:mauto\/f:best\/https:\/\/bergkloster.smmp.de\/files\/2023\/01\/smmp-bildmarke-web.png","contentUrl":"https:\/\/mlhg9qfnwayp.i.optimole.com\/w:auto\/h:auto\/q:mauto\/f:best\/https:\/\/bergkloster.smmp.de\/files\/2023\/01\/smmp-bildmarke-web.png","width":313,"height":313,"caption":"Bergkloster Bestwig"},"image":{"@id":"https:\/\/bergkloster.smmp.de\/#\/schema\/logo\/image\/"}}]}},"publishpress_future_action":{"enabled":false,"date":"2026-05-06 15:52:46","action":"change-status","newStatus":"draft","terms":[],"taxonomy":"category","extraData":[]},"publishpress_future_workflow_manual_trigger":{"enabledWorkflows":[]},"_links":{"self":[{"href":"https:\/\/bergkloster.smmp.de\/fr\/wp-json\/wp\/v2\/pages\/1110","targetHints":{"allow":["GET"]}}],"collection":[{"href":"https:\/\/bergkloster.smmp.de\/fr\/wp-json\/wp\/v2\/pages"}],"about":[{"href":"https:\/\/bergkloster.smmp.de\/fr\/wp-json\/wp\/v2\/types\/page"}],"author":[{"embeddable":true,"href":"https:\/\/bergkloster.smmp.de\/fr\/wp-json\/wp\/v2\/users\/146"}],"replies":[{"embeddable":true,"href":"https:\/\/bergkloster.smmp.de\/fr\/wp-json\/wp\/v2\/comments?post=1110"}],"version-history":[{"count":0,"href":"https:\/\/bergkloster.smmp.de\/fr\/wp-json\/wp\/v2\/pages\/1110\/revisions"}],"wp:featuredmedia":[{"embeddable":true,"href":"https:\/\/bergkloster.smmp.de\/fr\/wp-json\/wp\/v2\/media\/1148"}],"wp:attachment":[{"href":"https:\/\/bergkloster.smmp.de\/fr\/wp-json\/wp\/v2\/media?parent=1110"}],"wp:term":[{"taxonomy":"category","embeddable":true,"href":"https:\/\/bergkloster.smmp.de\/fr\/wp-json\/wp\/v2\/categories?post=1110"},{"taxonomy":"post_tag","embeddable":true,"href":"https:\/\/bergkloster.smmp.de\/fr\/wp-json\/wp\/v2\/tags?post=1110"}],"curies":[{"name":"wp","href":"https:\/\/api.w.org\/{rel}","templated":true}]}}