{"id":1121,"date":"2023-01-17T12:56:53","date_gmt":"2023-01-17T11:56:53","guid":{"rendered":"https:\/\/static3.smmp.de\/?page_id=1121"},"modified":"2026-04-25T13:59:16","modified_gmt":"2026-04-25T11:59:16","slug":"vacances-en-sauerland","status":"publish","type":"page","link":"https:\/\/bergkloster.smmp.de\/fr\/urlaub-im-sauerland\/","title":{"rendered":"Vacances dans le Sauerland"},"content":{"rendered":"<div data-elementor-type=\"wp-page\" data-elementor-id=\"1121\" class=\"elementor elementor-1121\" data-elementor-post-type=\"page\">\n\t\t\t\t\t\t<section class=\"elementor-section elementor-top-section elementor-element elementor-element-5eca5e5 elementor-section-full_width elementor-section-height-min-height elementor-section-height-default elementor-section-items-middle elementor-invisible\" data-id=\"5eca5e5\" data-element_type=\"section\" data-e-type=\"section\" data-settings=\"{&quot;background_background&quot;:&quot;classic&quot;,&quot;animation&quot;:&quot;fadeInDown&quot;}\">\n\t\t\t\t\t\t<div class=\"elementor-container elementor-column-gap-default\">\n\t\t\t\t\t<div class=\"elementor-column elementor-col-100 elementor-top-column elementor-element elementor-element-e30fd87\" data-id=\"e30fd87\" data-element_type=\"column\" data-e-type=\"column\">\n\t\t\t<div class=\"elementor-widget-wrap elementor-element-populated\">\n\t\t\t\t\t\t<div class=\"elementor-element elementor-element-fb7e49f elementor-widget elementor-widget-button\" data-id=\"fb7e49f\" data-element_type=\"widget\" data-e-type=\"widget\" data-widget_type=\"button.default\">\n\t\t\t\t<div class=\"elementor-widget-container\">\n\t\t\t\t\t\t\t\t\t<div class=\"elementor-button-wrapper\">\n\t\t\t\t\t<a class=\"elementor-button elementor-button-link elementor-size-sm\" href=\"\/fr\/reservation\/\">\n\t\t\t\t\t\t<span class=\"elementor-button-content-wrapper\">\n\t\t\t\t\t\t\t\t\t<span class=\"elementor-button-text\">R\u00e9servez en ligne<\/span>\n\t\t\t\t\t<\/span>\n\t\t\t\t\t<\/a>\n\t\t\t\t<\/div>\n\t\t\t\t\t\t\t\t<\/div>\n\t\t\t\t<\/div>\n\t\t\t\t\t<\/div>\n\t\t<\/div>\n\t\t\t\t\t<\/div>\n\t\t<\/section>\n\t\t\t\t<section class=\"elementor-section elementor-top-section elementor-element elementor-element-a7561df elementor-section-boxed elementor-section-height-default elementor-section-height-default\" data-id=\"a7561df\" data-element_type=\"section\" data-e-type=\"section\">\n\t\t\t\t\t\t<div class=\"elementor-container elementor-column-gap-default\">\n\t\t\t\t\t<div class=\"elementor-column elementor-col-100 elementor-top-column elementor-element elementor-element-e27b6ca\" data-id=\"e27b6ca\" data-element_type=\"column\" data-e-type=\"column\">\n\t\t\t<div class=\"elementor-widget-wrap elementor-element-populated\">\n\t\t\t\t\t\t<section class=\"elementor-section elementor-inner-section elementor-element elementor-element-d8e9cb9 elementor-section-boxed elementor-section-height-default elementor-section-height-default elementor-invisible\" data-id=\"d8e9cb9\" data-element_type=\"section\" data-e-type=\"section\" data-settings=\"{&quot;animation&quot;:&quot;fadeInLeft&quot;}\">\n\t\t\t\t\t\t<div class=\"elementor-container elementor-column-gap-default\">\n\t\t\t\t\t<div class=\"elementor-column elementor-col-50 elementor-inner-column elementor-element elementor-element-48afa84\" data-id=\"48afa84\" data-element_type=\"column\" data-e-type=\"column\">\n\t\t\t<div class=\"elementor-widget-wrap elementor-element-populated\">\n\t\t\t\t\t\t<div class=\"elementor-element elementor-element-f7f7f99 elementor-widget elementor-widget-image\" data-id=\"f7f7f99\" data-element_type=\"widget\" data-e-type=\"widget\" data-widget_type=\"image.default\">\n\t\t\t\t<div class=\"elementor-widget-container\">\n\t\t\t\t\t\t\t\t\t\t\t\t\t\t\t<img data-opt-id=228865123  fetchpriority=\"high\" loading=\"lazy\" decoding=\"async\" width=\"640\" height=\"427\" src=\"https:\/\/mlhg9qfnwayp.i.optimole.com\/w:640\/h:427\/q:mauto\/f:best\/https:\/\/bergkloster.smmp.de\/files\/2025\/08\/20100607-IMG_9103.jpg\" class=\"attachment-large size-large wp-image-1355\" alt=\"\" srcset=\"https:\/\/mlhg9qfnwayp.i.optimole.com\/w:640\/h:427\/q:mauto\/f:best\/https:\/\/bergkloster.smmp.de\/files\/2025\/08\/20100607-IMG_9103.jpg 640w, https:\/\/mlhg9qfnwayp.i.optimole.com\/w:320\/h:213\/q:mauto\/f:best\/https:\/\/bergkloster.smmp.de\/files\/2025\/08\/20100607-IMG_9103.jpg 320w, https:\/\/mlhg9qfnwayp.i.optimole.com\/w:768\/h:512\/q:mauto\/f:best\/https:\/\/bergkloster.smmp.de\/files\/2025\/08\/20100607-IMG_9103.jpg 768w, https:\/\/mlhg9qfnwayp.i.optimole.com\/w:1536\/h:1024\/q:mauto\/f:best\/https:\/\/bergkloster.smmp.de\/files\/2025\/08\/20100607-IMG_9103.jpg 1536w, https:\/\/mlhg9qfnwayp.i.optimole.com\/w:1880\/h:1253\/q:mauto\/f:best\/https:\/\/bergkloster.smmp.de\/files\/2025\/08\/20100607-IMG_9103.jpg 1880w\" sizes=\"(max-width: 640px) 100vw, 640px\" \/>\t\t\t\t\t\t\t\t\t\t\t\t\t\t\t<\/div>\n\t\t\t\t<\/div>\n\t\t\t\t\t<\/div>\n\t\t<\/div>\n\t\t\t\t<div class=\"elementor-column elementor-col-50 elementor-inner-column elementor-element elementor-element-57e9dbe\" data-id=\"57e9dbe\" data-element_type=\"column\" data-e-type=\"column\">\n\t\t\t<div class=\"elementor-widget-wrap elementor-element-populated\">\n\t\t\t\t\t\t<div class=\"elementor-element elementor-element-b5f6722 elementor-widget elementor-widget-text-editor\" data-id=\"b5f6722\" data-element_type=\"widget\" data-e-type=\"widget\" data-widget_type=\"text-editor.default\">\n\t\t\t\t<div class=\"elementor-widget-container\">\n\t\t\t\t\t\t\t\t\t<p>Enregistrer, expirer : 32 chambres individuelles, 14 chambres \u00e0 deux lits et quatre chambres \u00e0 plusieurs lits avec cinq lits chacun vous attendent dans deux maisons d'h\u00f4tes. Toutes les chambres disposent d'une salle de bain priv\u00e9e, d'une connexion WLAN et d'une vue sur la verdure.\u00a0<\/p>\t\t\t\t\t\t\t\t<\/div>\n\t\t\t\t<\/div>\n\t\t\t\t\t<\/div>\n\t\t<\/div>\n\t\t\t\t\t<\/div>\n\t\t<\/section>\n\t\t\t\t<section class=\"elementor-section elementor-inner-section elementor-element elementor-element-856d9f8 elementor-section-boxed elementor-section-height-default elementor-section-height-default elementor-invisible\" data-id=\"856d9f8\" data-element_type=\"section\" data-e-type=\"section\" data-settings=\"{&quot;animation&quot;:&quot;fadeInRight&quot;}\">\n\t\t\t\t\t\t<div class=\"elementor-container elementor-column-gap-default\">\n\t\t\t\t\t<div class=\"elementor-column elementor-col-50 elementor-inner-column elementor-element elementor-element-262ebcc\" data-id=\"262ebcc\" data-element_type=\"column\" data-e-type=\"column\">\n\t\t\t<div class=\"elementor-widget-wrap elementor-element-populated\">\n\t\t\t\t\t\t<div class=\"elementor-element elementor-element-df65fef elementor-widget elementor-widget-image\" data-id=\"df65fef\" data-element_type=\"widget\" data-e-type=\"widget\" data-widget_type=\"image.default\">\n\t\t\t\t<div class=\"elementor-widget-container\">\n\t\t\t\t\t\t\t\t\t\t\t\t\t\t\t<img data-opt-id=1025409425  fetchpriority=\"high\" loading=\"lazy\" decoding=\"async\" width=\"640\" height=\"427\" src=\"https:\/\/mlhg9qfnwayp.i.optimole.com\/w:640\/h:427\/q:mauto\/f:best\/https:\/\/bergkloster.smmp.de\/files\/2025\/08\/IMG_6068.jpg\" class=\"attachment-large size-large wp-image-1357\" alt=\"\" srcset=\"https:\/\/mlhg9qfnwayp.i.optimole.com\/w:640\/h:427\/q:mauto\/f:best\/https:\/\/bergkloster.smmp.de\/files\/2025\/08\/IMG_6068.jpg 640w, https:\/\/mlhg9qfnwayp.i.optimole.com\/w:320\/h:213\/q:mauto\/f:best\/https:\/\/bergkloster.smmp.de\/files\/2025\/08\/IMG_6068.jpg 320w, https:\/\/mlhg9qfnwayp.i.optimole.com\/w:768\/h:512\/q:mauto\/f:best\/https:\/\/bergkloster.smmp.de\/files\/2025\/08\/IMG_6068.jpg 768w, https:\/\/mlhg9qfnwayp.i.optimole.com\/w:1536\/h:1024\/q:mauto\/f:best\/https:\/\/bergkloster.smmp.de\/files\/2025\/08\/IMG_6068.jpg 1536w, https:\/\/mlhg9qfnwayp.i.optimole.com\/w:1880\/h:1253\/q:mauto\/f:best\/https:\/\/bergkloster.smmp.de\/files\/2025\/08\/IMG_6068.jpg 1880w\" sizes=\"(max-width: 640px) 100vw, 640px\" \/>\t\t\t\t\t\t\t\t\t\t\t\t\t\t\t<\/div>\n\t\t\t\t<\/div>\n\t\t\t\t\t<\/div>\n\t\t<\/div>\n\t\t\t\t<div class=\"elementor-column elementor-col-50 elementor-inner-column elementor-element elementor-element-7b82eac\" data-id=\"7b82eac\" data-element_type=\"column\" data-e-type=\"column\">\n\t\t\t<div class=\"elementor-widget-wrap elementor-element-populated\">\n\t\t\t\t\t\t<div class=\"elementor-element elementor-element-6d6c8cc elementor-widget elementor-widget-text-editor\" data-id=\"6d6c8cc\" data-element_type=\"widget\" data-e-type=\"widget\" data-widget_type=\"text-editor.default\">\n\t\t\t\t<div class=\"elementor-widget-container\">\n\t\t\t\t\t\t\t\t\t<p><strong>Chaussures de randonn\u00e9e ou v\u00e9lo ?<\/strong> Les deux ! \u00c0 seulement 200 m du <strong>Piste cyclable de la vall\u00e9e de la Ruhr<\/strong> et directement \u00e0 la <strong>Route foresti\u00e8re du Sauerland<\/strong> le monast\u00e8re est le point de d\u00e9part id\u00e9al pour vos excursions, <strong>Sports d'hiver \u00e0 Winterberg<\/strong> ou faire un d\u00e9tour par le <strong>Chute d'eau Pl\u00e4sterlegge<\/strong>. Des v\u00e9los de location et des b\u00e2tons de marche sont disponibles, et des paniers-repas sont pr\u00e9par\u00e9s sur demande par la cuisine du monast\u00e8re.\u00a0<\/p>\t\t\t\t\t\t\t\t<\/div>\n\t\t\t\t<\/div>\n\t\t\t\t\t<\/div>\n\t\t<\/div>\n\t\t\t\t\t<\/div>\n\t\t<\/section>\n\t\t\t\t\t<\/div>\n\t\t<\/div>\n\t\t\t\t\t<\/div>\n\t\t<\/section>\n\t\t\t\t<section class=\"elementor-section elementor-top-section elementor-element elementor-element-d4bd0dd elementor-section-boxed elementor-section-height-default elementor-section-height-default\" data-id=\"d4bd0dd\" data-element_type=\"section\" data-e-type=\"section\">\n\t\t\t\t\t\t<div class=\"elementor-container elementor-column-gap-default\">\n\t\t\t\t\t<div class=\"elementor-column elementor-col-50 elementor-top-column elementor-element elementor-element-72fbd74\" data-id=\"72fbd74\" data-element_type=\"column\" data-e-type=\"column\">\n\t\t\t<div class=\"elementor-widget-wrap elementor-element-populated\">\n\t\t\t\t\t\t<div class=\"elementor-element elementor-element-3386c13 elementor-widget elementor-widget-image\" data-id=\"3386c13\" data-element_type=\"widget\" data-e-type=\"widget\" data-widget_type=\"image.default\">\n\t\t\t\t<div class=\"elementor-widget-container\">\n\t\t\t\t\t\t\t\t\t\t\t\t\t\t\t\t<a href=\"https:\/\/www.winterberg.de\/service-kontakt\/gaestekarten\/sauerland-sommercard\/?gad_source=1&#038;gad_campaignid=23287016336&#038;gbraid=0AAAAAo1uNSJmodDCGLcZDKr1l3H7Qe_LA&#038;gclid=EAIaIQobChMIismHob7JkwMVYcpEBx0xCh40EAAYASAAEgKUJfD_BwE\">\n\t\t\t\t\t\t\t<img data-opt-id=1826914991  data-opt-src=\"https:\/\/mlhg9qfnwayp.i.optimole.com\/w:640\/h:437\/q:mauto\/f:best\/https:\/\/bergkloster.smmp.de\/files\/2026\/03\/2-Logo-Partnerbetrieb.png\"  loading=\"lazy\" decoding=\"async\" width=\"640\" height=\"437\" src=\"data:image/svg+xml,%3Csvg%20viewBox%3D%220%200%20640%20437%22%20width%3D%22640%22%20height%3D%22437%22%20xmlns%3D%22http%3A%2F%2Fwww.w3.org%2F2000%2Fsvg%22%3E%3Crect%20width%3D%22640%22%20height%3D%22437%22%20fill%3D%22transparent%22%2F%3E%3C%2Fsvg%3E\" class=\"attachment-large size-large wp-image-1458\" alt=\"\" old-srcset=\"https:\/\/mlhg9qfnwayp.i.optimole.com\/w:640\/h:437\/q:mauto\/f:best\/https:\/\/bergkloster.smmp.de\/files\/2026\/03\/2-Logo-Partnerbetrieb.png 640w, https:\/\/mlhg9qfnwayp.i.optimole.com\/w:320\/h:219\/q:mauto\/f:best\/https:\/\/bergkloster.smmp.de\/files\/2026\/03\/2-Logo-Partnerbetrieb.png 320w, https:\/\/mlhg9qfnwayp.i.optimole.com\/w:768\/h:525\/q:mauto\/f:best\/https:\/\/bergkloster.smmp.de\/files\/2026\/03\/2-Logo-Partnerbetrieb.png 768w, https:\/\/mlhg9qfnwayp.i.optimole.com\/w:1536\/h:1050\/q:mauto\/f:best\/https:\/\/bergkloster.smmp.de\/files\/2026\/03\/2-Logo-Partnerbetrieb.png 1536w, https:\/\/mlhg9qfnwayp.i.optimole.com\/w:18\/h:12\/q:mauto\/f:best\/dpr:2\/https:\/\/bergkloster.smmp.de\/files\/2026\/03\/2-Logo-Partnerbetrieb.png 18w, https:\/\/mlhg9qfnwayp.i.optimole.com\/w:1920\/h:1312\/q:mauto\/f:best\/https:\/\/bergkloster.smmp.de\/files\/2026\/03\/2-Logo-Partnerbetrieb.png 1980w\" \/>\t\t\t\t\t\t\t\t<\/a>\n\t\t\t\t\t\t\t\t\t\t\t\t\t\t\t<\/div>\n\t\t\t\t<\/div>\n\t\t\t\t\t<\/div>\n\t\t<\/div>\n\t\t\t\t<div class=\"elementor-column elementor-col-50 elementor-top-column elementor-element elementor-element-d3b5acf\" data-id=\"d3b5acf\" data-element_type=\"column\" data-e-type=\"column\">\n\t\t\t<div class=\"elementor-widget-wrap elementor-element-populated\">\n\t\t\t\t\t\t<div class=\"elementor-element elementor-element-73f5e52 elementor-widget elementor-widget-text-editor\" data-id=\"73f5e52\" data-element_type=\"widget\" data-e-type=\"widget\" data-widget_type=\"text-editor.default\">\n\t\t\t\t<div class=\"elementor-widget-container\">\n\t\t\t\t\t\t\t\t\t<p>De nombreuses communes du Sauerland ont le droit de percevoir une taxe de cure par nuit\u00e9e et par personne, en tant que stations thermales reconnues. En contrepartie, vous recevrez en tant qu'h\u00f4te, le jour de votre arriv\u00e9e, la <strong>Carte du Sauerland,\u00a0<\/strong>qui est valable jusqu'au jour du d\u00e9part. Avec la Sauerland-Card, vous pouvez voyager gratuitement en bus et en train sur certaines lignes de Schmallenberg \u00e0 Medebach via Winterberg, de Marsberg \u00e0 Arnsberg, de Willingen au lac de M\u00f6hne ou de Hallenberg \u00e0 Eslohe. De plus, la Sauerland-Card offre diverses r\u00e9ductions et remises dans de nombreuses installations de loisirs telles que les parcs d'attractions, les mus\u00e9es, les piscines ou les domaines skiables.<\/p>\t\t\t\t\t\t\t\t<\/div>\n\t\t\t\t<\/div>\n\t\t\t\t\t<\/div>\n\t\t<\/div>\n\t\t\t\t\t<\/div>\n\t\t<\/section>\n\t\t\t\t<section class=\"elementor-section elementor-top-section elementor-element elementor-element-6fd50d3 elementor-section-boxed elementor-section-height-default elementor-section-height-default elementor-invisible\" data-id=\"6fd50d3\" data-element_type=\"section\" data-e-type=\"section\" data-settings=\"{&quot;animation&quot;:&quot;fadeInUp&quot;}\">\n\t\t\t\t\t\t<div class=\"elementor-container elementor-column-gap-default\">\n\t\t\t\t\t<div class=\"elementor-column elementor-col-50 elementor-top-column elementor-element elementor-element-197e4bf\" data-id=\"197e4bf\" data-element_type=\"column\" data-e-type=\"column\">\n\t\t\t<div class=\"elementor-widget-wrap elementor-element-populated\">\n\t\t\t\t\t\t<div class=\"elementor-element elementor-element-2054c57 elementor-widget elementor-widget-shortcode\" data-id=\"2054c57\" data-element_type=\"widget\" data-e-type=\"widget\" data-widget_type=\"shortcode.default\">\n\t\t\t\t<div class=\"elementor-widget-container\">\n\t\t\t\t\t\t\t<div class=\"elementor-shortcode\">\n<table id=\"tablepress-4\" class=\"tablepress tablepress-id-4 tbody-has-connected-cells\">\n<thead>\n<tr class=\"row-1\">\n\t<th class=\"column-1\">Nuit avec <br \/>Petit d\u00e9jeuner buffet au monast\u00e8re de montagne de Bestwig<\/th><th class=\"column-2\">Nuit par personne\/nuit, <br \/> Dimanche soir jusqu'\u00e0 <br \/>Vendredi matin<br \/>\n<small>(TVA incluse)<\/small><\/th><th class=\"column-3\">Nuit par personne\/nuit, <br \/> Vendredi soir \u00e0 <br \/>Dimanche matin<br \/>\n<small>(TVA incluse)<\/small><\/th>\n<\/tr>\n<\/thead>\n<tbody class=\"row-striping row-hover\">\n<tr class=\"row-2\">\n\t<td colspan=\"3\" class=\"column-1\"><strong>Maison de la rencontre<\/strong> (douche, WC, WLAN gratuit)<\/td>\n<\/tr>\n<tr class=\"row-3\">\n\t<td class=\"column-1\">Chambre simple<\/td><td class=\"column-2\">71,00 \u20ac<\/td><td class=\"column-3\">83,00 \u20ac<\/td>\n<\/tr>\n<tr class=\"row-4\">\n\t<td class=\"column-1\">Chambre \u00e0 deux lits <\/td><td class=\"column-2\">52,00 \u20ac<\/td><td class=\"column-3\">56,00 \u20ac<\/td>\n<\/tr>\n<tr class=\"row-5\">\n\t<td class=\"column-1\">Chambre \u00e0 plusieurs lits jusqu'\u00e0 max. 4 personnes (lits superpos\u00e9s)<\/td><td class=\"column-2\">49,00 \u20ac<\/td><td class=\"column-3\">51,50 \u20ac<\/td>\n<\/tr>\n<tr class=\"row-6\">\n\t<td colspan=\"3\" class=\"column-1\"><strong>Maison d'h\u00f4tes<\/strong> (douche, WC, TV, coin salon, WLAN gratuit)<\/td>\n<\/tr>\n<tr class=\"row-7\">\n\t<td class=\"column-1\">Grande chambre individuelle (env. 30 m\u00b2)<\/td><td class=\"column-2\">84,00 \u20ac<\/td><td class=\"column-3\">94,50 \u20ac<\/td>\n<\/tr>\n<tr class=\"row-8\">\n\t<td class=\"column-1\">Chambre double (env. 30 m\u00b2)<\/td><td class=\"column-2\">67,00 \u20ac<\/td><td class=\"column-3\">78,00 \u20ac<\/td>\n<\/tr>\n<tr class=\"row-9\">\n\t<td colspan=\"3\" class=\"column-1\">Si vous ne passez qu'une seule nuit, nous facturons un suppl\u00e9ment de courte dur\u00e9e de 5,00 \u20ac par personne et par nuit.<br \/><br \/>\n<strong>R\u00e9duction<\/strong> sur l'h\u00e9bergement <br \/>\nA partir de la troisi\u00e8me nuit, nous accordons une r\u00e9duction de 2 euros par personne\/nuit). <br \/>\n<strong>R\u00e9duction pour les enfants<\/strong> sur l'h\u00e9bergement <br \/>\n0-3 ans gratuit, 4-10 ans 50 %, 11-13 ans 25 %, \u00e0 partir de 14 ans 0%<\/td>\n<\/tr>\n<\/tbody>\n<\/table>\n<!-- #tablepress-4 from cache --><\/div>\n\t\t\t\t\t\t<\/div>\n\t\t\t\t<\/div>\n\t\t\t\t\t<\/div>\n\t\t<\/div>\n\t\t\t\t<div class=\"elementor-column elementor-col-50 elementor-top-column elementor-element elementor-element-aeafcec\" data-id=\"aeafcec\" data-element_type=\"column\" data-e-type=\"column\">\n\t\t\t<div class=\"elementor-widget-wrap elementor-element-populated\">\n\t\t\t\t\t\t<div class=\"elementor-element elementor-element-3f457f7 elementor-widget elementor-widget-shortcode\" data-id=\"3f457f7\" data-element_type=\"widget\" data-e-type=\"widget\" data-widget_type=\"shortcode.default\">\n\t\t\t\t<div class=\"elementor-widget-container\">\n\t\t\t\t\t\t\t<div class=\"elementor-shortcode\">\n<table id=\"tablepress-9\" class=\"tablepress tablepress-id-9\">\n<thead>\n<tr class=\"row-1\">\n\t<th class=\"column-1\"><strong>Repas au monast\u00e8re de montagne de Bestwig<\/strong><\/th><th class=\"column-2\">Tarif journalier par personne <small>(TVA incluse)<\/small><\/th>\n<\/tr>\n<\/thead>\n<tbody class=\"row-striping row-hover\">\n<tr class=\"row-2\">\n\t<td class=\"column-1\">Buffet de midi (\u00e9galement v\u00e9g\u00e9tarien), boisson de table comprise<\/td><td class=\"column-2\">19,90 \u20ac<\/td>\n<\/tr>\n<tr class=\"row-3\">\n\t<td class=\"column-1\">Caf\u00e9 et g\u00e2teaux<\/td><td class=\"column-2\">7,50 \u20ac<\/td>\n<\/tr>\n<tr class=\"row-4\">\n\t<td class=\"column-1\">Repas du soir, boisson comprise<\/td><td class=\"column-2\">15,20 \u20ac<\/td>\n<\/tr>\n<tr class=\"row-5\">\n\t<td class=\"column-1\">Caf\u00e9 debout avec p\u00e2tisseries (pour les groupes)<\/td><td class=\"column-2\">6,50 \u20ac<\/td>\n<\/tr>\n<\/tbody>\n<\/table>\n<!-- #tablepress-9 from cache --><\/div>\n\t\t\t\t\t\t<\/div>\n\t\t\t\t<\/div>\n\t\t\t\t<div class=\"elementor-element elementor-element-667dee3 elementor-widget elementor-widget-text-editor\" data-id=\"667dee3\" data-element_type=\"widget\" data-e-type=\"widget\" data-widget_type=\"text-editor.default\">\n\t\t\t\t<div class=\"elementor-widget-container\">\n\t\t\t\t\t\t\t\t\t<p><strong>Monast\u00e8re de montagne de Bestwig<\/strong><br \/>Monast\u00e8re de montagne 1<br \/>59909 Bestwig<br \/>T\u00e9l\u00e9phone :\u00a0<a href=\"tel:+492904808294\">02904-808\u00a0294<\/a><br \/>T\u00e9l\u00e9copieur :\u00a0<a href=\"fax:+492904808125\">02904-808\u00a0125<\/a><br \/><a class=\"maildiclink\" title=\"Envoyer un email\" href=\"mailto:%70%66%6F%72%74%65%40%73%6D%6D%70%2E%64%65\"><span class=\"mail_title\"><span class=\"maildecipher\">pforte(at)smmp.de<\/span><\/span><\/a><br \/><a href=\"https:\/\/www.google.de\/maps\/dir\/\/Schwestern+der+heiligen+Maria+Magdalena+Postel,+Bergkloster+Bestwig,+Zum+Bergkloster,+59909+Bestwig\/@51.3599013,8.4022603,17z\/data=!4m8!4m7!1m0!1m5!1m1!1s0x47bbe9f4aee91a4f:0x1aa8c7144c97cedf!2m2!1d8.404449!2d51.359898\" target=\"_blank\" rel=\"noreferrer noopener\">Planificateur d'itin\u00e9raire<\/a><\/p>\t\t\t\t\t\t\t\t<\/div>\n\t\t\t\t<\/div>\n\t\t\t\t\t<\/div>\n\t\t<\/div>\n\t\t\t\t\t<\/div>\n\t\t<\/section>\n\t\t\t\t<section class=\"elementor-section elementor-top-section elementor-element elementor-element-922a692 elementor-section-boxed elementor-section-height-default elementor-section-height-default\" data-id=\"922a692\" data-element_type=\"section\" data-e-type=\"section\">\n\t\t\t\t\t\t<div class=\"elementor-container elementor-column-gap-default\">\n\t\t\t\t\t<div class=\"elementor-column elementor-col-100 elementor-top-column elementor-element elementor-element-f966cdb\" data-id=\"f966cdb\" data-element_type=\"column\" data-e-type=\"column\">\n\t\t\t<div class=\"elementor-widget-wrap elementor-element-populated\">\n\t\t\t\t\t\t<div class=\"elementor-element elementor-element-a5f4b71 elementor-widget elementor-widget-ucaddon_post_grid_copy\" data-id=\"a5f4b71\" data-element_type=\"widget\" data-e-type=\"widget\" data-widget_type=\"ucaddon_post_grid_copy.default\">\n\t\t\t\t<div class=\"elementor-widget-container\">\n\t\t\t\t\t\n<!-- start Post Grid - Weiterbildung -->\n\t\t<link id='font-awesome-css' href='https:\/\/bergkloster.smmp.de\/wp-content\/plugins\/unlimited-elements-for-elementor\/assets_libraries\/font-awesome6\/fontawesome-all.min.css' type='text\/css' rel='stylesheet' >\n\t\t<link id='font-awesome-4-shim-css' href='https:\/\/bergkloster.smmp.de\/wp-content\/plugins\/unlimited-elements-for-elementor\/assets_libraries\/font-awesome6\/fontawesome-v4-shims.min.css' type='text\/css' rel='stylesheet' >\n\n<style>\/* widget: Post Grid - Weiterbildung *\/\n\n#uc_post_grid_copy_elementor_a5f4b71.uc_post_grid_style_one .uc_post_grid_style_one_wrap {\n   display:grid;\n}\n\n\n\n#uc_post_grid_copy_elementor_a5f4b71 .uc_post_grid_style_one_item\n{\n  overflow:hidden;\n  position:relative;\n}\n\n#uc_post_grid_copy_elementor_a5f4b71 .uc_post_image\n{\n  transition:0.3s;\n  position:relative;\n}\n\n#uc_post_grid_copy_elementor_a5f4b71 .uc_post_image img\n{\n  width:100%;\n  display:block;\n}\n\n\n\n#uc_post_grid_copy_elementor_a5f4b71 .uc_post_image_overlay\n{\n  position:absolute;\n  top:0px;\n  left:0px;\n  height:100%;\n  width:100%;\n  transition:0.3s;\n}\n\n#uc_post_grid_copy_elementor_a5f4b71 .uc_more_btn{\n\n  display:inline-block;\n  text-align:center;\n  text-decoration:none;\n  transition:0.3s;\n}\n\n.ue-grid-item-category a\n{\n  display:inline-block;\n  font-size:10px;\n  \n}\n\n.uc_post_title\n{\n  font-size:21px;\n}\n\n\n#uc_post_grid_copy_elementor_a5f4b71 .ue_post_grid_item\n{\n  display:flex;\n  flex-direction:column;\n}\n\n#uc_post_grid_copy_elementor_a5f4b71.uc_post_grid_style_one .uc_content{\n flex-grow:1;\n}\n\n#uc_post_grid_copy_elementor_a5f4b71.uc_post_grid_style_one .uc_content > div\n{\n  height:100%;\n  display:flex;\n  flex-direction:column;\n}\n\n#uc_post_grid_copy_elementor_a5f4b71 .uc_post_button\n{\n  margin-top:auto;\n}\n\n\n\n\n\n\n\n\n\n\n\n\n\n\n\n\n\n\n\n\n\n\n\n\n#uc_post_grid_copy_elementor_a5f4b71 .ue-meta-data\n{\n  \n  display:flex;\n\n  flex-wrap: wrap;\n  line-height:1em;\n}\n\n#uc_post_grid_copy_elementor_a5f4b71 .ue-grid-item-meta-data\n{\n      display:inline-flex;\n      align-items:center;\n}\n\n.ue-grid-item-meta-data\n{\n  font-size:12px;\n}\n\n#uc_post_grid_copy_elementor_a5f4b71 .ue-grid-item-meta-data-icon\n{\n  line-height:1em;\n}\n\n#uc_post_grid_copy_elementor_a5f4b71 .ue-grid-item-meta-data-icon svg\n{\n  width:1em;\n  height:1em;\n}\n\n#uc_post_grid_copy_elementor_a5f4b71 .ue-debug-meta\n{\n  padding:10px;\n  border:1px solid red;\n  position:relative;\n  line-height:1.5em;\n  font-size:11px;\n  width:100%;\n}\n\n<\/style>\n\n<div class=\"uc_post_grid_style_one\" id=\"uc_post_grid_copy_elementor_a5f4b71\"  >\n\t\t<div class=\"uc_post_grid_style_one_wrap ue_post_grid uc-items-wrapper\">\n\t\t\t\n\t\t<\/div>\n\t<\/div>\n\n\n\n<!-- end Post Grid - Weiterbildung -->\t\t\t\t<\/div>\n\t\t\t\t<\/div>\n\t\t\t\t\t<\/div>\n\t\t<\/div>\n\t\t\t\t\t<\/div>\n\t\t<\/section>\n\t\t\t\t<\/div>","protected":false},"excerpt":{"rendered":"<p>Buchen Sie online Einchecken, ausatmen: In zwei G\u00e4ste\u00adh\u00e4usern erwarten Sie 32 Einzelzimmer, 14 Zweibettzimmer und vier Mehrbettzimmer mit je f\u00fcnf Betten. Alle Zimmer verf\u00fcgen \u00fcber eigenes Bad, WLAN und Blick ins Gr\u00fcne.\u00a0 Wanderschuhe oder Fahrrad? Beides! Nur 200 m vom RuhrtalRadweg und direkt an der Sauerland-Waldroute gelegen, ist das Kloster Ihr perfekter Startpunkt f\u00fcr Touren, [&hellip;]<\/p>\n","protected":false},"author":146,"featured_media":1206,"parent":0,"menu_order":0,"comment_status":"closed","ping_status":"closed","template":"","meta":{"_acf_changed":false,"footnotes":""},"categories":[],"tags":[],"class_list":["post-1121","page","type-page","status-publish","has-post-thumbnail","hentry"],"acf":[],"yoast_head":"<!-- This site is optimized with the Yoast SEO plugin v27.5 - https:\/\/yoast.com\/product\/yoast-seo-wordpress\/ -->\n<title>Urlaub im Sauerland - Bergkloster Bestwig<\/title>\n<meta name=\"description\" content=\"Urlaub im Sauerland: \u00dcbernachten Sie im Bergkloster Bestwig mit Zimmern, Fr\u00fchst\u00fcck, WLAN und ruhiger Lage nahe RuhrtalRadweg, Wanderrouten und Ausflugszielen.\" \/>\n<meta name=\"robots\" content=\"index, follow, max-snippet:-1, max-image-preview:large, max-video-preview:-1\" \/>\n<link rel=\"canonical\" href=\"https:\/\/bergkloster.smmp.de\/fr\/vacances-en-sauerland\/\" \/>\n<meta property=\"og:locale\" content=\"fr_FR\" \/>\n<meta property=\"og:type\" content=\"article\" \/>\n<meta property=\"og:title\" content=\"Urlaub im Sauerland - Bergkloster Bestwig\" \/>\n<meta property=\"og:description\" content=\"Urlaub im Sauerland: \u00dcbernachten Sie im Bergkloster Bestwig mit Zimmern, Fr\u00fchst\u00fcck, WLAN und ruhiger Lage nahe RuhrtalRadweg, Wanderrouten und Ausflugszielen.\" \/>\n<meta property=\"og:url\" content=\"https:\/\/bergkloster.smmp.de\/fr\/vacances-en-sauerland\/\" \/>\n<meta property=\"og:site_name\" content=\"Bergkloster Bestwig\" \/>\n<meta property=\"article:modified_time\" content=\"2026-04-25T11:59:16+00:00\" \/>\n<meta property=\"og:image\" content=\"https:\/\/mlhg9qfnwayp.i.optimole.com\/w:auto\/h:auto\/q:mauto\/f:best\/https:\/\/bergkloster.smmp.de\/files\/2025\/06\/20100604-IMG_9032.jpg\" \/>\n\t<meta property=\"og:image:width\" content=\"2500\" \/>\n\t<meta property=\"og:image:height\" content=\"1406\" \/>\n\t<meta property=\"og:image:type\" content=\"image\/jpeg\" \/>\n<meta name=\"twitter:card\" content=\"summary_large_image\" \/>\n<meta name=\"twitter:label1\" content=\"Dur\u00e9e de lecture est.\" \/>\n\t<meta name=\"twitter:data1\" content=\"2 minutes\" \/>\n<script type=\"application\/ld+json\" class=\"yoast-schema-graph\">{\"@context\":\"https:\\\/\\\/schema.org\",\"@graph\":[{\"@type\":\"WebPage\",\"@id\":\"https:\\\/\\\/bergkloster.smmp.de\\\/urlaub-im-sauerland\\\/\",\"url\":\"https:\\\/\\\/bergkloster.smmp.de\\\/urlaub-im-sauerland\\\/\",\"name\":\"Urlaub im Sauerland - Bergkloster Bestwig\",\"isPartOf\":{\"@id\":\"https:\\\/\\\/bergkloster.smmp.de\\\/#website\"},\"primaryImageOfPage\":{\"@id\":\"https:\\\/\\\/bergkloster.smmp.de\\\/urlaub-im-sauerland\\\/#primaryimage\"},\"image\":{\"@id\":\"https:\\\/\\\/bergkloster.smmp.de\\\/urlaub-im-sauerland\\\/#primaryimage\"},\"thumbnailUrl\":\"https:\\/\\/bergkloster.smmp.de\\/files\\/2025\\/06\\/20100604-IMG_9032.jpg\",\"datePublished\":\"2023-01-17T11:56:53+00:00\",\"dateModified\":\"2026-04-25T11:59:16+00:00\",\"description\":\"Urlaub im Sauerland: \u00dcbernachten Sie im Bergkloster Bestwig mit Zimmern, Fr\u00fchst\u00fcck, WLAN und ruhiger Lage nahe RuhrtalRadweg, Wanderrouten und Ausflugszielen.\",\"breadcrumb\":{\"@id\":\"https:\\\/\\\/bergkloster.smmp.de\\\/urlaub-im-sauerland\\\/#breadcrumb\"},\"inLanguage\":\"fr-BE\",\"potentialAction\":[{\"@type\":\"ReadAction\",\"target\":[\"https:\\\/\\\/bergkloster.smmp.de\\\/urlaub-im-sauerland\\\/\"]}]},{\"@type\":\"ImageObject\",\"inLanguage\":\"fr-BE\",\"@id\":\"https:\\\/\\\/bergkloster.smmp.de\\\/urlaub-im-sauerland\\\/#primaryimage\",\"url\":\"https:\\/\\/bergkloster.smmp.de\\/files\\/2025\\/06\\/20100604-IMG_9032.jpg\",\"contentUrl\":\"https:\\/\\/bergkloster.smmp.de\\/files\\/2025\\/06\\/20100604-IMG_9032.jpg\",\"width\":2500,\"height\":1406,\"caption\":\"Haus der Begegnung und Dreifaltigkeitskirche im Bergkloster Bestwig\"},{\"@type\":\"BreadcrumbList\",\"@id\":\"https:\\\/\\\/bergkloster.smmp.de\\\/urlaub-im-sauerland\\\/#breadcrumb\",\"itemListElement\":[{\"@type\":\"ListItem\",\"position\":1,\"name\":\"Startseite\",\"item\":\"https:\\\/\\\/bergkloster.smmp.de\\\/\"},{\"@type\":\"ListItem\",\"position\":2,\"name\":\"Urlaub im Sauerland\"}]},{\"@type\":\"WebSite\",\"@id\":\"https:\\\/\\\/bergkloster.smmp.de\\\/#website\",\"url\":\"https:\\\/\\\/bergkloster.smmp.de\\\/\",\"name\":\"Bergkloster Bestwig\",\"description\":\"Raum &amp; Ruhe\",\"publisher\":{\"@id\":\"https:\\\/\\\/bergkloster.smmp.de\\\/#organization\"},\"potentialAction\":[{\"@type\":\"SearchAction\",\"target\":{\"@type\":\"EntryPoint\",\"urlTemplate\":\"https:\\\/\\\/bergkloster.smmp.de\\\/?s={search_term_string}\"},\"query-input\":{\"@type\":\"PropertyValueSpecification\",\"valueRequired\":true,\"valueName\":\"search_term_string\"}}],\"inLanguage\":\"fr-BE\"},{\"@type\":\"Organization\",\"@id\":\"https:\\\/\\\/bergkloster.smmp.de\\\/#organization\",\"name\":\"Bergkloster Bestwig\",\"url\":\"https:\\\/\\\/bergkloster.smmp.de\\\/\",\"logo\":{\"@type\":\"ImageObject\",\"inLanguage\":\"fr-BE\",\"@id\":\"https:\\\/\\\/bergkloster.smmp.de\\\/#\\\/schema\\\/logo\\\/image\\\/\",\"url\":\"https:\\/\\/bergkloster.smmp.de\\/files\\/2023\\/01\\/smmp-bildmarke-web.png\",\"contentUrl\":\"https:\\/\\/bergkloster.smmp.de\\/files\\/2023\\/01\\/smmp-bildmarke-web.png\",\"width\":313,\"height\":313,\"caption\":\"Bergkloster Bestwig\"},\"image\":{\"@id\":\"https:\\\/\\\/bergkloster.smmp.de\\\/#\\\/schema\\\/logo\\\/image\\\/\"}}]}<\/script>\n<!-- \/ Yoast SEO plugin. -->","yoast_head_json":{"title":"Vacances dans le Sauerland - Bergkloster Bestwig","description":"Vacances dans le Sauerland : s\u00e9journez au monast\u00e8re de montagne de Bestwig avec chambres, petit-d\u00e9jeuner, Wi-Fi et un emplacement calme pr\u00e8s de la piste cyclable de la vall\u00e9e de la Ruhr, des sentiers de randonn\u00e9e et des attractions touristiques.","robots":{"index":"index","follow":"follow","max-snippet":"max-snippet:-1","max-image-preview":"max-image-preview:large","max-video-preview":"max-video-preview:-1"},"canonical":"https:\/\/bergkloster.smmp.de\/fr\/vacances-en-sauerland\/","og_locale":"fr_FR","og_type":"article","og_title":"Urlaub im Sauerland - Bergkloster Bestwig","og_description":"Urlaub im Sauerland: \u00dcbernachten Sie im Bergkloster Bestwig mit Zimmern, Fr\u00fchst\u00fcck, WLAN und ruhiger Lage nahe RuhrtalRadweg, Wanderrouten und Ausflugszielen.","og_url":"https:\/\/bergkloster.smmp.de\/fr\/vacances-en-sauerland\/","og_site_name":"Bergkloster Bestwig","article_modified_time":"2026-04-25T11:59:16+00:00","og_image":[{"width":2500,"height":1406,"url":"https:\/\/mlhg9qfnwayp.i.optimole.com\/w:auto\/h:auto\/q:mauto\/f:best\/https:\/\/bergkloster.smmp.de\/files\/2025\/06\/20100604-IMG_9032.jpg","type":"image\/jpeg"}],"twitter_card":"summary_large_image","twitter_misc":{"Dur\u00e9e de lecture est.":"2 minutes"},"schema":{"@context":"https:\/\/schema.org","@graph":[{"@type":"WebPage","@id":"https:\/\/bergkloster.smmp.de\/urlaub-im-sauerland\/","url":"https:\/\/bergkloster.smmp.de\/urlaub-im-sauerland\/","name":"Vacances dans le Sauerland - Bergkloster Bestwig","isPartOf":{"@id":"https:\/\/bergkloster.smmp.de\/#website"},"primaryImageOfPage":{"@id":"https:\/\/bergkloster.smmp.de\/urlaub-im-sauerland\/#primaryimage"},"image":{"@id":"https:\/\/bergkloster.smmp.de\/urlaub-im-sauerland\/#primaryimage"},"thumbnailUrl":"https:\/\/mlhg9qfnwayp.i.optimole.com\/w:auto\/h:auto\/q:mauto\/f:best\/https:\/\/bergkloster.smmp.de\/files\/2025\/06\/20100604-IMG_9032.jpg","datePublished":"2023-01-17T11:56:53+00:00","dateModified":"2026-04-25T11:59:16+00:00","description":"Vacances dans le Sauerland : s\u00e9journez au monast\u00e8re de montagne de Bestwig avec chambres, petit-d\u00e9jeuner, Wi-Fi et un emplacement calme pr\u00e8s de la piste cyclable de la vall\u00e9e de la Ruhr, des sentiers de randonn\u00e9e et des attractions touristiques.","breadcrumb":{"@id":"https:\/\/bergkloster.smmp.de\/urlaub-im-sauerland\/#breadcrumb"},"inLanguage":"fr-BE","potentialAction":[{"@type":"ReadAction","target":["https:\/\/bergkloster.smmp.de\/urlaub-im-sauerland\/"]}]},{"@type":"ImageObject","inLanguage":"fr-BE","@id":"https:\/\/bergkloster.smmp.de\/urlaub-im-sauerland\/#primaryimage","url":"https:\/\/mlhg9qfnwayp.i.optimole.com\/w:auto\/h:auto\/q:mauto\/f:best\/https:\/\/bergkloster.smmp.de\/files\/2025\/06\/20100604-IMG_9032.jpg","contentUrl":"https:\/\/mlhg9qfnwayp.i.optimole.com\/w:auto\/h:auto\/q:mauto\/f:best\/https:\/\/bergkloster.smmp.de\/files\/2025\/06\/20100604-IMG_9032.jpg","width":2500,"height":1406,"caption":"Haus der Begegnung und Dreifaltigkeitskirche im Bergkloster Bestwig"},{"@type":"BreadcrumbList","@id":"https:\/\/bergkloster.smmp.de\/urlaub-im-sauerland\/#breadcrumb","itemListElement":[{"@type":"ListItem","position":1,"name":"Startseite","item":"https:\/\/bergkloster.smmp.de\/"},{"@type":"ListItem","position":2,"name":"Urlaub im Sauerland"}]},{"@type":"WebSite","@id":"https:\/\/bergkloster.smmp.de\/#website","url":"https:\/\/bergkloster.smmp.de\/","name":"Monast\u00e8re de montagne de Bestwig","description":"Espace &amp; tranquillit\u00e9","publisher":{"@id":"https:\/\/bergkloster.smmp.de\/#organization"},"potentialAction":[{"@type":"SearchAction","target":{"@type":"EntryPoint","urlTemplate":"https:\/\/bergkloster.smmp.de\/?s={search_term_string}"},"query-input":{"@type":"PropertyValueSpecification","valueRequired":true,"valueName":"search_term_string"}}],"inLanguage":"fr-BE"},{"@type":"Organization","@id":"https:\/\/bergkloster.smmp.de\/#organization","name":"Monast\u00e8re de montagne de Bestwig","url":"https:\/\/bergkloster.smmp.de\/","logo":{"@type":"ImageObject","inLanguage":"fr-BE","@id":"https:\/\/bergkloster.smmp.de\/#\/schema\/logo\/image\/","url":"https:\/\/mlhg9qfnwayp.i.optimole.com\/w:auto\/h:auto\/q:mauto\/f:best\/https:\/\/bergkloster.smmp.de\/files\/2023\/01\/smmp-bildmarke-web.png","contentUrl":"https:\/\/mlhg9qfnwayp.i.optimole.com\/w:auto\/h:auto\/q:mauto\/f:best\/https:\/\/bergkloster.smmp.de\/files\/2023\/01\/smmp-bildmarke-web.png","width":313,"height":313,"caption":"Bergkloster Bestwig"},"image":{"@id":"https:\/\/bergkloster.smmp.de\/#\/schema\/logo\/image\/"}}]}},"publishpress_future_action":{"enabled":false,"date":"2026-05-06 17:34:45","action":"change-status","newStatus":"draft","terms":[],"taxonomy":"category","extraData":[]},"publishpress_future_workflow_manual_trigger":{"enabledWorkflows":[]},"_links":{"self":[{"href":"https:\/\/bergkloster.smmp.de\/fr\/wp-json\/wp\/v2\/pages\/1121","targetHints":{"allow":["GET"]}}],"collection":[{"href":"https:\/\/bergkloster.smmp.de\/fr\/wp-json\/wp\/v2\/pages"}],"about":[{"href":"https:\/\/bergkloster.smmp.de\/fr\/wp-json\/wp\/v2\/types\/page"}],"author":[{"embeddable":true,"href":"https:\/\/bergkloster.smmp.de\/fr\/wp-json\/wp\/v2\/users\/146"}],"replies":[{"embeddable":true,"href":"https:\/\/bergkloster.smmp.de\/fr\/wp-json\/wp\/v2\/comments?post=1121"}],"version-history":[{"count":0,"href":"https:\/\/bergkloster.smmp.de\/fr\/wp-json\/wp\/v2\/pages\/1121\/revisions"}],"wp:featuredmedia":[{"embeddable":true,"href":"https:\/\/bergkloster.smmp.de\/fr\/wp-json\/wp\/v2\/media\/1206"}],"wp:attachment":[{"href":"https:\/\/bergkloster.smmp.de\/fr\/wp-json\/wp\/v2\/media?parent=1121"}],"wp:term":[{"taxonomy":"category","embeddable":true,"href":"https:\/\/bergkloster.smmp.de\/fr\/wp-json\/wp\/v2\/categories?post=1121"},{"taxonomy":"post_tag","embeddable":true,"href":"https:\/\/bergkloster.smmp.de\/fr\/wp-json\/wp\/v2\/tags?post=1121"}],"curies":[{"name":"wp","href":"https:\/\/api.w.org\/{rel}","templated":true}]}}