{"id":1177,"date":"2023-04-04T10:19:06","date_gmt":"2023-04-04T08:19:06","guid":{"rendered":"https:\/\/static3.smmp.de\/?page_id=1177"},"modified":"2026-04-02T14:28:42","modified_gmt":"2026-04-02T12:28:42","slug":"retraite-au-couvent","status":"publish","type":"page","link":"https:\/\/bergkloster.smmp.de\/fr\/auszeit-im-kloster\/","title":{"rendered":"Pause dans un monast\u00e8re"},"content":{"rendered":"<div data-elementor-type=\"wp-page\" data-elementor-id=\"1177\" class=\"elementor elementor-1177\" data-elementor-post-type=\"page\">\n\t\t\t\t\t\t<section class=\"elementor-section elementor-top-section elementor-element elementor-element-2d2869f elementor-section-full_width elementor-section-height-min-height elementor-section-content-middle elementor-section-height-default elementor-section-items-middle elementor-invisible\" data-id=\"2d2869f\" data-element_type=\"section\" data-e-type=\"section\" data-settings=\"{&quot;background_background&quot;:&quot;classic&quot;,&quot;animation&quot;:&quot;fadeInDown&quot;}\">\n\t\t\t\t\t\t<div class=\"elementor-container elementor-column-gap-default\">\n\t\t\t\t\t<div class=\"elementor-column elementor-col-100 elementor-top-column elementor-element elementor-element-a951f4c\" data-id=\"a951f4c\" data-element_type=\"column\" data-e-type=\"column\">\n\t\t\t<div class=\"elementor-widget-wrap\">\n\t\t\t\t\t\t\t<\/div>\n\t\t<\/div>\n\t\t\t\t\t<\/div>\n\t\t<\/section>\n\t\t\t\t<section class=\"elementor-section elementor-top-section elementor-element elementor-element-974cd09 elementor-section-boxed elementor-section-height-default elementor-section-height-default\" data-id=\"974cd09\" data-element_type=\"section\" data-e-type=\"section\">\n\t\t\t\t\t\t<div class=\"elementor-container elementor-column-gap-default\">\n\t\t\t\t\t<div class=\"elementor-column elementor-col-50 elementor-top-column elementor-element elementor-element-0972c6d\" data-id=\"0972c6d\" data-element_type=\"column\" data-e-type=\"column\">\n\t\t\t<div class=\"elementor-widget-wrap elementor-element-populated\">\n\t\t\t\t\t\t<div class=\"elementor-element elementor-element-5d5351d elementor-widget elementor-widget-text-editor\" data-id=\"5d5351d\" data-element_type=\"widget\" data-e-type=\"widget\" data-widget_type=\"text-editor.default\">\n\t\t\t\t<div class=\"elementor-widget-container\">\n\t\t\t\t\t\t\t\t\t<p class=\"p1\">Ceux qui aspirent au calme et \u00e0 une nouvelle clart\u00e9 trouveront au monast\u00e8re de montagne de Bestwig un lieu pour une pause monastique. Il y a ici de la place pour respirer, pour la r\u00e9flexion et pour des journ\u00e9es qui peuvent aider \u00e0 retrouver la paix int\u00e9rieure et \u00e0 retrouver de nouvelles forces pour le quotidien.<\/p>\t\t\t\t\t\t\t\t<\/div>\n\t\t\t\t<\/div>\n\t\t\t\t\t<\/div>\n\t\t<\/div>\n\t\t\t\t<div class=\"elementor-column elementor-col-50 elementor-top-column elementor-element elementor-element-d7dbab0\" data-id=\"d7dbab0\" data-element_type=\"column\" data-e-type=\"column\">\n\t\t\t<div class=\"elementor-widget-wrap\">\n\t\t\t\t\t\t\t<\/div>\n\t\t<\/div>\n\t\t\t\t\t<\/div>\n\t\t<\/section>\n\t\t\t\t<section class=\"elementor-section elementor-top-section elementor-element elementor-element-5f61d37 elementor-section-boxed elementor-section-height-default elementor-section-height-default\" data-id=\"5f61d37\" data-element_type=\"section\" data-e-type=\"section\">\n\t\t\t\t\t\t<div class=\"elementor-container elementor-column-gap-default\">\n\t\t\t\t\t<div class=\"elementor-column elementor-col-50 elementor-top-column elementor-element elementor-element-198bb22\" data-id=\"198bb22\" data-element_type=\"column\" data-e-type=\"column\">\n\t\t\t<div class=\"elementor-widget-wrap elementor-element-populated\">\n\t\t\t\t\t\t<div class=\"elementor-element elementor-element-1191859 elementor-widget elementor-widget-text-editor\" data-id=\"1191859\" data-element_type=\"widget\" data-e-type=\"widget\" data-widget_type=\"text-editor.default\">\n\t\t\t\t<div class=\"elementor-widget-container\">\n\t\t\t\t\t\t\t\t\t<h3>Pause dans un monast\u00e8re<\/h3><p>Nous vous invitons \u00e0 interrompre le quotidien, \u00e0 laisser derri\u00e8re vous le stress et les exigences, \u00e0 entrer en contact avec la source qui est en vous - \u00e0 respirer \u00e0 fond - \u00e0 vous reposer - \u00e0 devenir silencieux, \u00e0 puiser de nouvelles forces et de la joie pour le quotidien.<\/p><p>En communaut\u00e9 avec d'autres, nous nous engageons dans des th\u00e8mes spirituels, r\u00e9fl\u00e9chissons \u00e0 notre vie et \u00e0 notre relation avec Dieu et les autres.<\/p><p>Des impulsions th\u00e9matiques, des offres cr\u00e9atives, des temps de silence, de pri\u00e8re et de m\u00e9ditation ainsi que l'exp\u00e9rience de la cr\u00e9ation et l'\u00e9change en groupe peuvent \u00eatre des \u00e9l\u00e9ments de conception des journ\u00e9es de r\u00e9flexion.<\/p>\t\t\t\t\t\t\t\t<\/div>\n\t\t\t\t<\/div>\n\t\t\t\t<div class=\"elementor-element elementor-element-93039f3 elementor-widget-divider--view-line elementor-widget elementor-widget-divider\" data-id=\"93039f3\" data-element_type=\"widget\" data-e-type=\"widget\" data-widget_type=\"divider.default\">\n\t\t\t\t<div class=\"elementor-widget-container\">\n\t\t\t\t\t\t\t<div class=\"elementor-divider\">\n\t\t\t<span class=\"elementor-divider-separator\">\n\t\t\t\t\t\t<\/span>\n\t\t<\/div>\n\t\t\t\t\t\t<\/div>\n\t\t\t\t<\/div>\n\t\t\t\t<div class=\"elementor-element elementor-element-6b8d197 elementor-widget elementor-widget-text-editor\" data-id=\"6b8d197\" data-element_type=\"widget\" data-e-type=\"widget\" data-widget_type=\"text-editor.default\">\n\t\t\t\t<div class=\"elementor-widget-container\">\n\t\t\t\t\t\t\t\t\t<h3>Accompagnement spirituel<\/h3><p>L'accompagnement spirituel veut aider \u00e0 percevoir plus consciemment sa propre vie, avec tout ce qui est l\u00e0 et se manifeste, et \u00e0 sentir toujours plus o\u00f9 plus de vie est possible et o\u00f9 Dieu veut conduire l'individu\/la personne.<\/p><p>Sr Gratia Feldmann SMMP offre la possibilit\u00e9 de<\/p><ul class=\"wp-block-list\"><li>\u00e0 un accompagnement spirituel pendant votre s\u00e9jour<\/li><li>et \u00e0 un accompagnement spirituel continu.<\/li><\/ul><p>Vous pouvez convenir d'entretiens individuels r\u00e9guliers \u00e0 intervalles raisonnables et pour une dur\u00e9e d\u00e9termin\u00e9e. Tout ce qui fait partie de votre vie peut \u00eatre abord\u00e9. Les entretiens aident \u00e0 entendre la voix discr\u00e8te de Dieu au fond du c\u0153ur et \u00e0 r\u00e9fl\u00e9chir \u00e0 ses propres exp\u00e9riences \u00e0 la lumi\u00e8re de la foi. L'accompagnement spirituel favorise ainsi le processus de croissance et de maturation personnelles.<\/p><p>Sr Gratia Feldmann SMMP, Bestwig<br \/>T\u00e9l :\u00a0<a href=\"tel:492904808146\">02904-808\u00a0146<\/a><br \/><a class=\"maildiclink\" title=\"Envoyer un email\" href=\"mailto:%73%72%2E%67%72%61%74%69%61%40%73%6D%6D%70%2E%64%65\"><span class=\"mail_title\"><span class=\"maildecipher\">sr.gratia(at)smmp.de<\/span><\/span><\/a><\/p><p>\u00a0<\/p><h3><a href=\"\/fr\/spirituelle-angebote-im-kloster-bergkloster-bestwig\/\">Offres spirituelles<\/a><\/h3><p class=\"p1\">Qu'il s'agisse d'exercices spirituels, de journ\u00e9es de pri\u00e8re, de p\u00e8lerinages ou d'impulsions cr\u00e9atives, au monast\u00e8re de montagne de Bestwig, vous trouverez des offres spirituelles qui donneront de la profondeur \u00e0 votre pause et ouvriront de nouvelles voies int\u00e9rieures.<\/p>\t\t\t\t\t\t\t\t<\/div>\n\t\t\t\t<\/div>\n\t\t\t\t\t<\/div>\n\t\t<\/div>\n\t\t\t\t<div class=\"elementor-column elementor-col-50 elementor-top-column elementor-element elementor-element-438a1e3\" data-id=\"438a1e3\" data-element_type=\"column\" data-e-type=\"column\">\n\t\t\t<div class=\"elementor-widget-wrap elementor-element-populated\">\n\t\t\t\t\t\t<div class=\"elementor-element elementor-element-ba206b6 elementor-widget elementor-widget-heading\" data-id=\"ba206b6\" data-element_type=\"widget\" data-e-type=\"widget\" data-widget_type=\"heading.default\">\n\t\t\t\t<div class=\"elementor-widget-container\">\n\t\t\t\t\t<h3 class=\"elementor-heading-title elementor-size-default\">Pause cr\u00e9ative<\/h3>\t\t\t\t<\/div>\n\t\t\t\t<\/div>\n\t\t\t\t<div class=\"elementor-element elementor-element-2ac0c61 elementor-widget elementor-widget-text-editor\" data-id=\"2ac0c61\" data-element_type=\"widget\" data-e-type=\"widget\" data-widget_type=\"text-editor.default\">\n\t\t\t\t<div class=\"elementor-widget-container\">\n\t\t\t\t\t\t\t\t\t<p>Pour certaines personnes, il est bon de laisser les pens\u00e9es, les sentiments et les images int\u00e9rieures s'\u00e9couler \u00e0 travers le c\u0153ur et les mains dans un tableau ou une sculpture.<\/p><p>Nous proposons un atelier que vous pouvez utiliser sous votre propre responsabilit\u00e9, avec volontiers tous les accessoires - peintures, bois, papier, toiles, pistolet \u00e0 colle, perceuse ... tout ce qui tra\u00eene ou se trouve sur les \u00e9tag\u00e8res et sur le sol. Utilisation \u00e0 vos risques et p\u00e9rils, bien s\u00fbr.<\/p><p>Vous cherchez un cadeau pour la f\u00eate des m\u00e8res ou pour l'anniversaire de votre ami(e) ? Je vous accompagnerai volontiers lors de votre journ\u00e9e cr\u00e9ative commune. Honoraires \u00e0 convenir.<\/p><p>Rendez-vous \u00e0 convenir<\/p><p>Co\u00fbt 5 \u20ac par jour et par personne \u201elocation\u201c plus frais de mat\u00e9riel<\/p><p>Sr Maria Ignatia Langela SMMP, Bestwig<br \/>T\u00e9l\u00e9phone :\u00a0<a href=\"tel:+492904808339\">02904-808\u00a0339<\/a><br \/><a class=\"maildiclink\" title=\"Envoyer un email\" href=\"mailto:%73%72%2E%69%67%6E%61%74%69%61%40%73%6D%6D%70%2E%64%65\"><span class=\"mail_title\"><span class=\"maildecipher\">sr.ignatia(at)smmp.de<\/span><\/span><\/a><\/p>\t\t\t\t\t\t\t\t<\/div>\n\t\t\t\t<\/div>\n\t\t\t\t<div class=\"elementor-element elementor-element-04060c0 elementor-widget-divider--view-line elementor-widget elementor-widget-divider\" data-id=\"04060c0\" data-element_type=\"widget\" data-e-type=\"widget\" data-widget_type=\"divider.default\">\n\t\t\t\t<div class=\"elementor-widget-container\">\n\t\t\t\t\t\t\t<div class=\"elementor-divider\">\n\t\t\t<span class=\"elementor-divider-separator\">\n\t\t\t\t\t\t<\/span>\n\t\t<\/div>\n\t\t\t\t\t\t<\/div>\n\t\t\t\t<\/div>\n\t\t\t\t<div class=\"elementor-element elementor-element-2437f39 elementor-widget elementor-widget-text-editor\" data-id=\"2437f39\" data-element_type=\"widget\" data-e-type=\"widget\" data-widget_type=\"text-editor.default\">\n\t\t\t\t<div class=\"elementor-widget-container\">\n\t\t\t\t\t\t\t\t\t<h3>Temps d'arr\u00eat individuel<\/h3><p>Bienvenue aux chr\u00e9tiens et aux non-chr\u00e9tiens qui ont besoin d'une pause ou qui s'en accordent une et qui cherchent un espace spirituel de calme et de r\u00e9flexion pour se recentrer et reprendre des forces.<\/p><p>Un accompagnement par des entretiens est possible, mais pas une th\u00e9rapie.<\/p><p>Nous vous recommandons de renoncer \u00e0 toute distraction, de ne pas t\u00e9l\u00e9phoner et de ne pas lire ou \u00e9crire de courriels.<\/p><p>Nos h\u00f4tes sont cordialement invit\u00e9s \u00e0 participer aux temps de pri\u00e8re des s\u0153urs.<\/p><p>Co\u00fbt : sur demande<\/p><p><strong>Interlocutrices et inscription<\/strong><br \/>Sr Gratia Feldmann SMMP, Bestwig<br \/>T\u00e9l :\u00a0<a href=\"tel:492904808146\">02904-808\u00a0146<\/a><br \/><a class=\"maildiclink\" title=\"Envoyer un email\" href=\"mailto:%73%72%2E%67%72%61%74%69%61%40%73%6D%6D%70%2E%64%65\"><span class=\"mail_title\"><span class=\"maildecipher\">sr.gratia(at)smmp.de<\/span><\/span><\/a><\/p><p>Sr Maria Ignatia Langela SMMP, Bestwig<br \/>T\u00e9l\u00e9phone :\u00a0<a href=\"tel:+492904808339\">02904-808\u00a0339<\/a><br \/><a class=\"maildiclink\" title=\"Envoyer un email\" href=\"mailto:%73%72%2E%69%67%6E%61%74%69%61%40%73%6D%6D%70%2E%64%65\"><span class=\"mail_title\"><span class=\"maildecipher\">sr.ignatia(at)smmp.de<\/span><\/span><\/a><\/p>\t\t\t\t\t\t\t\t<\/div>\n\t\t\t\t<\/div>\n\t\t\t\t\t<\/div>\n\t\t<\/div>\n\t\t\t\t\t<\/div>\n\t\t<\/section>\n\t\t\t\t<section class=\"elementor-section elementor-top-section elementor-element elementor-element-1220922 elementor-section-boxed elementor-section-height-default elementor-section-height-default\" data-id=\"1220922\" data-element_type=\"section\" data-e-type=\"section\">\n\t\t\t\t\t\t<div class=\"elementor-container elementor-column-gap-default\">\n\t\t\t\t\t<div class=\"elementor-column elementor-col-100 elementor-top-column elementor-element elementor-element-9e7ee7e\" data-id=\"9e7ee7e\" data-element_type=\"column\" data-e-type=\"column\">\n\t\t\t<div class=\"elementor-widget-wrap\">\n\t\t\t\t\t\t\t<\/div>\n\t\t<\/div>\n\t\t\t\t\t<\/div>\n\t\t<\/section>\n\t\t\t\t<\/div>","protected":false},"excerpt":{"rendered":"<p>Wer sich nach Stille und neuer Klarheit sehnt, findet im Bergkloster Bestwig einen Ort f\u00fcr eine Auszeit im Kloster. Hier ist Raum zum Durchatmen, zur Besinnung und f\u00fcr Tage, die helfen k\u00f6nnen, innerlich zur Ruhe zu kommen und neue Kraft f\u00fcr den Alltag zu gewinnen. Auszeit im Kloster Wir laden Sie ein, den Alltag zu [&hellip;]<\/p>\n","protected":false},"author":146,"featured_media":1209,"parent":0,"menu_order":0,"comment_status":"closed","ping_status":"closed","template":"","meta":{"_acf_changed":false,"footnotes":""},"categories":[],"tags":[],"class_list":["post-1177","page","type-page","status-publish","has-post-thumbnail","hentry"],"acf":[],"yoast_head":"<!-- This site is optimized with the Yoast SEO plugin v27.5 - https:\/\/yoast.com\/product\/yoast-seo-wordpress\/ -->\n<title>Auszeit im Kloster - Bergkloster Bestwig<\/title>\n<meta name=\"description\" content=\"G\u00f6nnen Sie sich eine Auszeit im Kloster: Im Bergkloster Bestwig finden Sie Stille, geistliche Begleitung, Besinnungstage und Raum zum Durchatmen.\" \/>\n<meta name=\"robots\" content=\"index, follow, max-snippet:-1, max-image-preview:large, max-video-preview:-1\" \/>\n<link rel=\"canonical\" href=\"https:\/\/bergkloster.smmp.de\/fr\/retraite-au-couvent\/\" \/>\n<meta property=\"og:locale\" content=\"fr_FR\" \/>\n<meta property=\"og:type\" content=\"article\" \/>\n<meta property=\"og:title\" content=\"Auszeit im Kloster - Bergkloster Bestwig\" \/>\n<meta property=\"og:description\" content=\"G\u00f6nnen Sie sich eine Auszeit im Kloster: Im Bergkloster Bestwig finden Sie Stille, geistliche Begleitung, Besinnungstage und Raum zum Durchatmen.\" \/>\n<meta property=\"og:url\" content=\"https:\/\/bergkloster.smmp.de\/fr\/retraite-au-couvent\/\" \/>\n<meta property=\"og:site_name\" content=\"Bergkloster Bestwig\" \/>\n<meta property=\"article:modified_time\" content=\"2026-04-02T12:28:42+00:00\" \/>\n<meta property=\"og:image\" content=\"https:\/\/mlhg9qfnwayp.i.optimole.com\/w:auto\/h:auto\/q:mauto\/f:best\/https:\/\/bergkloster.smmp.de\/files\/2025\/06\/20110419-IMG_3395.jpg\" \/>\n\t<meta property=\"og:image:width\" content=\"2500\" \/>\n\t<meta property=\"og:image:height\" content=\"1667\" \/>\n\t<meta property=\"og:image:type\" content=\"image\/jpeg\" \/>\n<meta name=\"twitter:card\" content=\"summary_large_image\" \/>\n<meta name=\"twitter:label1\" content=\"Dur\u00e9e de lecture est.\" \/>\n\t<meta name=\"twitter:data1\" content=\"3 minutes\" \/>\n<script type=\"application\/ld+json\" class=\"yoast-schema-graph\">{\"@context\":\"https:\\\/\\\/schema.org\",\"@graph\":[{\"@type\":\"WebPage\",\"@id\":\"https:\\\/\\\/bergkloster.smmp.de\\\/auszeit-im-kloster\\\/\",\"url\":\"https:\\\/\\\/bergkloster.smmp.de\\\/auszeit-im-kloster\\\/\",\"name\":\"Auszeit im Kloster - Bergkloster Bestwig\",\"isPartOf\":{\"@id\":\"https:\\\/\\\/bergkloster.smmp.de\\\/#website\"},\"primaryImageOfPage\":{\"@id\":\"https:\\\/\\\/bergkloster.smmp.de\\\/auszeit-im-kloster\\\/#primaryimage\"},\"image\":{\"@id\":\"https:\\\/\\\/bergkloster.smmp.de\\\/auszeit-im-kloster\\\/#primaryimage\"},\"thumbnailUrl\":\"https:\\/\\/bergkloster.smmp.de\\/files\\/2025\\/06\\/20110419-IMG_3395.jpg\",\"datePublished\":\"2023-04-04T08:19:06+00:00\",\"dateModified\":\"2026-04-02T12:28:42+00:00\",\"description\":\"G\u00f6nnen Sie sich eine Auszeit im Kloster: Im Bergkloster Bestwig finden Sie Stille, geistliche Begleitung, Besinnungstage und Raum zum Durchatmen.\",\"breadcrumb\":{\"@id\":\"https:\\\/\\\/bergkloster.smmp.de\\\/auszeit-im-kloster\\\/#breadcrumb\"},\"inLanguage\":\"fr-BE\",\"potentialAction\":[{\"@type\":\"ReadAction\",\"target\":[\"https:\\\/\\\/bergkloster.smmp.de\\\/auszeit-im-kloster\\\/\"]}]},{\"@type\":\"ImageObject\",\"inLanguage\":\"fr-BE\",\"@id\":\"https:\\\/\\\/bergkloster.smmp.de\\\/auszeit-im-kloster\\\/#primaryimage\",\"url\":\"https:\\/\\/bergkloster.smmp.de\\/files\\/2025\\/06\\/20110419-IMG_3395.jpg\",\"contentUrl\":\"https:\\/\\/bergkloster.smmp.de\\/files\\/2025\\/06\\/20110419-IMG_3395.jpg\",\"width\":2500,\"height\":1667,\"caption\":\"Brunnen im Innenhof des Bergklosters Bestwig.\"},{\"@type\":\"BreadcrumbList\",\"@id\":\"https:\\\/\\\/bergkloster.smmp.de\\\/auszeit-im-kloster\\\/#breadcrumb\",\"itemListElement\":[{\"@type\":\"ListItem\",\"position\":1,\"name\":\"Startseite\",\"item\":\"https:\\\/\\\/bergkloster.smmp.de\\\/\"},{\"@type\":\"ListItem\",\"position\":2,\"name\":\"Auszeit im Kloster\"}]},{\"@type\":\"WebSite\",\"@id\":\"https:\\\/\\\/bergkloster.smmp.de\\\/#website\",\"url\":\"https:\\\/\\\/bergkloster.smmp.de\\\/\",\"name\":\"Bergkloster Bestwig\",\"description\":\"Raum &amp; Ruhe\",\"publisher\":{\"@id\":\"https:\\\/\\\/bergkloster.smmp.de\\\/#organization\"},\"potentialAction\":[{\"@type\":\"SearchAction\",\"target\":{\"@type\":\"EntryPoint\",\"urlTemplate\":\"https:\\\/\\\/bergkloster.smmp.de\\\/?s={search_term_string}\"},\"query-input\":{\"@type\":\"PropertyValueSpecification\",\"valueRequired\":true,\"valueName\":\"search_term_string\"}}],\"inLanguage\":\"fr-BE\"},{\"@type\":\"Organization\",\"@id\":\"https:\\\/\\\/bergkloster.smmp.de\\\/#organization\",\"name\":\"Bergkloster Bestwig\",\"url\":\"https:\\\/\\\/bergkloster.smmp.de\\\/\",\"logo\":{\"@type\":\"ImageObject\",\"inLanguage\":\"fr-BE\",\"@id\":\"https:\\\/\\\/bergkloster.smmp.de\\\/#\\\/schema\\\/logo\\\/image\\\/\",\"url\":\"https:\\/\\/bergkloster.smmp.de\\/files\\/2023\\/01\\/smmp-bildmarke-web.png\",\"contentUrl\":\"https:\\/\\/bergkloster.smmp.de\\/files\\/2023\\/01\\/smmp-bildmarke-web.png\",\"width\":313,\"height\":313,\"caption\":\"Bergkloster Bestwig\"},\"image\":{\"@id\":\"https:\\\/\\\/bergkloster.smmp.de\\\/#\\\/schema\\\/logo\\\/image\\\/\"}}]}<\/script>\n<!-- \/ Yoast SEO plugin. -->","yoast_head_json":{"title":"Pause au monast\u00e8re - Monast\u00e8re de la montagne Bestwig","description":"Accordez-vous une pause au monast\u00e8re : au monast\u00e8re de montagne de Bestwig, vous trouverez le silence, un accompagnement spirituel, des journ\u00e9es de r\u00e9flexion et de l'espace pour vous ressourcer.","robots":{"index":"index","follow":"follow","max-snippet":"max-snippet:-1","max-image-preview":"max-image-preview:large","max-video-preview":"max-video-preview:-1"},"canonical":"https:\/\/bergkloster.smmp.de\/fr\/retraite-au-couvent\/","og_locale":"fr_FR","og_type":"article","og_title":"Auszeit im Kloster - Bergkloster Bestwig","og_description":"G\u00f6nnen Sie sich eine Auszeit im Kloster: Im Bergkloster Bestwig finden Sie Stille, geistliche Begleitung, Besinnungstage und Raum zum Durchatmen.","og_url":"https:\/\/bergkloster.smmp.de\/fr\/retraite-au-couvent\/","og_site_name":"Bergkloster Bestwig","article_modified_time":"2026-04-02T12:28:42+00:00","og_image":[{"width":2500,"height":1667,"url":"https:\/\/mlhg9qfnwayp.i.optimole.com\/w:auto\/h:auto\/q:mauto\/f:best\/https:\/\/bergkloster.smmp.de\/files\/2025\/06\/20110419-IMG_3395.jpg","type":"image\/jpeg"}],"twitter_card":"summary_large_image","twitter_misc":{"Dur\u00e9e de lecture est.":"3 minutes"},"schema":{"@context":"https:\/\/schema.org","@graph":[{"@type":"WebPage","@id":"https:\/\/bergkloster.smmp.de\/auszeit-im-kloster\/","url":"https:\/\/bergkloster.smmp.de\/auszeit-im-kloster\/","name":"Pause au monast\u00e8re - Monast\u00e8re de la montagne Bestwig","isPartOf":{"@id":"https:\/\/bergkloster.smmp.de\/#website"},"primaryImageOfPage":{"@id":"https:\/\/bergkloster.smmp.de\/auszeit-im-kloster\/#primaryimage"},"image":{"@id":"https:\/\/bergkloster.smmp.de\/auszeit-im-kloster\/#primaryimage"},"thumbnailUrl":"https:\/\/mlhg9qfnwayp.i.optimole.com\/w:auto\/h:auto\/q:mauto\/f:best\/https:\/\/bergkloster.smmp.de\/files\/2025\/06\/20110419-IMG_3395.jpg","datePublished":"2023-04-04T08:19:06+00:00","dateModified":"2026-04-02T12:28:42+00:00","description":"Accordez-vous une pause au monast\u00e8re : au monast\u00e8re de montagne de Bestwig, vous trouverez le silence, un accompagnement spirituel, des journ\u00e9es de r\u00e9flexion et de l'espace pour vous ressourcer.","breadcrumb":{"@id":"https:\/\/bergkloster.smmp.de\/auszeit-im-kloster\/#breadcrumb"},"inLanguage":"fr-BE","potentialAction":[{"@type":"ReadAction","target":["https:\/\/bergkloster.smmp.de\/auszeit-im-kloster\/"]}]},{"@type":"ImageObject","inLanguage":"fr-BE","@id":"https:\/\/bergkloster.smmp.de\/auszeit-im-kloster\/#primaryimage","url":"https:\/\/mlhg9qfnwayp.i.optimole.com\/w:auto\/h:auto\/q:mauto\/f:best\/https:\/\/bergkloster.smmp.de\/files\/2025\/06\/20110419-IMG_3395.jpg","contentUrl":"https:\/\/mlhg9qfnwayp.i.optimole.com\/w:auto\/h:auto\/q:mauto\/f:best\/https:\/\/bergkloster.smmp.de\/files\/2025\/06\/20110419-IMG_3395.jpg","width":2500,"height":1667,"caption":"Brunnen im Innenhof des Bergklosters Bestwig."},{"@type":"BreadcrumbList","@id":"https:\/\/bergkloster.smmp.de\/auszeit-im-kloster\/#breadcrumb","itemListElement":[{"@type":"ListItem","position":1,"name":"Startseite","item":"https:\/\/bergkloster.smmp.de\/"},{"@type":"ListItem","position":2,"name":"Auszeit im Kloster"}]},{"@type":"WebSite","@id":"https:\/\/bergkloster.smmp.de\/#website","url":"https:\/\/bergkloster.smmp.de\/","name":"Monast\u00e8re de montagne de Bestwig","description":"Espace &amp; tranquillit\u00e9","publisher":{"@id":"https:\/\/bergkloster.smmp.de\/#organization"},"potentialAction":[{"@type":"SearchAction","target":{"@type":"EntryPoint","urlTemplate":"https:\/\/bergkloster.smmp.de\/?s={search_term_string}"},"query-input":{"@type":"PropertyValueSpecification","valueRequired":true,"valueName":"search_term_string"}}],"inLanguage":"fr-BE"},{"@type":"Organization","@id":"https:\/\/bergkloster.smmp.de\/#organization","name":"Monast\u00e8re de montagne de Bestwig","url":"https:\/\/bergkloster.smmp.de\/","logo":{"@type":"ImageObject","inLanguage":"fr-BE","@id":"https:\/\/bergkloster.smmp.de\/#\/schema\/logo\/image\/","url":"https:\/\/mlhg9qfnwayp.i.optimole.com\/w:auto\/h:auto\/q:mauto\/f:best\/https:\/\/bergkloster.smmp.de\/files\/2023\/01\/smmp-bildmarke-web.png","contentUrl":"https:\/\/mlhg9qfnwayp.i.optimole.com\/w:auto\/h:auto\/q:mauto\/f:best\/https:\/\/bergkloster.smmp.de\/files\/2023\/01\/smmp-bildmarke-web.png","width":313,"height":313,"caption":"Bergkloster Bestwig"},"image":{"@id":"https:\/\/bergkloster.smmp.de\/#\/schema\/logo\/image\/"}}]}},"publishpress_future_action":{"enabled":false,"date":"2026-05-06 17:56:40","action":"change-status","newStatus":"draft","terms":[],"taxonomy":"category","extraData":[]},"publishpress_future_workflow_manual_trigger":{"enabledWorkflows":[]},"_links":{"self":[{"href":"https:\/\/bergkloster.smmp.de\/fr\/wp-json\/wp\/v2\/pages\/1177","targetHints":{"allow":["GET"]}}],"collection":[{"href":"https:\/\/bergkloster.smmp.de\/fr\/wp-json\/wp\/v2\/pages"}],"about":[{"href":"https:\/\/bergkloster.smmp.de\/fr\/wp-json\/wp\/v2\/types\/page"}],"author":[{"embeddable":true,"href":"https:\/\/bergkloster.smmp.de\/fr\/wp-json\/wp\/v2\/users\/146"}],"replies":[{"embeddable":true,"href":"https:\/\/bergkloster.smmp.de\/fr\/wp-json\/wp\/v2\/comments?post=1177"}],"version-history":[{"count":0,"href":"https:\/\/bergkloster.smmp.de\/fr\/wp-json\/wp\/v2\/pages\/1177\/revisions"}],"wp:featuredmedia":[{"embeddable":true,"href":"https:\/\/bergkloster.smmp.de\/fr\/wp-json\/wp\/v2\/media\/1209"}],"wp:attachment":[{"href":"https:\/\/bergkloster.smmp.de\/fr\/wp-json\/wp\/v2\/media?parent=1177"}],"wp:term":[{"taxonomy":"category","embeddable":true,"href":"https:\/\/bergkloster.smmp.de\/fr\/wp-json\/wp\/v2\/categories?post=1177"},{"taxonomy":"post_tag","embeddable":true,"href":"https:\/\/bergkloster.smmp.de\/fr\/wp-json\/wp\/v2\/tags?post=1177"}],"curies":[{"name":"wp","href":"https:\/\/api.w.org\/{rel}","templated":true}]}}