{"id":1239,"date":"2025-07-15T08:51:29","date_gmt":"2025-07-15T06:51:29","guid":{"rendered":"https:\/\/static3.smmp.de\/?page_id=1239"},"modified":"2026-04-20T08:57:50","modified_gmt":"2026-04-20T06:57:50","slug":"declaration-de-protection-des-donnees","status":"publish","type":"page","link":"https:\/\/bergkloster.smmp.de\/fr\/bergkloster-bestwig-uebernachten-auszeit-und-tagen-im-sauerland\/datenschutzerklaerung\/","title":{"rendered":"D\u00e9claration de confidentialit\u00e9"},"content":{"rendered":"<p><a href=\"https:\/\/smmp.de\/wp-content\/uploads\/2018\/08\/Informationen-zum-Datenschutz.pdf\">Informations sur la protection des donn\u00e9es Bergkloster Bestwig<\/a><\/p>\n\n\n<p><strong>L'utilisation de nos sites Web sans indication <a href=\"#daten\">donn\u00e9es personnelles<\/a> possible. <\/strong><p\/>\n\n<p><ol>\n\t<li>Toutes les donn\u00e9es sont prot\u00e9g\u00e9es par nous au plus haut niveau. Peu importe entre les mains de qui vous vous trouvez dans nos locaux. Nous traitons vos donn\u00e9es personnelles de mani\u00e8re confidentielle et conform\u00e9ment aux dispositions l\u00e9gales en mati\u00e8re de protection des donn\u00e9es ainsi qu'\u00e0 la pr\u00e9sente d\u00e9claration de confidentialit\u00e9.<\/li>\n\t<li>Cette d\u00e9claration de confidentialit\u00e9 est bas\u00e9e sur les exigences du r\u00e8glement g\u00e9n\u00e9ral sur la protection des donn\u00e9es (RGPD), la <a href=\"https:\/\/smmp.de\/download\/ordnungen\/KDR-OG-DOK-2018-01-30.pdf\">R\u00e8glement Eccl\u00e9siastique de Protection des Donn\u00e9es de la Communaut\u00e9 religieuse de droit pontifical (REPD-CRP)<\/a> ainsi que le <a href=\"https:\/\/smmp.de\/download\/ordnungen\/2016-kdo-durchfuehrungsverordnung-SMMP.pdf\">Ordonnance d'application de l'ordonnance sur la protection des donn\u00e9es eccl\u00e9siastiques dans la communaut\u00e9 religieuse des S\u0153urs de Sainte Marie-Madeleine Postel (OAPDO-SMMP)<\/a>.<\/li>\n\t<li>Cette politique de confidentialit\u00e9 vous informe sur la nature, la port\u00e9e et le but du traitement des donn\u00e9es personnelles (ci-apr\u00e8s d\u00e9nomm\u00e9es \u201e donn\u00e9es \u201d) dans le cadre de notre offre en ligne et des sites web, fonctions et contenus qui y sont associ\u00e9s, ainsi que des pr\u00e9sences en ligne externes, telles que nos profils sur les r\u00e9seaux sociaux (ci-apr\u00e8s collectivement d\u00e9sign\u00e9s comme \u201e offre en ligne \u201d). En ce qui concerne les termes utilis\u00e9s, tels que \u201e traitement \u201d ou \u201e responsable du traitement \u201d, nous renvoyons aux d\u00e9finitions du \u00a7 4 KDR-OG.<\/li>\n<\/ol><\/p>\n<!-- Inhaltsverzeichnis -->\n<h3>Contenu<\/h3>\n<ol>\n\t<li><a href=\"#arten\">Types de donn\u00e9es trait\u00e9es<\/a><\/li>\n\t<li><a href=\"#zweck\">Finalit\u00e9 du traitement<\/a><\/li>\n\t<li><a href=\"#begriffe\">Termes utilis\u00e9s<\/a><\/li>\n\t<li><a href=\"#daten\">Donn\u00e9es personnelles<\/a><\/li>\n\t<li><a href=\"#rechtsgrundlage\">Base juridique du traitement des donn\u00e9es personnelles<\/a><\/li>\n\t<li><a href=\"#nutzung\">Utilisation et partage des donn\u00e9es personnelles<\/a><\/li>\n\t<li><a href=\"#drittland\">Transfer de donn\u00e9es vers un pays tiers<\/a><\/li>\n\t<li><a href=\"#loeschung\">Suppression des donn\u00e9es et dur\u00e9e de conservation<\/a><\/li>\n\t<li><a href=\"#auskunft\">Droit de regard<\/a><\/li>\n\t<li><a href=\"#ssl\">Cryptage SSL<\/a><\/li>\n\t<li><a href=\"#datenverarbeitung\">Description et \u00e9tendue du traitement des donn\u00e9es<\/a><\/li>\n\t<li><a href=\"#gefahrenabwehr\">Pr\u00e9vention des dangers<\/a><\/li>\n\t<li><a href=\"#cookies\">Cookies<\/a><\/li>\n\t<li><a href=\"#matomo\">Mesure de port\u00e9e avec Piwik\/Matomo<\/a><\/li>\n\t<li><a href=\"#socialmedia\">Pr\u00e9sences en ligne sur les r\u00e9seaux sociaux<\/a><\/li>\n\t<li><a href=\"#smb\">Boutons de r\u00e9seaux sociaux<\/a><\/li>\n\t<li><a href=\"#dritte\">Int\u00e9gration de services et de contenus de tiers<\/a><\/li>\n\t<li><a href=\"#googlemaps\">Google Maps<\/a><\/li>\n\t<li><a href=\"#googlefonts\">Google Fonts<\/a><\/li>\n\t<li><a href=\"#spark\">Adobe Spark<\/a><\/li>\n\t<li><a href=\"#youtube\">YouTube<\/a><\/li>\n\t\n\t\n\t<li><a href=\"#podcast\">Podcasts<\/a><\/li>\n\t<li><a href=\"#dokumente\">Autres documents sur la protection des donn\u00e9es<\/a><\/li>\n<\/ol>\n<!-- Inhalt -->\n<h3><a name=\"arten\">1. Types de donn\u00e9es trait\u00e9es<\/a><\/h3>\n<ul>\n\t<li>Donn\u00e9es de fichiers (par exemple, noms, adresses).<\/li>\n\t<li>Coordonn\u00e9es (par exemple, e-mail, num\u00e9ros de t\u00e9l\u00e9phone).<\/li>\n\t<li>Donn\u00e9es de contenu (par exemple, saisies de texte, photographies, vid\u00e9os).<\/li>\n\t<li>Donn\u00e9es d'utilisation (par exemple, sites web visit\u00e9s, heures d'acc\u00e8s).<\/li>\n\t<li>Donn\u00e9es m\u00e9ta-\/de communication (par exemple, informations sur l'appareil, adresses IP).<\/li>\n<\/ul>\n<h3><a name=\"zweck\">2. Objet du traitement<\/a><\/h3>\n<ul>\n\t<li>mise \u00e0 disposition de l'offre en ligne, de ses fonctionnalit\u00e9s et de ses contenus,<\/li>\n\t<li>R\u00e9pondre aux demandes de contact et communiquer avec les utilisateurs.,<\/li>\n\t<li>Mesures de s\u00e9curit\u00e9,<\/li>\n\t<li>Mesure de port\u00e9e.<\/li>\n<\/ul>\n\n<h3><a name=\"begriffe\">3. Termes utilis\u00e9s<\/a><\/h3>\n<p>\u201e Donn\u00e9es \u00e0 caract\u00e8re personnel \u201d : toute information se rapportant \u00e0 une personne physique identifi\u00e9e ou identifiable (ci-apr\u00e8s d\u00e9nomm\u00e9e \u201e personne concern\u00e9e \u201d) ; est identifiable une personne physique qui peut \u00eatre identifi\u00e9e, directement ou indirectement, notamment par r\u00e9f\u00e9rence \u00e0 un identifiant, tel qu'un nom, un num\u00e9ro d'identification, des donn\u00e9es de localisation, un identifiant en ligne, ou \u00e0 un ou plusieurs \u00e9l\u00e9ments sp\u00e9cifiques propres \u00e0 son identit\u00e9 physique, physiologique, g\u00e9n\u00e9tique, psychique, \u00e9conomique, culturelle ou sociale.<\/p>\n\n<p>\u201eLe \u201d traitement \u00bb est toute op\u00e9ration effectu\u00e9e sur des donn\u00e9es \u00e0 caract\u00e8re personnel, seule ou dans le cadre d'un processus, au moyen de proc\u00e9d\u00e9s automatis\u00e9s ou non. Le terme est large et englobe pratiquement toute manipulation de donn\u00e9es.<\/p>\n\n<p>Par \u201e responsable du traitement \u201d, on entend la personne physique ou morale, l'autorit\u00e9 publique, les services ou autre organisme qui, seul ou conjointement avec d'autres, d\u00e9termine les finalit\u00e9s et les moyens du traitement des donn\u00e9es \u00e0 caract\u00e8re personnel.<\/p>\n\n<h3><a name=\"daten\">4. Donn\u00e9es personnelles<\/a><\/h3>\n<p>Dans la mesure o\u00f9 des donn\u00e9es personnelles (notamment nom, adresse ou adresses e-mail) sont collect\u00e9es sur nos sites, cela se fait toujours sur une base volontaire. Une exception s'applique dans les cas o\u00f9 l'obtention pr\u00e9alable d'un consentement n'est pas possible pour des raisons factuelles et que le traitement des donn\u00e9es est autoris\u00e9 par des dispositions l\u00e9gales. <\/p>\n\n<p>Si vous nous par <strong>Formulaire de contact<\/strong> Les requ\u00eates ou messages qui vous sont envoy\u00e9s vous seront transmis par courriel. Ils ne seront ni stock\u00e9s par ce serveur web ni par ce site web.<\/p> \n\n<p>Vos informations du formulaire de contact, y compris les donn\u00e9es de contact que vous y avez fournies, seront enregistr\u00e9es sur notre serveur de messagerie, qui n'est pas connect\u00e9 \u00e0 ce site web, afin de traiter votre demande et pour le cas de questions de suivi, ou supprim\u00e9es sur demande.<\/p>\n\n<p>Vous pouvez r\u00e9voquer votre consentement \u00e0 tout moment pour l'avenir par e-mail aupr\u00e8s du destinataire de votre demande ou de votre message. L'adresse e-mail du destinataire est indiqu\u00e9e sous chaque formulaire de contact.<\/p>\n\n<p>Les donn\u00e9es transmises ne seront pas utilis\u00e9es \u00e0 des fins de publicit\u00e9 directe ou \u00e0 d'autres fins marketing.<\/p>\n\n<h3><a name=\"rechtsgrundlage\">5. Base juridique du traitement des donn\u00e9es personnelles<\/a><\/h3>\n<p>Dans la mesure o\u00f9 nous obtenons le consentement de la personne concern\u00e9e pour des op\u00e9rations de traitement de donn\u00e9es personnelles, le \u00a76 al. 1 let. b KDR-OG sert de base l\u00e9gale.<\/p>\n<p>Lors du traitement de donn\u00e9es personnelles n\u00e9cessaires \u00e0 l'ex\u00e9cution d'un contrat auquel la personne concern\u00e9e est partie, le \u00a76 al. 1 lit. c KDR-OG sert de base juridique. Ceci s'applique \u00e9galement aux op\u00e9rations de traitement n\u00e9cessaires \u00e0 la mise en \u0153uvre de mesures pr\u00e9contractuelles.<\/p>\n<p>Dans la mesure o\u00f9 le traitement de donn\u00e9es personnelles est n\u00e9cessaire \u00e0 l'ex\u00e9cution d'une obligation l\u00e9gale \u00e0 laquelle notre entreprise est soumise, l'article 6, paragraphe 1, point d) du KDR-OG sert de base juridique.<\/p>\n<p>Si le traitement des donn\u00e9es \u00e0 caract\u00e8re personnel est n\u00e9cessaire \u00e0 la sauvegarde des int\u00e9r\u00eats vitaux de la personne concern\u00e9e ou de toute autre personne physique, le \u00a7 6 alin\u00e9a 1 point e du KDR-OG constitue la base juridique.<\/p>\n<p>Si le traitement est n\u00e9cessaire \u00e0 la sauvegarde d'un int\u00e9r\u00eat l\u00e9gitime de notre entreprise ou d'un tiers, et que les int\u00e9r\u00eats, droits fondamentaux et libert\u00e9s fondamentales de la personne concern\u00e9e ne pr\u00e9valent pas sur cet int\u00e9r\u00eat l\u00e9gitime, alors le \u00a7 6 Abs. 1 lit. g KDR-OG sert de base juridique au traitement.<\/p>\n\n<h3><a name=\"nutzung\">6. Utilisation et partage des donn\u00e9es personnelles<\/a><\/h3>\n<p>Dans la mesure o\u00f9 vous nous avez fourni des donn\u00e9es personnelles, nous les utilisons uniquement pour r\u00e9pondre \u00e0 vos demandes, pour ex\u00e9cuter les contrats conclus avec vous et pour l'administration technique. Ces donn\u00e9es personnelles ne seront transmises \u00e0 des tiers ou communiqu\u00e9es d'une autre mani\u00e8re que si cela est n\u00e9cessaire \u00e0 des fins d'ex\u00e9cution de contrat - en particulier la transmission de donn\u00e9es de commande \u00e0 des fournisseurs -, si cela est n\u00e9cessaire \u00e0 des fins de facturation ou si vous y avez pr\u00e9alablement consenti. Vous avez le droit de r\u00e9voquer \u00e0 tout moment un consentement donn\u00e9, avec effet pour l'avenir.<\/p>\n\n<h3><a name=\"drittland\">7. Transmission de donn\u00e9es vers un pays tiers<\/a><\/h3>\n<p>Dans le cadre des activit\u00e9s de traitement mentionn\u00e9es ci-dessus, l'int\u00e9gration d'un prestataire de services dont le si\u00e8ge social ou l'emplacement des serveurs se trouve aux \u00c9tats-Unis d'Am\u00e9rique (USA) est effectu\u00e9e sur la base d'un contrat de traitement des donn\u00e9es conclu conform\u00e9ment au \u00a7 29 KDR-OG.<\/p>\n\n<p>La soci\u00e9t\u00e9 am\u00e9ricaine b\u00e9n\u00e9ficie d'une certification conform\u00e9ment \u00e0 la d\u00e9cision d'ad\u00e9quation \u00a7 40 al. 1 KDR-OG (dit \u201cEU-US Data Privacy Framework\" (DPF)). Le DPF est un accord entre l'Union europ\u00e9enne et les \u00c9tats-Unis qui vise \u00e0 garantir le respect de la norme l\u00e9gale de protection des donn\u00e9es pour le traitement des donn\u00e9es aux \u00c9tats-Unis. Chaque entreprise certifi\u00e9e selon le DPF s'engage \u00e0 respecter ces normes de protection des donn\u00e9es.<\/p>\n\n<p>La d\u00e9cision d'ad\u00e9quation de la Commission europ\u00e9enne peut \u00eatre consult\u00e9e sur le site web de la Commission europ\u00e9enne \u00e0 l'adresse suivante : <a href=\"https:\/\/commission.europa.eu\/system\/files\/2023-07\/Adequacy%20decision%20EU-US%20Data%20Privacy%20Framework_en.pdf\">D\u00e9cision d'ad\u00e9quation Cadre UE-\u00c9tats-Unis pour la protection de la vie priv\u00e9e_fr.pdf (europa.eu)<\/a><\/p>\n\n<p>Pour plus d'informations sur la certification des prestataires de services, veuillez consulter le minist\u00e8re du Commerce des \u00c9tats-Unis : <a href=\"https:\/\/www.dataprivacyframework.gov\/s\/participant-search\">www.dataprivacyframework.gov\/s\/participant-search<\/a><\/p><\/p>\n\n<p>Dans la mesure o\u00f9 le prestataire de services n'est pas certifi\u00e9 DPF, un niveau de protection des donn\u00e9es ad\u00e9quat est assur\u00e9 en ce qui concerne le transfert de donn\u00e9es en s'appuyant sur les clauses contractuelles types relatives \u00e0 la protection des donn\u00e9es approuv\u00e9es par la Commission europ\u00e9enne conform\u00e9ment au \u00a7 40 alin\u00e9a 2 KDR-OG. L'application des clauses contractuelles types garantit le respect de la norme l\u00e9gale en mati\u00e8re de protection des donn\u00e9es dans le cadre de la transmission de donn\u00e9es au prestataire de services.<\/p>\n\n<h3><a name=\"loeschung\">8. Suppression des donn\u00e9es et dur\u00e9e de conservation<\/a><\/h3>\n<p>Les donn\u00e9es personnelles de la personne concern\u00e9e seront effac\u00e9es ou bloqu\u00e9es d\u00e8s que le but de la conservation sera atteint. Une conservation peut \u00e9galement avoir lieu si cela est pr\u00e9vu par le l\u00e9gislateur europ\u00e9en ou national dans des r\u00e8glements, lois ou autres dispositions de l'Union europ\u00e9enne auxquels le responsable du traitement est soumis. Le blocage ou l'effacement des donn\u00e9es aura \u00e9galement lieu lorsque la p\u00e9riode de conservation prescrite par les normes susmentionn\u00e9es expire, sauf s'il est n\u00e9cessaire de conserver davantage les donn\u00e9es pour la conclusion ou l'ex\u00e9cution d'un contrat.<\/p>\n\n<h3><a name=\"auskunft\">9. Droit d'information<\/a><\/h3>\n<p>Sur demande \u00e9crite, nous vous informerons volontiers des donn\u00e9es vous concernant qui sont stock\u00e9es.<\/p>\n\n<h3><a name=\"ssl\">10. Chiffrement SSL<\/a><\/h3>\n<p>Nos sites web utilisent un cryptage SSL pour des raisons de s\u00e9curit\u00e9 et pour prot\u00e9ger la transmission de contenus confidentiels, tels que les requ\u00eates que vous nous envoyez en tant qu'op\u00e9rateur du site. Vous reconna\u00eetrez une connexion crypt\u00e9e au fait que la barre d'adresse de votre navigateur passe de \u201e http:\/\/ \u201c \u00e0 \u201e https:\/\/ \u201c et \u00e0 l'ic\u00f4ne de cadenas dans la barre de votre navigateur.<\/p>\n\n<p>Si le cryptage SSL est activ\u00e9, les donn\u00e9es que vous nous soumettez ne peuvent pas \u00eatre lues par des tiers.<\/p>\n\n<h3><a name=\"datenverarbeitung\">11. Description et \u00e9tendue du traitement des donn\u00e9es<\/a><\/h3>\n<p>Lors de chaque appel \u00e0 notre site Internet, notre syst\u00e8me enregistre automatiquement des donn\u00e9es et des informations provenant du syst\u00e8me informatique de l'ordinateur appelant.<\/p>\n<p>Les donn\u00e9es suivantes sont recueillies ici :<\/p>\n<ol>\n\t<li>Informations sur le type de navigateur et la version utilis\u00e9e<\/li>\n\t<li>Le syst\u00e8me d'exploitation de l'utilisateur<\/li>\n\t<li>Type d'appareil terminal de l'utilisateur<\/li>\n\t<li>Le fournisseur d'acc\u00e8s \u00e0 Internet de l'utilisateur<\/li>\n\t<li>L'adresse IP de l'utilisateur<\/li>\n\t<li>Date et heure de l'acc\u00e8s<\/li>\n\t<li>Sites Web \u00e0 partir desquelles le syst\u00e8me de l'utilisateur acc\u00e8de \u00e0 notre site Web<\/li>\n\t<li>Sites web consult\u00e9es par le syst\u00e8me de l'utilisateur via nos sites web<\/li>\n<\/ol>\n<p>Les donn\u00e9es sont \u00e9galement stock\u00e9es dans les fichiers journaux de notre syst\u00e8me. Les adresses IP de l'utilisateur ou d'autres donn\u00e9es permettant d'attribuer les donn\u00e9es \u00e0 un utilisateur ne sont pas concern\u00e9es. Le stockage de ces donn\u00e9es avec d'autres donn\u00e9es personnelles de l'utilisateur n'a pas lieu. Nous nous r\u00e9servons le droit de v\u00e9rifier ces donn\u00e9es ult\u00e9rieurement si des indices concrets d'une utilisation ill\u00e9gale nous parviennent.<\/p>\n\n<p>La base juridique du stockage temporaire des donn\u00e9es et des journaux est le \u00a7 6 alin\u00e9a 1 lettre g KDR-OG.<\/p>\n\n<p>Le stockage temporaire de l'adresse IP par le syst\u00e8me est n\u00e9cessaire pour permettre la livraison du site Web \u00e0 l'ordinateur de l'utilisateur. \u00c0 cette fin, l'adresse IP de l'utilisateur doit \u00eatre conserv\u00e9e pendant toute la dur\u00e9e de la session.<\/p>\n\n<p>Nos int\u00e9r\u00eats l\u00e9gitimes dans le traitement des donn\u00e9es conform\u00e9ment au \u00a7 6 al. 1 lit. g du KDR-OG r\u00e9sident \u00e9galement dans ces finalit\u00e9s.<\/p>\n\n<p>La collecte des donn\u00e9es pour la mise \u00e0 disposition du site internet et le stockage des donn\u00e9es dans des fichiers journaux sont absolument n\u00e9cessaires au fonctionnement de la page internet. Il n'y a donc aucune possibilit\u00e9 d'opposition de la part de l'utilisateur.<\/p>\n\n<h3><a name=\"gefahrenabwehr\">12. Lutte contre les dangers<\/a><\/h3>\n<p>Pour se d\u00e9fendre contre les attaques par force brute et autres attaques contre nos sites web, les adresses IP \u00e0 partir desquelles la fonction de connexion des sites web est acc\u00e9d\u00e9e sont stock\u00e9es dans la base de donn\u00e9es de notre syst\u00e8me de gestion de contenu. Ceci constitue un int\u00e9r\u00eat l\u00e9gitime au sens du \u00a76 alin\u00e9a 1 lit. g KDR-OG.<\/p>\n\n<h3><a name=\"cookies\">13. Biscuits<\/a><\/h3>\n<p>Les cookies sont de petits fichiers texte qui sont plac\u00e9s sur votre ordinateur et que votre navigateur enregistre. Les cookies n'endommagent pas votre ordinateur et ne contiennent pas de virus. Une partie des cookies utilis\u00e9s sur ce site web sert \u00e0 int\u00e9grer du contenu externe, une autre partie sert \u00e0 compter les visiteurs.<\/p>\n\n<p>Un cookie est un cookie de test (on l'appelle aussi ainsi) dont le seul but est de d\u00e9terminer si le navigateur de l'utilisateur accepte les cookies.<\/p>\n\n<p>Un cookie utilis\u00e9 par ce site web est le cookie de la banni\u00e8re de cookies qui enregistre vos param\u00e8tres de cookies. Ce cookie (borlabs-cookie) reste stock\u00e9 sur votre appareil terminal jusqu'\u00e0 ce que vous le supprimiez. Il nous permet de reconna\u00eetre votre navigateur lors de votre prochaine visite et de vous \u00e9viter de devoir poser \u00e0 nouveau la question concernant vos param\u00e8tres de cookies.<\/p>\n\n<p>Un autre cookie, est-ce que c'est celui de <a href=\"#matomo\">Matomo<\/a>, which is part of our visitor statistics.<\/p>\n\n<p>Ce site web utilise des cookies de session d\u00e8s qu'un utilisateur se connecte \u00e0 notre syst\u00e8me de gestion de contenu. Cependant, cela ne concerne que les employ\u00e9s disposant d'une autorisation d'acc\u00e8s valide.<\/p> \n\n<p>L\u00e0 o\u00f9 les contenus externes, tels que par exemple. <a href=\"#youtube\">Vid\u00e9os YouTube<\/a> Lorsque vous \u00eates int\u00e9gr\u00e9, des cookies des fournisseurs de contenu sont charg\u00e9s, qui servent au contr\u00f4le des fen\u00eatres de lecture et au comptage des visiteurs par ces fournisseurs de contenu.<\/p>\n\n<p>Vous pouvez modifier \/ r\u00e9voquer votre consentement aux cookies pour ce site Web \u00e0 tout moment en cliquant sur ce bouton.<br \/>\n\n<p>Vous pouvez configurer votre navigateur pour \u00eatre inform\u00e9 de la mise en place de cookies et n'autoriser les cookies que dans des cas individuels. Vous pouvez exclure l'acceptation des cookies pour certains cas ou en g\u00e9n\u00e9ral, ainsi qu'activer la suppression automatique des cookies \u00e0 la fermeture du navigateur. La d\u00e9sactivation des cookies peut limiter la fonctionnalit\u00e9 de ce site web.<\/p>\n\n<h3><a name=\"matomo\">14. Mesure de port\u00e9e avec Piwik\/Matomo<\/a><\/h3>\n\n<p>Sur ce site Web, des donn\u00e9es sont collect\u00e9es et enregistr\u00e9es sur la base de notre int\u00e9r\u00eat l\u00e9gitime \u00e0 l'analyse statistique du comportement des utilisateurs \u00e0 des fins d'optimisation, conform\u00e9ment \u00e0 l'article 6, paragraphe 1, point g du KDR-OG. \u00c0 cette fin, des profils d'utilisation pseudonymis\u00e9s peuvent \u00eatre cr\u00e9\u00e9s et \u00e9valu\u00e9s. Des cookies peuvent \u00e9galement \u00eatre utilis\u00e9s \u00e0 cette fin. Ils permettent notamment de reconna\u00eetre le navigateur Internet lorsqu'il revient. Les informations g\u00e9n\u00e9r\u00e9es par le cookie dans le profil d'utilisateur pseudonymis\u00e9 ne sont pas utilis\u00e9es pour identifier personnellement le visiteur de ce site Web et ne sont pas regroup\u00e9es avec des donn\u00e9es personnelles concernant le titulaire du pseudonyme. Les donn\u00e9es d'utilisation ainsi obtenues ne sont pas transmises \u00e0 des tiers.<\/p>\n\n<p><strong>Champ d'application et description du traitement des donn\u00e9es personnelles<\/strong><br \/>\nNous utilisons le logiciel d'analyse Web Matomo \u2013 anciennement \u201e Piwik \u201c \u2013 (www.matomo.org), un service du fournisseur InnoCraft Ltd., 150 Willis St, 6011 Wellington, Nouvelle-Z\u00e9lande (\u201e Matomo \u201c). Matomo enregistre des cookies sur votre appareil, qui permettent une analyse de l'utilisation de notre site Web.<\/p>\n\n<p>Les informations ainsi collect\u00e9es seront stock\u00e9es exclusivement sur notre serveur en Allemagne, \u00e0 savoir les donn\u00e9es suivantes :<\/p>\n<ul>\n<li>l'adresse IP du syst\u00e8me appelant de l'utilisateur<\/li>\n<li>la page web demand\u00e9e<\/li>\n<li>Le site web d'o\u00f9 l'utilisateur est arriv\u00e9 sur la page web consult\u00e9e (r\u00e9f\u00e9rent)<\/li>\n<li>les sous-pages accessibles depuis la page web appel\u00e9e<\/li>\n<li>la dur\u00e9e de s\u00e9jour sur le site web<\/li>\n<li>la fr\u00e9quence de consultation de la page web<\/li>\n<\/ul>\n<p>Les adresses IP sont trait\u00e9es de mani\u00e8re tronqu\u00e9e, excluant ainsi toute identification directe de la personne. Le logiciel est configur\u00e9 de mani\u00e8re \u00e0 ne pas enregistrer les adresses IP compl\u00e8tes, mais \u00e0 masquer 2\u00a0octets de l'adresse IP (par exemple, 192.168.xxx.xxx). De cette mani\u00e8re, il n'est plus possible d'attribuer l'adresse IP tronqu\u00e9e \u00e0 l'ordinateur appelant. L'adresse IP anonymis\u00e9e transmise par votre navigateur via Matomo ne sera pas combin\u00e9e avec d'autres donn\u00e9es.<\/p>\n\n<p><strong>Base juridique du traitement des donn\u00e9es personnelles<\/strong><br \/>\nLa base juridique du traitement des donn\u00e9es de l'utilisateur est le paragraphe 6, alin\u00e9a 1, lettre g) KDR-OG.<\/p>\n\n<p><strong>Objectifs du traitement<\/strong><br \/>\nAvec Matomo, nous analysons l'utilisation de notre site web afin de trouver les erreurs, de suivre le nombre et les types d'actions des utilisateurs et d'am\u00e9liorer continuellement l'exp\u00e9rience utilisateur.<\/p>\n\n<iframe\n        style=\"border: 0; height: 200px; width: 640px;\"\n        src=\"https:\/\/analytics.smmp.de\/index.php?module=CoreAdminHome&action=optOut&language=de&backgroundColor=cd0067&fontColor=ffffff&fontSize=16px&fontFamily=Open%20Sans\"\n        ><\/iframe>\n\n\n<\/p>\n\n<h3><a name=\"socialmedia\">15. Pr\u00e9sences en ligne sur les r\u00e9seaux sociaux<\/a><\/h3>\n\n<p>Nous entretenons des pr\u00e9sences en ligne sur les r\u00e9seaux sociaux YouTube, Facebook, Instagram et Twitter afin de pouvoir communiquer avec les clients, les prospects et les utilisateurs actifs sur ces plateformes et les informer de nos services. L'appel des r\u00e9seaux et plateformes respectifs est soumis aux conditions g\u00e9n\u00e9rales et aux politiques de traitement des donn\u00e9es de leurs op\u00e9rateurs respectifs.<\/p> \n\n<p>Sauf indication contraire dans notre politique de confidentialit\u00e9, nous traitons les donn\u00e9es des utilisateurs lorsqu'ils communiquent avec nous sur les r\u00e9seaux sociaux et les plateformes, par exemple en publiant sur nos pr\u00e9sences en ligne ou en nous envoyant des messages.<\/p>\n\n<h3><a name=\"smb\">16. Boutons de m\u00e9dias sociaux<\/a><\/h3>\n\n<p>Les contenus de nos pages peuvent \u00eatre partag\u00e9s dans le respect de la vie priv\u00e9e sur les r\u00e9seaux sociaux tels que Facebook, Twitter, Xing ou WhatsApp. Pour ce faire, ce site utilise l'outil Shariff. Cet outil n'\u00e9tablit le contact direct entre les r\u00e9seaux et les utilisateurs que lorsque l'utilisateur clique activement sur l'un de ces boutons.<\/p>\n\n<p>Aucun transfert automatique de donn\u00e9es utilisateur aux op\u00e9rateurs de ces plateformes n'est effectu\u00e9 par cet outil. Si l'utilisateur est connect\u00e9 \u00e0 l'un des r\u00e9seaux sociaux, l'utilisation des boutons de r\u00e9seaux sociaux de Facebook, Twitter, Xing ou WhatsApp fait appara\u00eetre une fen\u00eatre d'information dans laquelle l'utilisateur peut confirmer le texte avant de l'envoyer.<\/p>\n\n<p>Nos utilisateurs peuvent partager le contenu de cette page sur les r\u00e9seaux sociaux dans le respect de la vie priv\u00e9e, sans que des profils de navigation complets ne soient cr\u00e9\u00e9s par les op\u00e9rateurs des r\u00e9seaux. Vous trouverez plus d'informations sur le plugin et sur la solution Shariff ici : <a href=\"https:\/\/de.wordpress.org\/plugins\/shariff\/\">https:\/\/de.wordpress.org\/plugins\/shariff\/<\/a><\/p>\n\n<h3><a name=\"dritte\">17. Int\u00e9gration de services et de contenus tiers<\/a><\/h3>\n\n<p>Dans le cadre de notre offre en ligne, nous utilisons sur la base de nos int\u00e9r\u00eats l\u00e9gitimes (c'est-\u00e0-dire l'int\u00e9r\u00eat pour l'analyse, l'optimisation et le fonctionnement \u00e9conomique de notre offre en ligne au sens du \u00a7 6 al. 1 lit. g KDR-OG) en partie des offres de contenu ou de services de tiers, afin d'int\u00e9grer leurs contenus et services, tels que des vid\u00e9os ou polices de caract\u00e8res (ci-apr\u00e8s d\u00e9nomm\u00e9s collectivement \u201e contenus \u201d).<\/p> \n\n<p>Cela suppose toujours que les fournisseurs tiers de ces contenus per\u00e7oivent l'adresse IP des utilisateurs, car ils ne pourraient pas envoyer les contenus \u00e0 leur navigateur sans l'adresse IP. L'adresse IP est donc n\u00e9cessaire pour la pr\u00e9sentation de ces contenus. Nous nous effor\u00e7ons de n'utiliser que des contenus dont les fournisseurs respectifs utilisent l'adresse IP uniquement pour la livraison des contenus. Les fournisseurs tiers peuvent en outre utiliser des \u201epixel tags\u201d (graphiques invisibles, \u00e9galement appel\u00e9s \u201ebalises web\u201d) \u00e0 des fins statistiques ou de marketing. Les \"pixel tags\" permettent d'\u00e9valuer des informations telles que le trafic de visiteurs sur les pages de ce site web. Les informations pseudonymes peuvent en outre \u00eatre enregistr\u00e9es dans des cookies sur l'appareil de l'utilisateur et contenir, entre autres, des informations techniques sur le navigateur et le syst\u00e8me d'exploitation, les pages web de r\u00e9f\u00e9rence, l'heure de la visite ainsi que d'autres indications sur l'utilisation de notre offre en ligne, mais aussi \u00eatre associ\u00e9es \u00e0 de telles informations provenant d'autres sources.<\/p>\n\n<h3><a name=\"googlemaps\">18. Google Maps<\/a><\/h3>\n\n<p>Nous int\u00e9grons les cartes du service \u201e Google Maps \u201d du fournisseur Google Ireland Limited, Gordon House, Barrow Street, Dublin 4, Irlande. Les donn\u00e9es trait\u00e9es peuvent notamment inclure les adresses IP et les donn\u00e9es de localisation des utilisateurs, qui ne sont toutefois pas collect\u00e9es sans leur consentement (g\u00e9n\u00e9ralement dans le cadre des param\u00e8tres de leurs appareils mobiles). D\u00e9claration de confidentialit\u00e9 : <a href=\"https:\/\/www.google.com\/policies\/privacy\/\">https:\/\/www.google.com\/policies\/privacy\/<\/a>, Refus : <a href=\"https:\/\/adssettings.google.com\/authenticated\">https:\/\/adssettings.google.com\/authenticated<\/a>.<\/p>\n\n<h3><a name=\"googlefonts\">19. Google Polices<\/a><\/h3>\n<p>Ce site web charge les polices Google localement \u00e0 partir de son propre serveur. O\u00f9 <a href=\"#youtube\">Vid\u00e9os YouTube<\/a> m\u00eame lorsqu'ils sont int\u00e9gr\u00e9s, le lecteur YouTube charge toujours les polices depuis fonts.gstatic.com. Pour l'instant, nous ne voyons aucun moyen de l'emp\u00eacher.<\/p>\n\n<h3><a name=\"spark\">20. Adobe Spark<\/a><\/h3>\n<p>Dans le cadre de notre offre en ligne, des fonctionnalit\u00e9s et des contenus du service Adobe Spark, propos\u00e9 par Adobe Systems Software Ireland Limited, 4-6 Riverwalk, Citywest Business Campus, Dublin 24, R\u00e9publique d'Irlande, peuvent \u00eatre int\u00e9gr\u00e9s. En utilisant Adobe Spark Page sur ce site web, des donn\u00e9es sont \u00e9galement transmises \u00e0 Adobe - mais seulement lorsque le visiteur clique sur une pr\u00e9sentation Adobe Spark. Nous attirons votre attention sur le fait que nous n'avons aucune connaissance du contenu des donn\u00e9es transmises ni de leur utilisation par Adobe. D\u00e9claration de confidentialit\u00e9 d'Adobe Spark : <a href=\"https:\/\/www.adobe.com\/de\/privacy.html\">https:\/\/www.adobe.com\/de\/privacy.html<\/a><\/p>\n\n<p>L'utilisation d'Adobe Spark sert \u00e0 pr\u00e9senter nos offres en ligne de mani\u00e8re attrayante. Cela constitue un int\u00e9r\u00eat l\u00e9gitime au sens de l'art. 6 al. 1 let. g KDR-OG. Si un consentement appropri\u00e9 a \u00e9t\u00e9 demand\u00e9 (par exemple, un consentement au stockage de cookies), le traitement est effectu\u00e9 exclusivement sur la base de l'art. 6 al. 1 let. b KDR-OG; le consentement peut \u00eatre r\u00e9voqu\u00e9 \u00e0 tout moment.<\/p>\n\n<h3><a name=\"youtube\">21. YouTube<\/a><\/h3>\n\n<p>Nous utilisons le \u201e mode de confidentialit\u00e9 avanc\u00e9 \u201c du fournisseur YouTube pour int\u00e9grer des vid\u00e9os. Selon YouTube, aucune information personnelle n\u2019est conserv\u00e9e pour la lecture de vid\u00e9os int\u00e9gr\u00e9es avec le mode de confidentialit\u00e9 avanc\u00e9. Lorsque du contenu YouTube est utilis\u00e9, un cookie (VISITOR_INFO1_LIVE) est utilis\u00e9 pour estimer la bande passante de t\u00e9l\u00e9chargement disponible et un autre (YSC) pour cr\u00e9er un identifiant utilisateur qui sert \u00e0 contr\u00f4ler la fen\u00eatre de lecture. Ce cookie n\u2019est valable que jusqu\u2019\u00e0 la fin de la session.<\/p>\n\n<p>Le mode de confidentialit\u00e9 am\u00e9lior\u00e9, selon YouTube, garantit que YouTube ne stockera aucune information sur les visiteurs de ce site web avant qu'ils ne regardent la vid\u00e9o. D\u00e8s que vous lancez une vid\u00e9o YouTube sur ce site web, une connexion est \u00e9tablie avec les serveurs de YouTube. Cela informe le serveur YouTube des pages que vous avez visit\u00e9es sur notre site. Si vous \u00eates connect\u00e9 \u00e0 votre compte YouTube, vous permettez \u00e0 YouTube d'associer directement votre comportement de navigation \u00e0 votre profil personnel. Vous pouvez \u00e9viter cela en vous d\u00e9connectant de votre compte YouTube.<\/p>\n\n<p>De plus, YouTube peut stocker divers cookies sur votre appareil une fois qu'une vid\u00e9o est lanc\u00e9e. Gr\u00e2ce \u00e0 ces cookies, YouTube peut obtenir des informations sur les visiteurs de ce site Web. Ces informations sont utilis\u00e9es, entre autres, pour collecter des statistiques vid\u00e9o, am\u00e9liorer la convivialit\u00e9 et pr\u00e9venir les fraudes. Les cookies restent sur votre appareil jusqu'\u00e0 ce que vous les supprimiez. Si n\u00e9cessaire, d'autres processus de traitement des donn\u00e9es peuvent \u00eatre d\u00e9clench\u00e9s apr\u00e8s le lancement d'une vid\u00e9o YouTube, sur lesquels nous n'avons aucune influence.<\/p>\n\n<p>Vous trouverez plus d'informations sur la politique officielle de confidentialit\u00e9 de YouTube ici : <a href=\"https:\/\/www.google.de\/intl\/de\/policies\/privacy\/\">https:\/\/www.google.de\/intl\/de\/policies\/privacy\/<\/a><\/p>\n\n<p>L\u00e0 o\u00f9 les vid\u00e9os YouTube se trouvent dans un <a href=\"#spark\">Pr\u00e9sentation Adobe Spark<\/a> inclus, ils ne sont pas dans le <a name=\"youtube\">\"Mode de protection des donn\u00e9es \u00e9largi\"<\/a> int\u00e9gr\u00e9. Des cookies de doubleclick.net y sont \u00e9galement charg\u00e9s. Certains de ces cookies, qui sont utilis\u00e9s \u00e0 des fins publicitaires, sont destin\u00e9s aux utilisateurs qui se connectent pour utiliser les services Google. Par exemple, \u201e SID \u201c est utilis\u00e9 pour identifier un utilisateur connect\u00e9 sur des sites externes \u00e0 Google et pour enregistrer si l'utilisateur a accept\u00e9 la publicit\u00e9 personnalis\u00e9e. Ce cookie est valable 2 semaines. \u201e IDE \u201c et \u201e NID \u201c sont utilis\u00e9s \u00e0 ces fins pour afficher la publicit\u00e9 Google sur des sites Web qui n'appartiennent pas \u00e0 Google.<\/p>\n\n<p>L'utilisation de YouTube est effectu\u00e9e dans l'int\u00e9r\u00eat d'une pr\u00e9sentation attrayante de notre offre en ligne. Cela constitue un int\u00e9r\u00eat l\u00e9gitime au sens de l'article 6, paragraphe 1, point g du KDR-OG. Si un consentement appropri\u00e9 a \u00e9t\u00e9 demand\u00e9 (par exemple, un consentement au stockage de cookies), le traitement est effectu\u00e9 exclusivement sur la base de l'article 6, paragraphe 1, point b du KDR-OG ; le consentement peut \u00eatre r\u00e9voqu\u00e9 \u00e0 tout moment.<\/p>\n\n<p>O\u00f9 dans une pr\u00e9sentation Adobe Spark, des vid\u00e9os YouTube contenant, celles-ci ne sont pas dans <a href=\"#youtube\">\"Mode de protection des donn\u00e9es \u00e9largi\"<\/a> int\u00e9gr\u00e9. Des cookies de doubleclick.net y sont \u00e9galement charg\u00e9s. Certains de ces cookies, qui sont utilis\u00e9s \u00e0 des fins publicitaires, sont destin\u00e9s aux utilisateurs qui se connectent pour utiliser les services Google. Par exemple, \u201e SID \u201c est utilis\u00e9 pour identifier un utilisateur connect\u00e9 sur des sites externes \u00e0 Google et pour enregistrer si l'utilisateur a accept\u00e9 la publicit\u00e9 personnalis\u00e9e. Ce cookie est valable 2 semaines. \u201e IDE \u201c et \u201e NID \u201c sont utilis\u00e9s \u00e0 ces fins pour afficher la publicit\u00e9 Google sur des sites Web qui n'appartiennent pas \u00e0 Google.<\/p>\n\n<h3><a name=\"podcast\">22. Podcasts<\/a><\/h3> \n\n<p>Les podcasts propos\u00e9s sur une partie de nos sites web sont h\u00e9berg\u00e9s par la soci\u00e9t\u00e9 Castos, 1209 North Orange Street, Wilmington, Delaware 19801, \u00c9tats-Unis. Politique de confidentialit\u00e9 de Castos : <a href=\"https:\/\/castos.com\/privacy\/\">castos.com\/confidentialit\u00e9<\/a><\/p>\n\n<h3><a name=\"dokumente\">23. Autres documents sur la protection des donn\u00e9es<\/a><\/h3>\n\n<ul class=\"navlist\">\n<li><a class=\"download\" href=\"https:\/\/smmp.de\/download\/ordnungen\/KDR-OG-DOK-2018-01-30.pdf\" target=\"_blank\">R\u00e8glement Eccl\u00e9siastique de Protection des Donn\u00e9es de la Communaut\u00e9 religieuse de droit pontifical (REPD-CRP)<\/a><\/li>\n<li><a class=\"download\" href=\"https:\/\/smmp.de\/download\/ordnungen\/Archivordnung.pdf\" target=\"_blank\">Arrangement relatif \u00e0 la sauvegarde et \u00e0 l'utilisation des archives des S\u0153urs de Sainte Marie Madeleine Postel (R\u00e8glement des archives eccl\u00e9siastiques SMMP, RAO SMMP)<\/a><\/li>\n<li><a class=\"download\" href=\"https:\/\/smmp.de\/download\/ordnungen\/Durchfuehrungsverordnung-KDR-OG-DVO.pdf\" target=\"_blank\">R\u00e8glement d'ex\u00e9cution KDR-OG-DVO<\/a><\/li>\n<li><a class=\"download\" href=\"https:\/\/smmp.de\/download\/ordnungen\/Datenschutzordnung_SMMP_Schulen.pdf\" target=\"_blank\">R\u00e8glement \u00e9tendu sur la protection des donn\u00e9es pour les \u00e9coles de la congr\u00e9gation religieuse<\/a><\/li>\n<li><a class=\"download\" href=\"https:\/\/smmp.de\/download\/ordnungen\/Datenschutzbericht-2024.pdf\" target=\"_blank\">Rapport annuel protection des donn\u00e9es 2024 <\/a><\/li>\n<\/ul>\n\n\n<h3>D\u00e9l\u00e9gu\u00e9 \u00e0 la protection des donn\u00e9es<\/h3>\n<p>Le responsable du traitement au sens du r\u00e8glement g\u00e9n\u00e9ral sur la protection des donn\u00e9es (RGPD) et des autres lois nationales sur la protection des donn\u00e9es des \u00c9tats membres de l'UE, ainsi que d'autres dispositions relatives \u00e0 la protection des donn\u00e9es, est :<\/p>\n\n<p>SMMP Europe e.V.<br \/>\nS\u0153ur Johanna Guthoff<br \/>\n\tMonast\u00e8re de montagne 1<br \/>\n\t59909 Bestwig<\/p>\n\n<h3>La d\u00e9l\u00e9gu\u00e9e \u00e0 la protection des donn\u00e9es de l'entreprise est :<\/h3>\n<p>Brigitta Staudinger<br \/>\nMonast\u00e8re de montagne 1<br \/>\n59909 Bestwig<br \/>\nT\u00e9l. : 02904 808-450<br \/>\nb.staudinger@smmp.de<\/p>\n\n<h3>Le d\u00e9l\u00e9gu\u00e9 \u00e0 la protection des donn\u00e9es de la communaut\u00e9 religieuse est :<\/h3>\n<p>Avocat Stefan Str\u00fcwe<br \/>\n\tCURACON SARL<br \/>\n\t14 Am Mittelhafen<br \/>\n\t48155 M\u00fcnster<br \/>\n\tstefan.struewe@curacon.de","protected":false},"excerpt":{"rendered":"<p>Informations sur la protection des donn\u00e9es Bergkloster Bestwig<\/p>","protected":false},"author":146,"featured_media":0,"parent":1110,"menu_order":2,"comment_status":"closed","ping_status":"closed","template":"","meta":{"_acf_changed":false,"footnotes":""},"categories":[],"tags":[],"class_list":["post-1239","page","type-page","status-publish","hentry"],"acf":[],"yoast_head":"<!-- This site is optimized with the Yoast SEO plugin v27.5 - https:\/\/yoast.com\/product\/yoast-seo-wordpress\/ -->\n<title>Datenschutzerkl\u00e4rung - Bergkloster Bestwig<\/title>\n<meta name=\"robots\" content=\"index, follow, max-snippet:-1, max-image-preview:large, max-video-preview:-1\" \/>\n<link rel=\"canonical\" href=\"https:\/\/bergkloster.smmp.de\/fr\/bergkloster-bestwig-hebergement-retraite-et-reunions-dans-le-sauerland\/declaration-de-protection-des-donnees\/\" \/>\n<meta property=\"og:locale\" content=\"fr_FR\" \/>\n<meta property=\"og:type\" content=\"article\" \/>\n<meta property=\"og:title\" content=\"Datenschutzerkl\u00e4rung - Bergkloster Bestwig\" \/>\n<meta property=\"og:description\" content=\"Informationen zum Datenschutz Bergkloster Bestwig\" \/>\n<meta property=\"og:url\" content=\"https:\/\/bergkloster.smmp.de\/fr\/bergkloster-bestwig-hebergement-retraite-et-reunions-dans-le-sauerland\/declaration-de-protection-des-donnees\/\" \/>\n<meta property=\"og:site_name\" content=\"Bergkloster Bestwig\" \/>\n<meta property=\"article:modified_time\" content=\"2026-04-20T06:57:50+00:00\" \/>\n<meta name=\"twitter:card\" content=\"summary_large_image\" \/>\n<meta name=\"twitter:label1\" content=\"Dur\u00e9e de lecture est.\" \/>\n\t<meta name=\"twitter:data1\" content=\"1 minute\" \/>\n<script type=\"application\/ld+json\" class=\"yoast-schema-graph\">{\"@context\":\"https:\\\/\\\/schema.org\",\"@graph\":[{\"@type\":\"WebPage\",\"@id\":\"https:\\\/\\\/bergkloster.smmp.de\\\/bergkloster-bestwig-uebernachten-auszeit-und-tagen-im-sauerland\\\/datenschutzerklaerung\\\/\",\"url\":\"https:\\\/\\\/bergkloster.smmp.de\\\/bergkloster-bestwig-uebernachten-auszeit-und-tagen-im-sauerland\\\/datenschutzerklaerung\\\/\",\"name\":\"Datenschutzerkl\u00e4rung - Bergkloster Bestwig\",\"isPartOf\":{\"@id\":\"https:\\\/\\\/bergkloster.smmp.de\\\/#website\"},\"datePublished\":\"2025-07-15T06:51:29+00:00\",\"dateModified\":\"2026-04-20T06:57:50+00:00\",\"breadcrumb\":{\"@id\":\"https:\\\/\\\/bergkloster.smmp.de\\\/bergkloster-bestwig-uebernachten-auszeit-und-tagen-im-sauerland\\\/datenschutzerklaerung\\\/#breadcrumb\"},\"inLanguage\":\"fr-BE\",\"potentialAction\":[{\"@type\":\"ReadAction\",\"target\":[\"https:\\\/\\\/bergkloster.smmp.de\\\/bergkloster-bestwig-uebernachten-auszeit-und-tagen-im-sauerland\\\/datenschutzerklaerung\\\/\"]}]},{\"@type\":\"BreadcrumbList\",\"@id\":\"https:\\\/\\\/bergkloster.smmp.de\\\/bergkloster-bestwig-uebernachten-auszeit-und-tagen-im-sauerland\\\/datenschutzerklaerung\\\/#breadcrumb\",\"itemListElement\":[{\"@type\":\"ListItem\",\"position\":1,\"name\":\"Startseite\",\"item\":\"https:\\\/\\\/bergkloster.smmp.de\\\/\"},{\"@type\":\"ListItem\",\"position\":2,\"name\":\"Willkommen im Bergkloster Bestwig\",\"item\":\"https:\\\/\\\/bergkloster.smmp.de\\\/\"},{\"@type\":\"ListItem\",\"position\":3,\"name\":\"Datenschutzerkl\u00e4rung\"}]},{\"@type\":\"WebSite\",\"@id\":\"https:\\\/\\\/bergkloster.smmp.de\\\/#website\",\"url\":\"https:\\\/\\\/bergkloster.smmp.de\\\/\",\"name\":\"Bergkloster Bestwig\",\"description\":\"Raum &amp; Ruhe\",\"publisher\":{\"@id\":\"https:\\\/\\\/bergkloster.smmp.de\\\/#organization\"},\"potentialAction\":[{\"@type\":\"SearchAction\",\"target\":{\"@type\":\"EntryPoint\",\"urlTemplate\":\"https:\\\/\\\/bergkloster.smmp.de\\\/?s={search_term_string}\"},\"query-input\":{\"@type\":\"PropertyValueSpecification\",\"valueRequired\":true,\"valueName\":\"search_term_string\"}}],\"inLanguage\":\"fr-BE\"},{\"@type\":\"Organization\",\"@id\":\"https:\\\/\\\/bergkloster.smmp.de\\\/#organization\",\"name\":\"Bergkloster Bestwig\",\"url\":\"https:\\\/\\\/bergkloster.smmp.de\\\/\",\"logo\":{\"@type\":\"ImageObject\",\"inLanguage\":\"fr-BE\",\"@id\":\"https:\\\/\\\/bergkloster.smmp.de\\\/#\\\/schema\\\/logo\\\/image\\\/\",\"url\":\"https:\\/\\/bergkloster.smmp.de\\/files\\/2023\\/01\\/smmp-bildmarke-web.png\",\"contentUrl\":\"https:\\/\\/bergkloster.smmp.de\\/files\\/2023\\/01\\/smmp-bildmarke-web.png\",\"width\":313,\"height\":313,\"caption\":\"Bergkloster Bestwig\"},\"image\":{\"@id\":\"https:\\\/\\\/bergkloster.smmp.de\\\/#\\\/schema\\\/logo\\\/image\\\/\"}}]}<\/script>\n<!-- \/ Yoast SEO plugin. -->","yoast_head_json":{"title":"D\u00e9claration de confidentialit\u00e9 - Bergkloster Bestwig","robots":{"index":"index","follow":"follow","max-snippet":"max-snippet:-1","max-image-preview":"max-image-preview:large","max-video-preview":"max-video-preview:-1"},"canonical":"https:\/\/bergkloster.smmp.de\/fr\/bergkloster-bestwig-hebergement-retraite-et-reunions-dans-le-sauerland\/declaration-de-protection-des-donnees\/","og_locale":"fr_FR","og_type":"article","og_title":"Datenschutzerkl\u00e4rung - Bergkloster Bestwig","og_description":"Informationen zum Datenschutz Bergkloster Bestwig","og_url":"https:\/\/bergkloster.smmp.de\/fr\/bergkloster-bestwig-hebergement-retraite-et-reunions-dans-le-sauerland\/declaration-de-protection-des-donnees\/","og_site_name":"Bergkloster Bestwig","article_modified_time":"2026-04-20T06:57:50+00:00","twitter_card":"summary_large_image","twitter_misc":{"Dur\u00e9e de lecture est.":"1 minute"},"schema":{"@context":"https:\/\/schema.org","@graph":[{"@type":"WebPage","@id":"https:\/\/bergkloster.smmp.de\/bergkloster-bestwig-uebernachten-auszeit-und-tagen-im-sauerland\/datenschutzerklaerung\/","url":"https:\/\/bergkloster.smmp.de\/bergkloster-bestwig-uebernachten-auszeit-und-tagen-im-sauerland\/datenschutzerklaerung\/","name":"D\u00e9claration de confidentialit\u00e9 - Bergkloster Bestwig","isPartOf":{"@id":"https:\/\/bergkloster.smmp.de\/#website"},"datePublished":"2025-07-15T06:51:29+00:00","dateModified":"2026-04-20T06:57:50+00:00","breadcrumb":{"@id":"https:\/\/bergkloster.smmp.de\/bergkloster-bestwig-uebernachten-auszeit-und-tagen-im-sauerland\/datenschutzerklaerung\/#breadcrumb"},"inLanguage":"fr-BE","potentialAction":[{"@type":"ReadAction","target":["https:\/\/bergkloster.smmp.de\/bergkloster-bestwig-uebernachten-auszeit-und-tagen-im-sauerland\/datenschutzerklaerung\/"]}]},{"@type":"BreadcrumbList","@id":"https:\/\/bergkloster.smmp.de\/bergkloster-bestwig-uebernachten-auszeit-und-tagen-im-sauerland\/datenschutzerklaerung\/#breadcrumb","itemListElement":[{"@type":"ListItem","position":1,"name":"Startseite","item":"https:\/\/bergkloster.smmp.de\/"},{"@type":"ListItem","position":2,"name":"Willkommen im Bergkloster Bestwig","item":"https:\/\/bergkloster.smmp.de\/"},{"@type":"ListItem","position":3,"name":"Datenschutzerkl\u00e4rung"}]},{"@type":"WebSite","@id":"https:\/\/bergkloster.smmp.de\/#website","url":"https:\/\/bergkloster.smmp.de\/","name":"Monast\u00e8re de montagne de Bestwig","description":"Espace &amp; tranquillit\u00e9","publisher":{"@id":"https:\/\/bergkloster.smmp.de\/#organization"},"potentialAction":[{"@type":"SearchAction","target":{"@type":"EntryPoint","urlTemplate":"https:\/\/bergkloster.smmp.de\/?s={search_term_string}"},"query-input":{"@type":"PropertyValueSpecification","valueRequired":true,"valueName":"search_term_string"}}],"inLanguage":"fr-BE"},{"@type":"Organization","@id":"https:\/\/bergkloster.smmp.de\/#organization","name":"Monast\u00e8re de montagne de Bestwig","url":"https:\/\/bergkloster.smmp.de\/","logo":{"@type":"ImageObject","inLanguage":"fr-BE","@id":"https:\/\/bergkloster.smmp.de\/#\/schema\/logo\/image\/","url":"https:\/\/mlhg9qfnwayp.i.optimole.com\/w:auto\/h:auto\/q:mauto\/f:best\/https:\/\/bergkloster.smmp.de\/files\/2023\/01\/smmp-bildmarke-web.png","contentUrl":"https:\/\/mlhg9qfnwayp.i.optimole.com\/w:auto\/h:auto\/q:mauto\/f:best\/https:\/\/bergkloster.smmp.de\/files\/2023\/01\/smmp-bildmarke-web.png","width":313,"height":313,"caption":"Bergkloster Bestwig"},"image":{"@id":"https:\/\/bergkloster.smmp.de\/#\/schema\/logo\/image\/"}}]}},"publishpress_future_action":{"enabled":false,"date":"2026-05-06 19:03:05","action":"change-status","newStatus":"draft","terms":[],"taxonomy":"category","extraData":[]},"publishpress_future_workflow_manual_trigger":{"enabledWorkflows":[]},"_links":{"self":[{"href":"https:\/\/bergkloster.smmp.de\/fr\/wp-json\/wp\/v2\/pages\/1239","targetHints":{"allow":["GET"]}}],"collection":[{"href":"https:\/\/bergkloster.smmp.de\/fr\/wp-json\/wp\/v2\/pages"}],"about":[{"href":"https:\/\/bergkloster.smmp.de\/fr\/wp-json\/wp\/v2\/types\/page"}],"author":[{"embeddable":true,"href":"https:\/\/bergkloster.smmp.de\/fr\/wp-json\/wp\/v2\/users\/146"}],"replies":[{"embeddable":true,"href":"https:\/\/bergkloster.smmp.de\/fr\/wp-json\/wp\/v2\/comments?post=1239"}],"version-history":[{"count":0,"href":"https:\/\/bergkloster.smmp.de\/fr\/wp-json\/wp\/v2\/pages\/1239\/revisions"}],"up":[{"embeddable":true,"href":"https:\/\/bergkloster.smmp.de\/fr\/wp-json\/wp\/v2\/pages\/1110"}],"wp:attachment":[{"href":"https:\/\/bergkloster.smmp.de\/fr\/wp-json\/wp\/v2\/media?parent=1239"}],"wp:term":[{"taxonomy":"category","embeddable":true,"href":"https:\/\/bergkloster.smmp.de\/fr\/wp-json\/wp\/v2\/categories?post=1239"},{"taxonomy":"post_tag","embeddable":true,"href":"https:\/\/bergkloster.smmp.de\/fr\/wp-json\/wp\/v2\/tags?post=1239"}],"curies":[{"name":"wp","href":"https:\/\/api.w.org\/{rel}","templated":true}]}}