{"id":1243,"date":"2025-07-15T09:14:56","date_gmt":"2025-07-15T07:14:56","guid":{"rendered":"https:\/\/static3.smmp.de\/?page_id=1243"},"modified":"2025-07-15T09:18:11","modified_gmt":"2025-07-15T07:18:11","slug":"mentions-legales","status":"publish","type":"page","link":"https:\/\/bergkloster.smmp.de\/fr\/bergkloster-bestwig-uebernachten-auszeit-und-tagen-im-sauerland\/impressum\/","title":{"rendered":"Mentions l\u00e9gales"},"content":{"rendered":"<p><strong>\u00c9diteur<\/strong><\/p>\n\n\n\n<p>SMMP Europe e.V.<br>Monast\u00e8re de montagne<br>59909 Bestwig<br>T\u00e9l. : 02904 8080<br> <a class=\"maildiclink\" title=\"Envoyer un email\" href=\"mailto:%72%65%73%65%72%76%69%65%72%75%6E%67%40%73%6D%6D%70%2E%64%65\"> <span class=\"mail_title\"><span class=\"maildecipher\">reservation(at)smmp.de<\/span><\/span> <\/a><\/p>\n\n\n<div class=\"clearfix\"><\/div><p>Nous nous opposons express\u00e9ment \u00e0 l'utilisation par des tiers des donn\u00e9es de contact publi\u00e9es dans le cadre des mentions l\u00e9gales obligatoires pour l'envoi de publicit\u00e9 et de mat\u00e9riel d'information non express\u00e9ment demand\u00e9s. Nous nous r\u00e9servons le droit d'engager des poursuites judiciaires en cas d'envoi non sollicit\u00e9 d'informations publicitaires, par exemple par le biais de spams.<\/p>\n\n<div class=\"insert alignright\">\n<p>R\u00e9daction en ligne :<br \/> \n<a href=\"https:\/\/smmp.de\/impressum\/presse\/\">Andreas Beer<\/a><\/p>\n<\/div>\n\n<p><strong>Clauses de non-responsabilit\u00e9<\/strong><br \/>\nNous nous effor\u00e7ons d'assurer l'exactitude et l'actualit\u00e9 des informations mises \u00e0 disposition sur ce site Internet. Des erreurs ou des impr\u00e9cisions peuvent n\u00e9anmoins survenir. Nous d\u00e9clinons toute responsabilit\u00e9 quant \u00e0 l'actualit\u00e9, l'exactitude, l'exhaustivit\u00e9 ou la qualit\u00e9 des informations mises \u00e0 disposition. Nous ne pouvons \u00eatre tenus responsables des dommages mat\u00e9riels ou immat\u00e9riels r\u00e9sultant de l'utilisation ou de la non-utilisation des informations pr\u00e9sent\u00e9es qu'en cas de faute intentionnelle ou de n\u00e9gligence grave. Il en va de m\u00eame pour les dommages r\u00e9sultant de l'utilisation d'informations erron\u00e9es ou incompl\u00e8tes. Dans le m\u00eame cadre, nous excluons \u00e9galement toute responsabilit\u00e9 pour les dommages li\u00e9s aux t\u00e9l\u00e9chargements mis gratuitement \u00e0 disposition.<\/p>\n\n<p>Nous nous r\u00e9servons le droit de modifier, de compl\u00e9ter ou de supprimer des parties de l'offre Internet ou l'ensemble de l'offre sans avis pr\u00e9alable, ou d'en suspendre temporairement ou d\u00e9finitivement la publication.<\/p>\n\n<p>Nous n'avons pas connaissance de contenus ill\u00e9gaux ou choquants sur les pages li\u00e9es de fournisseurs tiers. Si des contenus ill\u00e9gaux ou choquants devaient n\u00e9anmoins figurer sur les pages li\u00e9es de fournisseurs tiers, nous nous distan\u00e7ons express\u00e9ment de ces contenus.<\/p>\n\n<p><strong>Information sur la loi relative au r\u00e8glement des litiges de consommation<\/strong><\/p>\n\n<p>Le responsable de cet \u00e9tablissement ne se d\u00e9clare pas pr\u00eat \u00e0 participer \u00e0 des proc\u00e9dures de r\u00e8glement des litiges devant des organismes de conciliation des consommateurs au sens de l'article 36, paragraphe 1, de la loi allemande sur le r\u00e8glement des litiges de consommation (VSBG). Cela n'affecte pas la possibilit\u00e9 de r\u00e9gler les litiges par un organisme de conciliation des consommateurs dans le cadre d'un litige concret, avec l'accord des deux parties contractantes (\u00a7 37 VSBG).<\/p>\n\n<p><strong>Informations juridiques sur les droits d'auteur<\/strong><br \/>\n\nLes contenus et \u0153uvres que nous avons cr\u00e9\u00e9s sur ces pages sont soumis au droit d'auteur allemand. La reproduction, le traitement, la diffusion et tout type d'exploitation en dehors des limites du droit d'auteur n\u00e9cessitent l'accord \u00e9crit de la <a href=\"https:\/\/smmp.de\/impressum\/#unternehmenskommunikation\">D\u00e9partement de la communication d'entreprise<\/a>. Les t\u00e9l\u00e9chargements et les copies de cette page ne sont autoris\u00e9s que pour un usage priv\u00e9 et non commercial. Dans la mesure o\u00f9 les contenus de ce site n'ont pas \u00e9t\u00e9 cr\u00e9\u00e9s par nous, les droits d'auteur de tiers sont respect\u00e9s. Les contenus de tiers sont notamment identifi\u00e9s comme tels. Si vous deviez n\u00e9anmoins constater une violation des droits d'auteur, nous vous prions de nous en informer. D\u00e8s que nous aurons connaissance d'une violation de la loi, nous supprimerons imm\u00e9diatement les contenus concern\u00e9s.<\/p>\n\n<p><strong>D\u00e9claration d'accessibilit\u00e9<\/strong><\/p>\n\n<p>Nous nous effor\u00e7ons de rendre notre site web accessible \u00e0 tous. L'accessibilit\u00e9 signifie que les personnes handicap\u00e9es peuvent utiliser les contenus et les fonctions de notre site web et de nos applications de la mani\u00e8re la plus compl\u00e8te possible.<\/p>\n\n<p><\/p><strong>\u00c9tat de l'accessibilit\u00e9<\/strong><\/p>\n\n<p>Nos offres num\u00e9riques r\u00e9pondent aux exigences d'accessibilit\u00e9 conform\u00e9ment aux mesures de la loi sur le renforcement de l'accessibilit\u00e9 (BFSG) et s'orientent vers les normes techniques de WCAG 2.1, niveau AA.<\/p>\n\n<p><strong>Contenus non accessibles<\/strong><\/p>\n<p>Malgr\u00e9 les plus grands efforts, il peut arriver que certains contenus ou fonctions ne soient pas encore totalement accessibles. Ces domaines sont continuellement am\u00e9lior\u00e9s.<\/p>\n\n<p><strong>Fonctions d'accessibilit\u00e9<\/strong><\/p>\n\n<p>Pour soutenir l'accessibilit\u00e9, nous proposons sur notre site web, entre autres, l'adaptation de la taille du texte, la navigation au clavier, la compatibilit\u00e9 avec les lecteurs d'\u00e9cran.<\/p>\n\n<p><strong>Feedback sur l'accessibilit\u00e9<\/strong><\/p>\n<p>Si vous d\u00e9couvrez des barri\u00e8res ou si vous avez des suggestions, veuillez les signaler par e-mail \u00e0 redaktion@smmp.de.<\/p>\n\n<p><strong>Mise \u00e0 jour<\/strong><\/p>\n\n<p>Cette d\u00e9claration a \u00e9t\u00e9 v\u00e9rifi\u00e9e pour la derni\u00e8re fois le 17.09.2025 et sera mise \u00e0 jour au moins une fois par an.<\/p>\n\n\n\n<p><\/p>","protected":false},"excerpt":{"rendered":"<p>\u00c9diteur SMMP Europa e.V.Bergkloster59909 BestwigTel : 02904 8080 reservation(at)smmp.de<\/p>","protected":false},"author":146,"featured_media":0,"parent":1110,"menu_order":1,"comment_status":"closed","ping_status":"closed","template":"","meta":{"_acf_changed":false,"footnotes":""},"categories":[],"tags":[],"class_list":["post-1243","page","type-page","status-publish","hentry"],"acf":[],"yoast_head":"<!-- This site is optimized with the Yoast SEO plugin v27.5 - https:\/\/yoast.com\/product\/yoast-seo-wordpress\/ -->\n<title>Impressum - Bergkloster Bestwig<\/title>\n<meta name=\"robots\" content=\"index, follow, max-snippet:-1, max-image-preview:large, max-video-preview:-1\" \/>\n<link rel=\"canonical\" href=\"https:\/\/bergkloster.smmp.de\/fr\/bienvenue\/mentions-legales\/\" \/>\n<meta property=\"og:locale\" content=\"fr_FR\" \/>\n<meta property=\"og:type\" content=\"article\" \/>\n<meta property=\"og:title\" content=\"Impressum - Bergkloster Bestwig\" \/>\n<meta property=\"og:description\" content=\"Herausgeber SMMP Europa e.V.Bergkloster59909 BestwigTel.: 02904 8080 reservierung(at)smmp.de\" \/>\n<meta property=\"og:url\" content=\"https:\/\/bergkloster.smmp.de\/fr\/bienvenue\/mentions-legales\/\" \/>\n<meta property=\"og:site_name\" content=\"Bergkloster Bestwig\" \/>\n<meta property=\"article:modified_time\" content=\"2025-07-15T07:18:11+00:00\" \/>\n<meta name=\"twitter:card\" content=\"summary_large_image\" \/>\n<meta name=\"twitter:label1\" content=\"Dur\u00e9e de lecture est.\" \/>\n\t<meta name=\"twitter:data1\" content=\"1 minute\" \/>\n<script type=\"application\/ld+json\" class=\"yoast-schema-graph\">{\"@context\":\"https:\\\/\\\/schema.org\",\"@graph\":[{\"@type\":\"WebPage\",\"@id\":\"https:\\\/\\\/bergkloster.smmp.de\\\/willkommen\\\/impressum\\\/\",\"url\":\"https:\\\/\\\/bergkloster.smmp.de\\\/willkommen\\\/impressum\\\/\",\"name\":\"Impressum - Bergkloster Bestwig\",\"isPartOf\":{\"@id\":\"https:\\\/\\\/bergkloster.smmp.de\\\/#website\"},\"datePublished\":\"2025-07-15T07:14:56+00:00\",\"dateModified\":\"2025-07-15T07:18:11+00:00\",\"breadcrumb\":{\"@id\":\"https:\\\/\\\/bergkloster.smmp.de\\\/willkommen\\\/impressum\\\/#breadcrumb\"},\"inLanguage\":\"fr-BE\",\"potentialAction\":[{\"@type\":\"ReadAction\",\"target\":[\"https:\\\/\\\/bergkloster.smmp.de\\\/willkommen\\\/impressum\\\/\"]}]},{\"@type\":\"BreadcrumbList\",\"@id\":\"https:\\\/\\\/bergkloster.smmp.de\\\/willkommen\\\/impressum\\\/#breadcrumb\",\"itemListElement\":[{\"@type\":\"ListItem\",\"position\":1,\"name\":\"Startseite\",\"item\":\"https:\\\/\\\/bergkloster.smmp.de\\\/\"},{\"@type\":\"ListItem\",\"position\":2,\"name\":\"Willkommen im Bergkloster Bestwig\",\"item\":\"https:\\\/\\\/bergkloster.smmp.de\\\/\"},{\"@type\":\"ListItem\",\"position\":3,\"name\":\"Impressum\"}]},{\"@type\":\"WebSite\",\"@id\":\"https:\\\/\\\/bergkloster.smmp.de\\\/#website\",\"url\":\"https:\\\/\\\/bergkloster.smmp.de\\\/\",\"name\":\"Bergkloster Bestwig\",\"description\":\"Raum &amp; Ruhe\",\"publisher\":{\"@id\":\"https:\\\/\\\/bergkloster.smmp.de\\\/#organization\"},\"potentialAction\":[{\"@type\":\"SearchAction\",\"target\":{\"@type\":\"EntryPoint\",\"urlTemplate\":\"https:\\\/\\\/bergkloster.smmp.de\\\/?s={search_term_string}\"},\"query-input\":{\"@type\":\"PropertyValueSpecification\",\"valueRequired\":true,\"valueName\":\"search_term_string\"}}],\"inLanguage\":\"fr-BE\"},{\"@type\":\"Organization\",\"@id\":\"https:\\\/\\\/bergkloster.smmp.de\\\/#organization\",\"name\":\"Bergkloster Bestwig\",\"url\":\"https:\\\/\\\/bergkloster.smmp.de\\\/\",\"logo\":{\"@type\":\"ImageObject\",\"inLanguage\":\"fr-BE\",\"@id\":\"https:\\\/\\\/bergkloster.smmp.de\\\/#\\\/schema\\\/logo\\\/image\\\/\",\"url\":\"https:\\/\\/bergkloster.smmp.de\\/files\\/2023\\/01\\/smmp-bildmarke-web.png\",\"contentUrl\":\"https:\\/\\/bergkloster.smmp.de\\/files\\/2023\\/01\\/smmp-bildmarke-web.png\",\"width\":313,\"height\":313,\"caption\":\"Bergkloster Bestwig\"},\"image\":{\"@id\":\"https:\\\/\\\/bergkloster.smmp.de\\\/#\\\/schema\\\/logo\\\/image\\\/\"}}]}<\/script>\n<!-- \/ Yoast SEO plugin. -->","yoast_head_json":{"title":"Mentions l\u00e9gales - Bergkloster Bestwig","robots":{"index":"index","follow":"follow","max-snippet":"max-snippet:-1","max-image-preview":"max-image-preview:large","max-video-preview":"max-video-preview:-1"},"canonical":"https:\/\/bergkloster.smmp.de\/fr\/bienvenue\/mentions-legales\/","og_locale":"fr_FR","og_type":"article","og_title":"Impressum - Bergkloster Bestwig","og_description":"Herausgeber SMMP Europa e.V.Bergkloster59909 BestwigTel.: 02904 8080 reservierung(at)smmp.de","og_url":"https:\/\/bergkloster.smmp.de\/fr\/bienvenue\/mentions-legales\/","og_site_name":"Bergkloster Bestwig","article_modified_time":"2025-07-15T07:18:11+00:00","twitter_card":"summary_large_image","twitter_misc":{"Dur\u00e9e de lecture est.":"1 minute"},"schema":{"@context":"https:\/\/schema.org","@graph":[{"@type":"WebPage","@id":"https:\/\/bergkloster.smmp.de\/willkommen\/impressum\/","url":"https:\/\/bergkloster.smmp.de\/willkommen\/impressum\/","name":"Mentions l\u00e9gales - Bergkloster Bestwig","isPartOf":{"@id":"https:\/\/bergkloster.smmp.de\/#website"},"datePublished":"2025-07-15T07:14:56+00:00","dateModified":"2025-07-15T07:18:11+00:00","breadcrumb":{"@id":"https:\/\/bergkloster.smmp.de\/willkommen\/impressum\/#breadcrumb"},"inLanguage":"fr-BE","potentialAction":[{"@type":"ReadAction","target":["https:\/\/bergkloster.smmp.de\/willkommen\/impressum\/"]}]},{"@type":"BreadcrumbList","@id":"https:\/\/bergkloster.smmp.de\/willkommen\/impressum\/#breadcrumb","itemListElement":[{"@type":"ListItem","position":1,"name":"Startseite","item":"https:\/\/bergkloster.smmp.de\/"},{"@type":"ListItem","position":2,"name":"Willkommen im Bergkloster Bestwig","item":"https:\/\/bergkloster.smmp.de\/"},{"@type":"ListItem","position":3,"name":"Impressum"}]},{"@type":"WebSite","@id":"https:\/\/bergkloster.smmp.de\/#website","url":"https:\/\/bergkloster.smmp.de\/","name":"Monast\u00e8re de montagne de Bestwig","description":"Espace &amp; tranquillit\u00e9","publisher":{"@id":"https:\/\/bergkloster.smmp.de\/#organization"},"potentialAction":[{"@type":"SearchAction","target":{"@type":"EntryPoint","urlTemplate":"https:\/\/bergkloster.smmp.de\/?s={search_term_string}"},"query-input":{"@type":"PropertyValueSpecification","valueRequired":true,"valueName":"search_term_string"}}],"inLanguage":"fr-BE"},{"@type":"Organization","@id":"https:\/\/bergkloster.smmp.de\/#organization","name":"Monast\u00e8re de montagne de Bestwig","url":"https:\/\/bergkloster.smmp.de\/","logo":{"@type":"ImageObject","inLanguage":"fr-BE","@id":"https:\/\/bergkloster.smmp.de\/#\/schema\/logo\/image\/","url":"https:\/\/mlhg9qfnwayp.i.optimole.com\/w:auto\/h:auto\/q:mauto\/f:best\/https:\/\/bergkloster.smmp.de\/files\/2023\/01\/smmp-bildmarke-web.png","contentUrl":"https:\/\/mlhg9qfnwayp.i.optimole.com\/w:auto\/h:auto\/q:mauto\/f:best\/https:\/\/bergkloster.smmp.de\/files\/2023\/01\/smmp-bildmarke-web.png","width":313,"height":313,"caption":"Bergkloster Bestwig"},"image":{"@id":"https:\/\/bergkloster.smmp.de\/#\/schema\/logo\/image\/"}}]}},"publishpress_future_action":{"enabled":false,"date":"2026-05-06 19:17:48","action":"change-status","newStatus":"draft","terms":[],"taxonomy":"category","extraData":[]},"publishpress_future_workflow_manual_trigger":{"enabledWorkflows":[]},"_links":{"self":[{"href":"https:\/\/bergkloster.smmp.de\/fr\/wp-json\/wp\/v2\/pages\/1243","targetHints":{"allow":["GET"]}}],"collection":[{"href":"https:\/\/bergkloster.smmp.de\/fr\/wp-json\/wp\/v2\/pages"}],"about":[{"href":"https:\/\/bergkloster.smmp.de\/fr\/wp-json\/wp\/v2\/types\/page"}],"author":[{"embeddable":true,"href":"https:\/\/bergkloster.smmp.de\/fr\/wp-json\/wp\/v2\/users\/146"}],"replies":[{"embeddable":true,"href":"https:\/\/bergkloster.smmp.de\/fr\/wp-json\/wp\/v2\/comments?post=1243"}],"version-history":[{"count":0,"href":"https:\/\/bergkloster.smmp.de\/fr\/wp-json\/wp\/v2\/pages\/1243\/revisions"}],"up":[{"embeddable":true,"href":"https:\/\/bergkloster.smmp.de\/fr\/wp-json\/wp\/v2\/pages\/1110"}],"wp:attachment":[{"href":"https:\/\/bergkloster.smmp.de\/fr\/wp-json\/wp\/v2\/media?parent=1243"}],"wp:term":[{"taxonomy":"category","embeddable":true,"href":"https:\/\/bergkloster.smmp.de\/fr\/wp-json\/wp\/v2\/categories?post=1243"},{"taxonomy":"post_tag","embeddable":true,"href":"https:\/\/bergkloster.smmp.de\/fr\/wp-json\/wp\/v2\/tags?post=1243"}],"curies":[{"name":"wp","href":"https:\/\/api.w.org\/{rel}","templated":true}]}}