{"id":1289,"date":"2025-08-12T13:59:53","date_gmt":"2025-08-12T11:59:53","guid":{"rendered":"https:\/\/bergkloster.smmp.de\/veranstaltungen\/"},"modified":"2026-04-02T14:30:15","modified_gmt":"2026-04-02T12:30:15","slug":"offres-spirituelles-au-monastere-de-montagne-de-bestwig","status":"publish","type":"page","link":"https:\/\/bergkloster.smmp.de\/fr\/spirituelle-angebote-im-bergkloster-bestwig\/","title":{"rendered":"Offres spirituelles"},"content":{"rendered":"<figure class=\"wp-block-image size-large\"><img data-opt-id=512588751  fetchpriority=\"high\" decoding=\"async\" width=\"640\" height=\"454\" src=\"https:\/\/mlhg9qfnwayp.i.optimole.com\/w:640\/h:454\/q:mauto\/f:best\/https:\/\/bergkloster.smmp.de\/files\/2025\/08\/20111123-IMG_5862.jpg\" alt=\"\" class=\"wp-image-1368\" srcset=\"https:\/\/mlhg9qfnwayp.i.optimole.com\/w:640\/h:454\/q:mauto\/f:best\/https:\/\/bergkloster.smmp.de\/files\/2025\/08\/20111123-IMG_5862.jpg 640w, https:\/\/mlhg9qfnwayp.i.optimole.com\/w:320\/h:227\/q:mauto\/f:best\/https:\/\/bergkloster.smmp.de\/files\/2025\/08\/20111123-IMG_5862.jpg 320w, https:\/\/mlhg9qfnwayp.i.optimole.com\/w:768\/h:545\/q:mauto\/f:best\/https:\/\/bergkloster.smmp.de\/files\/2025\/08\/20111123-IMG_5862.jpg 768w, https:\/\/mlhg9qfnwayp.i.optimole.com\/w:1536\/h:1091\/q:mauto\/f:best\/https:\/\/bergkloster.smmp.de\/files\/2025\/08\/20111123-IMG_5862.jpg 1536w, https:\/\/mlhg9qfnwayp.i.optimole.com\/w:1880\/h:1335\/q:mauto\/f:best\/https:\/\/bergkloster.smmp.de\/files\/2025\/08\/20111123-IMG_5862.jpg 1880w\" sizes=\"(max-width: 640px) 100vw, 640px\" \/><figcaption class=\"wp-element-caption\">Le \u201eChrist cosmique\u201c de Heinrich-Gerhard B\u00fccker au-dessus de l'autel de l'\u00e9glise de la Trinit\u00e9 dans le monast\u00e8re de montagne de Bestwig.<\/figcaption><\/figure>\n\n\n<form id='eme_filter_form-eme_40d84a3c7de054b757ea2b0dd84c2ff5df13ca9c26f6a4' name='eme_filter_form' action='' method='POST' data-trp-original-action=\"\"><input type='hidden' name='eme_eventAction' value='filter'><select id='eme_cat_filter' name='eme_cat_filter' class='eme_snapselect_allow_empty' aria-label=\"Select a category\" data-placeholder='Select a category' ><option value='22' >Formation de conteur\/conteuse de la Bible<\/option><option value='18' >Pause accompagn\u00e9e<\/option><option value='23' >Retraites individuelles<\/option><option value='3' >Exercices spirituels<\/option><option value='14' >Journ\u00e9es spirituelles<\/option><option value='8' >Ikebana<\/option><option value='16' >Rencontres interreligieuses<\/option><option value='13' >Concert<\/option><option value='9' >Offres cr\u00e9atives<\/option><option value='24' >\u00c9v\u00e9nement culturel<\/option><option value='1' >Danse m\u00e9ditative<\/option><option value='7' >P\u00e8lerinage<\/option> <\/select><input name='eme_submit_button' class='eme_submit_button' type='submit' value='Filtrer'><input type=\"hidden\" name=\"trp-form-language\" value=\"fr\"\/><\/form>\n\n\n\n<p> <\/pa>\n\n\n<ul class=\"navlist\"><li class='eme_period'>mai 2026<\/li><li>14.05.2026:  <a href='https:\/\/bergkloster.smmp.de\/fr\/veranstaltung\/interreligioese-meditation-kopie\/'  title='M\u00e9ditation interreligieuse'>M\u00e9ditation interreligieuse<\/a> (Rencontres interreligieuses)<br \/><\/li><li>17.05.2026:  <a href='https:\/\/bergkloster.smmp.de\/fr\/veranstaltung\/smmp-intern-wer-bist-du-gott-fuer-mich\/'  title='SMMP interne : Qui es-tu, Dieu, pour moi ?'>SMMP interne : Qui es-tu, Dieu, pour moi ?<\/a> (Exercices spirituels)<br \/><\/li><li>30.05.2026:  <a href='https:\/\/bergkloster.smmp.de\/fr\/veranstaltung\/e2-80-9ebibel-getanzt-e2-80-9c-9\/'  title='Journ\u00e9e de danse \u201eBible dans\u00e9e\u201c'>Journ\u00e9e de danse \u201eBible dans\u00e9e\u201c<\/a> (Danse m\u00e9ditative)<br \/><\/li><li class='eme_period'>juin 2026<\/li><li>21.06.2026:  <a href='https:\/\/bergkloster.smmp.de\/fr\/veranstaltung\/e2-80-9ewandle-vor-mir-und-sei-ganz-e2-80-9c-gen-3\/'  title='\u201eMarche devant moi et sois entier !\u201c (Gn 17,1)'>\u201eMarche devant moi et sois entier !\u201c (Gn 17,1)<\/a> (Retraites individuelles, Exercices spirituels)<br \/><\/li><li>21.06.2026:  <a href='https:\/\/bergkloster.smmp.de\/fr\/veranstaltung\/gruppenexerzitien-eine-offenbarung-namenlose-frauen-in-den-evangelien\/'  title='Retraite de groupe : Une r\u00e9v\u00e9lation : les femmes sans nom dans les \u00e9vangiles'>Retraite de groupe : Une r\u00e9v\u00e9lation : les femmes sans nom dans les \u00e9vangiles<\/a> (Exercices spirituels)<br \/><\/li><li>22.06.2026:  <a href='https:\/\/bergkloster.smmp.de\/fr\/veranstaltung\/e2-80-9ebibel-getanzt-e2-80-9c-10\/'  title='\u201eLa Bible dans\u00e9e\u201c'>\u201eLa Bible dans\u00e9e\u201c<\/a> (Danse m\u00e9ditative)<br \/><\/li><li>28.06.2026:  <a href='https:\/\/bergkloster.smmp.de\/fr\/veranstaltung\/sonnenaufgangswanderung-auf-der-suedroute-des-klosterweges\/'  title='Randonn\u00e9e au lever du soleil sur l&#039;itin\u00e9raire sud du Klosterweg'>Randonn\u00e9e au lever du soleil sur l'itin\u00e9raire sud du Klosterweg<\/a> (p\u00e8lerinage)<br \/><\/li><li class='eme_period'>juillet 2026<\/li><li>04.07.2026:  <a href='https:\/\/bergkloster.smmp.de\/fr\/veranstaltung\/besinnungstag-umarmt-vom-unendlichen-leben\/'  title='Journ\u00e9e de r\u00e9flexion : Embrass\u00e9s par la vie infinie'>Journ\u00e9e de r\u00e9flexion : Embrass\u00e9s par la vie infinie<\/a> (Journ\u00e9es spirituelles)<br \/><\/li><li>09.07.2026:  <a href='https:\/\/bergkloster.smmp.de\/fr\/veranstaltung\/interreligioese-meditation-5\/'  title='M\u00e9ditation interreligieuse'>M\u00e9ditation interreligieuse<\/a> (Rencontres interreligieuses)<br \/><\/li><li>16.07.2026:  <a href='https:\/\/bergkloster.smmp.de\/fr\/veranstaltung\/ikebana-weiterfuehrende-uebungen-der-grundformen-und-variationen\/'  title='Cours d&#039;Ikebana d&#039;une journ\u00e9e Cours de perfectionnement'>Cours d'Ikebana d'une journ\u00e9e Cours de perfectionnement<\/a> (Ikebana)<br \/><\/li><li>18.07.2026:  <a href='https:\/\/bergkloster.smmp.de\/fr\/veranstaltung\/ein-tag-im-schweigen-e2-80-93-gemeinsam-und-individuell\/'  title='Une journ\u00e9e en silence - ensemble et individuellement'>Une journ\u00e9e en silence - ensemble et individuellement<\/a> (Journ\u00e9es spirituelles)<br \/><\/li><li>26.07.2026:  <a href='https:\/\/bergkloster.smmp.de\/fr\/veranstaltung\/faltig-und-wundervoll-besinnungstage-fuer-ue-70-er\/'  title='Rid\u00e9e et merveilleuse : journ\u00e9es de r\u00e9flexion pour les plus de 70 ans'>Rid\u00e9e et merveilleuse : journ\u00e9es de r\u00e9flexion pour les plus de 70 ans<\/a> (Journ\u00e9es spirituelles)<br \/><\/li><li class='eme_period'>ao\u00fbt 2026<\/li><li>09.08.2026:  <a href='https:\/\/bergkloster.smmp.de\/fr\/veranstaltung\/spirituelle-auszeit-fuer-bewegungsfreudige-2\/'  title='Pause spirituelle pour ceux qui aiment bouger'>Pause spirituelle pour ceux qui aiment bouger<\/a> (Temps mort accompagn\u00e9)<br \/><\/li><li class='eme_period'>septembre 2026<\/li><li>04.09.2026:  <a href='https:\/\/bergkloster.smmp.de\/fr\/veranstaltung\/in-mir-lebt-ein-raum-der-stille-ein-uebungsweg-zum-schweigen-und-hoeren\/'  title='Un espace de silence vit en moi : un chemin d&#039;exercice pour le silence et l&#039;\u00e9coute'>Un espace de silence vit en moi : un chemin d'exercice pour le silence et l'\u00e9coute<\/a> (Journ\u00e9es spirituelles)<br \/><\/li><li>06.09.2026:  <a href='https:\/\/bergkloster.smmp.de\/fr\/veranstaltung\/wanderung-auf-der-nordroute-des-klosterweges\/'  title='Randonn\u00e9e sur l&#039;itin\u00e9raire nord du Klosterweg'>Randonn\u00e9e sur l'itin\u00e9raire nord du Klosterweg<\/a> (p\u00e8lerinage)<br \/><\/li><li>10.09.2026:  <a href='https:\/\/bergkloster.smmp.de\/fr\/veranstaltung\/besinnungstag-interreligioese-meditation-abschluss-im-bergkloster-50-treffen\/'  title='Journ\u00e9e de r\u00e9flexion : M\u00e9ditation interreligieuse (conclusion au monast\u00e8re de montagne - 50e rencontre)'>Journ\u00e9e de r\u00e9flexion : M\u00e9ditation interreligieuse (conclusion au monast\u00e8re de montagne - 50e rencontre)<\/a> (Journ\u00e9es spirituelles)<br \/><\/li><li>10.09.2026:  <a href='https:\/\/bergkloster.smmp.de\/fr\/veranstaltung\/interreligioese-meditation-6\/'  title='M\u00e9ditation interreligieuse'>M\u00e9ditation interreligieuse<\/a> (Rencontres interreligieuses)<br \/><\/li><li>13.09.2026:  <a href='https:\/\/bergkloster.smmp.de\/fr\/veranstaltung\/e2-80-9ewandle-vor-mir-und-sei-ganz-e2-80-9c-gen-4\/'  title='\u201eMarche devant moi et sois entier !\u201c (Gn 17,1)'>\u201eMarche devant moi et sois entier !\u201c (Gn 17,1)<\/a> (Retraites individuelles, Exercices spirituels)<br \/><\/li><li>13.09.2026:  <a href='https:\/\/bergkloster.smmp.de\/fr\/veranstaltung\/gruppenexerzitien-mit-wuerde-gekroent-der-mensch-und-die-schoepfung\/'  title='Retraite de groupe : Couronn\u00e9 de dignit\u00e9 : l&#039;homme et la cr\u00e9ation'>Retraite de groupe : Couronn\u00e9 de dignit\u00e9 : l'homme et la cr\u00e9ation<\/a> (Exercices spirituels)<br \/><\/li><li class='eme_period'>octobre 2026<\/li><li>04.10.2026:  <a href='https:\/\/bergkloster.smmp.de\/fr\/veranstaltung\/e2-80-9ewandle-vor-mir-und-sei-ganz-e2-80-9c-gen-5\/'  title='\u201eMarche devant moi et sois entier !\u201c (Gn 17,1)'>\u201eMarche devant moi et sois entier !\u201c (Gn 17,1)<\/a> (Retraites individuelles, Exercices spirituels)<br \/><\/li><li>05.10.2026:  <a href='https:\/\/bergkloster.smmp.de\/fr\/veranstaltung\/doppelkopf-auszeit-2\/'  title='Temps mort de double t\u00eate'>Temps mort de double t\u00eate<\/a> (Temps mort accompagn\u00e9)<br \/><\/li><li>14.10.2026:  <a href='https:\/\/bergkloster.smmp.de\/fr\/veranstaltung\/ikebana-bunte-blaetter-und-fruechte-schoenheit-und-vergaenglichkeit\/'  title='Ikebana en automne'>Ikebana en automne<\/a> (Ikebana)<br \/><\/li><li>16.10.2026:  <a href='https:\/\/bergkloster.smmp.de\/fr\/veranstaltung\/malen-mit-strukturmaterialien-2\/'  title='Peindre avec des mat\u00e9riaux de structure'>Peindre avec des mat\u00e9riaux de structure<\/a> (activit\u00e9s cr\u00e9atives)<br \/><\/li><li>16.10.2026:  <a href='https:\/\/bergkloster.smmp.de\/fr\/veranstaltung\/wochenende-fuer-die-placida-gemeinschaft-und-interessierte-3\/'  title='Week-end pour la communaut\u00e9 Placida et les personnes int\u00e9ress\u00e9es'>Week-end pour la communaut\u00e9 Placida et les personnes int\u00e9ress\u00e9es<\/a> (Journ\u00e9es spirituelles)<br \/><\/li><li class='eme_period'>novembre 2026<\/li><li>07.11.2026:  <a href='https:\/\/bergkloster.smmp.de\/fr\/veranstaltung\/bibelerzaehlnacht-2\/'  title='Nuit des r\u00e9cits bibliques'>Nuit des r\u00e9cits bibliques<\/a> (Formation de conteur\/conteuse de la Bible)<br \/><\/li><li>08.11.2026:  <a href='https:\/\/bergkloster.smmp.de\/fr\/veranstaltung\/bibel-erzaehlen-fuer-menschen-mit-demenz\/'  title='Raconter la Bible aux personnes atteintes de d\u00e9mence'>Raconter la Bible aux personnes atteintes de d\u00e9mence<\/a> (Formation de conteur\/conteuse de la Bible)<br \/><\/li><li>08.11.2026:  <a href='https:\/\/bergkloster.smmp.de\/fr\/veranstaltung\/e2-80-9ewandle-vor-mir-und-sei-ganz-e2-80-9c-gen-171-kopie\/'  title='\u201eMarche devant moi et sois entier !\u201c (Gn 17,1) (Copie)'>\u201eMarche devant moi et sois entier !\u201c (Gn 17,1) (Copie)<\/a> (Retraites individuelles, Exercices spirituels)<br \/><\/li><li>12.11.2026:  <a href='https:\/\/bergkloster.smmp.de\/fr\/veranstaltung\/interreligioese-meditation-7\/'  title='M\u00e9ditation interreligieuse'>M\u00e9ditation interreligieuse<\/a> (Rencontres interreligieuses)<br \/><\/li><li>14.11.2026:  <a href='https:\/\/bergkloster.smmp.de\/fr\/veranstaltung\/besinnungstag-zum-advent-hoere-auf-die-stimme-deines-herzens\/'  title='Journ\u00e9e de r\u00e9flexion sur l&#039;Avent : \u00e9coute la voix de ton c\u0153ur'>Journ\u00e9e de r\u00e9flexion sur l'Avent : \u00e9coute la voix de ton c\u0153ur<\/a> (Journ\u00e9es spirituelles)<br \/><\/li><li>14.11.2026:  <a href='https:\/\/bergkloster.smmp.de\/fr\/veranstaltung\/besinnungstag-asche-wird-zum-hoffnungsbild\/'  title='Journ\u00e9e de r\u00e9flexion : les cendres deviennent une image d&#039;espoir'>Journ\u00e9e de r\u00e9flexion : les cendres deviennent une image d'espoir<\/a> (journ\u00e9es spirituelles, activit\u00e9s cr\u00e9atives)<br \/><\/li><li>18.11.2026:  <a href='https:\/\/bergkloster.smmp.de\/fr\/veranstaltung\/besinnungstage-wenn-die-tage-laenger-und-die-gedanken-tiefer-werden\/'  title='Journ\u00e9es de r\u00e9flexion : quand les jours s&#039;allongent et que les pens\u00e9es deviennent plus profondes'>Journ\u00e9es de r\u00e9flexion : quand les jours s'allongent et que les pens\u00e9es deviennent plus profondes<\/a> (Journ\u00e9es spirituelles)<br \/><\/li><li>20.11.2026:  <a href='https:\/\/bergkloster.smmp.de\/fr\/veranstaltung\/besinnungswochenende-zum-advent\/'  title='Week-end de r\u00e9flexion sur l&#039;Avent'>Week-end de r\u00e9flexion sur l'Avent<\/a> (Journ\u00e9es spirituelles)<br \/><\/li><li>27.11.2026:  <a href='https:\/\/bergkloster.smmp.de\/fr\/veranstaltung\/schreiben-und-malen-e2-80-93-was-sich-von-innen-zeigt-2\/'  title='\u00c9crire et peindre - ce qui se r\u00e9v\u00e8le de l&#039;int\u00e9rieur'>\u00c9crire et peindre - ce qui se r\u00e9v\u00e8le de l'int\u00e9rieur<\/a> (activit\u00e9s cr\u00e9atives)<br \/><\/li><li class='eme_period'>d\u00e9cembre 2026<\/li><li>05.12.2026:  <a href='https:\/\/bergkloster.smmp.de\/fr\/veranstaltung\/kreatives-engel-wochenende-2\/'  title='Week-end cr\u00e9atif des anges'>Week-end cr\u00e9atif des anges<\/a> (activit\u00e9s cr\u00e9atives)<br \/><\/li><li>21.12.2026:  <a href='https:\/\/bergkloster.smmp.de\/fr\/veranstaltung\/weihnachten-und-silvester-202627\/'  title='No\u00ebl et Nouvel An 2026\/27'>No\u00ebl et Nouvel An 2026\/27<\/a> (Temps mort accompagn\u00e9)<br \/><\/li><li class='eme_period'>novembre 2027<\/li><li>06.11.2027:  <a href='https:\/\/bergkloster.smmp.de\/fr\/veranstaltung\/bibelerzaehlnacht-3\/'  title='Nuit des r\u00e9cits bibliques'>Nuit des r\u00e9cits bibliques<\/a> (Formation de conteur\/conteuse de la Bible)<br \/><\/li><\/ul>\n\n\n\n<iframe width=\"540\" height=\"600\" src=\"https:\/\/32d7f36b.sibforms.com\/serve\/MUIFAF6u494vis3hXW5Vqc3jWMxPASHGtGa7cQtTBKsbcSV5JIFzzx00LYpizqh8Fqr0JXnq67hwfBFSNy7fZm3VPnJk1vlYZH5NjZRA-CvqIMx2kP-8UdUIICR62Hhx2Z04XclO0CBuBUlhMOC9XcLNz6_O6E88tnb8YpktbCo7CwdUXDr_ePv1nTmFBbKN17rcWolVkx-68wpX\" frameborder=\"0\" scrolling=\"auto\" allowfullscreen style=\"display: block;margin-left: auto;margin-right: auto;max-width: 100%;\"><\/iframe>","protected":false},"excerpt":{"rendered":"","protected":false},"author":146,"featured_media":1368,"parent":0,"menu_order":0,"comment_status":"closed","ping_status":"closed","template":"","meta":{"_acf_changed":false,"footnotes":""},"categories":[],"tags":[],"class_list":["post-1289","page","type-page","status-publish","has-post-thumbnail","hentry"],"acf":[],"yoast_head":"<!-- This site is optimized with the Yoast SEO plugin v27.5 - https:\/\/yoast.com\/product\/yoast-seo-wordpress\/ -->\n<title>Spirituelle Angebote - Bergkloster Bestwig<\/title>\n<meta name=\"description\" content=\"Entdecken Sie spirituelle Angebote im Bergkloster Bestwig: Exerzitien, begleitete Auszeiten, geistliche Tage, Pilgern und interreligi\u00f6se Begegnungen.\" \/>\n<meta name=\"robots\" content=\"index, follow, max-snippet:-1, max-image-preview:large, max-video-preview:-1\" \/>\n<link rel=\"canonical\" href=\"https:\/\/bergkloster.smmp.de\/fr\/offres-spirituelles-au-monastere-de-montagne-de-bestwig\/\" \/>\n<meta property=\"og:locale\" content=\"fr_FR\" \/>\n<meta property=\"og:type\" content=\"article\" \/>\n<meta property=\"og:title\" content=\"Spirituelle Angebote - Bergkloster Bestwig\" \/>\n<meta property=\"og:description\" content=\"Entdecken Sie spirituelle Angebote im Bergkloster Bestwig: Exerzitien, begleitete Auszeiten, geistliche Tage, Pilgern und interreligi\u00f6se Begegnungen.\" \/>\n<meta property=\"og:url\" content=\"https:\/\/bergkloster.smmp.de\/fr\/offres-spirituelles-au-monastere-de-montagne-de-bestwig\/\" \/>\n<meta property=\"og:site_name\" content=\"Bergkloster Bestwig\" \/>\n<meta property=\"article:modified_time\" content=\"2026-04-02T12:30:15+00:00\" \/>\n<meta property=\"og:image\" content=\"https:\/\/mlhg9qfnwayp.i.optimole.com\/w:auto\/h:auto\/q:mauto\/f:best\/https:\/\/bergkloster.smmp.de\/files\/2025\/08\/20111123-IMG_5862.jpg\" \/>\n\t<meta property=\"og:image:width\" content=\"1880\" \/>\n\t<meta property=\"og:image:height\" content=\"1335\" \/>\n\t<meta property=\"og:image:type\" content=\"image\/jpeg\" \/>\n<meta name=\"twitter:card\" content=\"summary_large_image\" \/>\n<meta name=\"twitter:label1\" content=\"Dur\u00e9e de lecture est.\" \/>\n\t<meta name=\"twitter:data1\" content=\"1 minute\" \/>\n<script type=\"application\/ld+json\" class=\"yoast-schema-graph\">{\"@context\":\"https:\\\/\\\/schema.org\",\"@graph\":[{\"@type\":\"WebPage\",\"@id\":\"https:\\\/\\\/bergkloster.smmp.de\\\/spirituelle-angebote-im-bergkloster-bestwig\\\/\",\"url\":\"https:\\\/\\\/bergkloster.smmp.de\\\/spirituelle-angebote-im-bergkloster-bestwig\\\/\",\"name\":\"Spirituelle Angebote - Bergkloster Bestwig\",\"isPartOf\":{\"@id\":\"https:\\\/\\\/bergkloster.smmp.de\\\/#website\"},\"primaryImageOfPage\":{\"@id\":\"https:\\\/\\\/bergkloster.smmp.de\\\/spirituelle-angebote-im-bergkloster-bestwig\\\/#primaryimage\"},\"image\":{\"@id\":\"https:\\\/\\\/bergkloster.smmp.de\\\/spirituelle-angebote-im-bergkloster-bestwig\\\/#primaryimage\"},\"thumbnailUrl\":\"https:\\/\\/bergkloster.smmp.de\\/files\\/2025\\/08\\/20111123-IMG_5862.jpg\",\"datePublished\":\"2025-08-12T11:59:53+00:00\",\"dateModified\":\"2026-04-02T12:30:15+00:00\",\"description\":\"Entdecken Sie spirituelle Angebote im Bergkloster Bestwig: Exerzitien, begleitete Auszeiten, geistliche Tage, Pilgern und interreligi\u00f6se Begegnungen.\",\"breadcrumb\":{\"@id\":\"https:\\\/\\\/bergkloster.smmp.de\\\/spirituelle-angebote-im-bergkloster-bestwig\\\/#breadcrumb\"},\"inLanguage\":\"fr-BE\",\"potentialAction\":[{\"@type\":\"ReadAction\",\"target\":[\"https:\\\/\\\/bergkloster.smmp.de\\\/spirituelle-angebote-im-bergkloster-bestwig\\\/\"]}]},{\"@type\":\"ImageObject\",\"inLanguage\":\"fr-BE\",\"@id\":\"https:\\\/\\\/bergkloster.smmp.de\\\/spirituelle-angebote-im-bergkloster-bestwig\\\/#primaryimage\",\"url\":\"https:\\/\\/bergkloster.smmp.de\\/files\\/2025\\/08\\/20111123-IMG_5862.jpg\",\"contentUrl\":\"https:\\/\\/bergkloster.smmp.de\\/files\\/2025\\/08\\/20111123-IMG_5862.jpg\",\"width\":1880,\"height\":1335,\"caption\":\"Der \\\"kosmische Christus\\\" von Heinrich-Gerhard B\u00fccker \u00fcber dem Altar der Dreifaltikeitskirche im Bergkloster Bestwig. (Foto: SMMP\\\/Beer)\"},{\"@type\":\"BreadcrumbList\",\"@id\":\"https:\\\/\\\/bergkloster.smmp.de\\\/spirituelle-angebote-im-bergkloster-bestwig\\\/#breadcrumb\",\"itemListElement\":[{\"@type\":\"ListItem\",\"position\":1,\"name\":\"Startseite\",\"item\":\"https:\\\/\\\/bergkloster.smmp.de\\\/\"},{\"@type\":\"ListItem\",\"position\":2,\"name\":\"Spirituelle Angebote\"}]},{\"@type\":\"WebSite\",\"@id\":\"https:\\\/\\\/bergkloster.smmp.de\\\/#website\",\"url\":\"https:\\\/\\\/bergkloster.smmp.de\\\/\",\"name\":\"Bergkloster Bestwig\",\"description\":\"Raum &amp; Ruhe\",\"publisher\":{\"@id\":\"https:\\\/\\\/bergkloster.smmp.de\\\/#organization\"},\"potentialAction\":[{\"@type\":\"SearchAction\",\"target\":{\"@type\":\"EntryPoint\",\"urlTemplate\":\"https:\\\/\\\/bergkloster.smmp.de\\\/?s={search_term_string}\"},\"query-input\":{\"@type\":\"PropertyValueSpecification\",\"valueRequired\":true,\"valueName\":\"search_term_string\"}}],\"inLanguage\":\"fr-BE\"},{\"@type\":\"Organization\",\"@id\":\"https:\\\/\\\/bergkloster.smmp.de\\\/#organization\",\"name\":\"Bergkloster Bestwig\",\"url\":\"https:\\\/\\\/bergkloster.smmp.de\\\/\",\"logo\":{\"@type\":\"ImageObject\",\"inLanguage\":\"fr-BE\",\"@id\":\"https:\\\/\\\/bergkloster.smmp.de\\\/#\\\/schema\\\/logo\\\/image\\\/\",\"url\":\"https:\\/\\/bergkloster.smmp.de\\/files\\/2023\\/01\\/smmp-bildmarke-web.png\",\"contentUrl\":\"https:\\/\\/bergkloster.smmp.de\\/files\\/2023\\/01\\/smmp-bildmarke-web.png\",\"width\":313,\"height\":313,\"caption\":\"Bergkloster Bestwig\"},\"image\":{\"@id\":\"https:\\\/\\\/bergkloster.smmp.de\\\/#\\\/schema\\\/logo\\\/image\\\/\"}}]}<\/script>\n<!-- \/ Yoast SEO plugin. -->","yoast_head_json":{"title":"Offres spirituelles - Bergkloster Bestwig","description":"D\u00e9couvrez des offres spirituelles au monast\u00e8re de montagne de Bestwig : retraites, pauses accompagn\u00e9es, journ\u00e9es spirituelles, p\u00e8lerinages et rencontres interreligieuses.","robots":{"index":"index","follow":"follow","max-snippet":"max-snippet:-1","max-image-preview":"max-image-preview:large","max-video-preview":"max-video-preview:-1"},"canonical":"https:\/\/bergkloster.smmp.de\/fr\/offres-spirituelles-au-monastere-de-montagne-de-bestwig\/","og_locale":"fr_FR","og_type":"article","og_title":"Spirituelle Angebote - Bergkloster Bestwig","og_description":"Entdecken Sie spirituelle Angebote im Bergkloster Bestwig: Exerzitien, begleitete Auszeiten, geistliche Tage, Pilgern und interreligi\u00f6se Begegnungen.","og_url":"https:\/\/bergkloster.smmp.de\/fr\/offres-spirituelles-au-monastere-de-montagne-de-bestwig\/","og_site_name":"Bergkloster Bestwig","article_modified_time":"2026-04-02T12:30:15+00:00","og_image":[{"width":1880,"height":1335,"url":"https:\/\/mlhg9qfnwayp.i.optimole.com\/w:auto\/h:auto\/q:mauto\/f:best\/https:\/\/bergkloster.smmp.de\/files\/2025\/08\/20111123-IMG_5862.jpg","type":"image\/jpeg"}],"twitter_card":"summary_large_image","twitter_misc":{"Dur\u00e9e de lecture est.":"1 minute"},"schema":{"@context":"https:\/\/schema.org","@graph":[{"@type":"WebPage","@id":"https:\/\/bergkloster.smmp.de\/spirituelle-angebote-im-bergkloster-bestwig\/","url":"https:\/\/bergkloster.smmp.de\/spirituelle-angebote-im-bergkloster-bestwig\/","name":"Offres spirituelles - Bergkloster Bestwig","isPartOf":{"@id":"https:\/\/bergkloster.smmp.de\/#website"},"primaryImageOfPage":{"@id":"https:\/\/bergkloster.smmp.de\/spirituelle-angebote-im-bergkloster-bestwig\/#primaryimage"},"image":{"@id":"https:\/\/bergkloster.smmp.de\/spirituelle-angebote-im-bergkloster-bestwig\/#primaryimage"},"thumbnailUrl":"https:\/\/mlhg9qfnwayp.i.optimole.com\/w:auto\/h:auto\/q:mauto\/f:best\/https:\/\/bergkloster.smmp.de\/files\/2025\/08\/20111123-IMG_5862.jpg","datePublished":"2025-08-12T11:59:53+00:00","dateModified":"2026-04-02T12:30:15+00:00","description":"D\u00e9couvrez des offres spirituelles au monast\u00e8re de montagne de Bestwig : retraites, pauses accompagn\u00e9es, journ\u00e9es spirituelles, p\u00e8lerinages et rencontres interreligieuses.","breadcrumb":{"@id":"https:\/\/bergkloster.smmp.de\/spirituelle-angebote-im-bergkloster-bestwig\/#breadcrumb"},"inLanguage":"fr-BE","potentialAction":[{"@type":"ReadAction","target":["https:\/\/bergkloster.smmp.de\/spirituelle-angebote-im-bergkloster-bestwig\/"]}]},{"@type":"ImageObject","inLanguage":"fr-BE","@id":"https:\/\/bergkloster.smmp.de\/spirituelle-angebote-im-bergkloster-bestwig\/#primaryimage","url":"https:\/\/mlhg9qfnwayp.i.optimole.com\/w:auto\/h:auto\/q:mauto\/f:best\/https:\/\/bergkloster.smmp.de\/files\/2025\/08\/20111123-IMG_5862.jpg","contentUrl":"https:\/\/mlhg9qfnwayp.i.optimole.com\/w:auto\/h:auto\/q:mauto\/f:best\/https:\/\/bergkloster.smmp.de\/files\/2025\/08\/20111123-IMG_5862.jpg","width":1880,"height":1335,"caption":"Der \"kosmische Christus\" von Heinrich-Gerhard B\u00fccker \u00fcber dem Altar der Dreifaltikeitskirche im Bergkloster Bestwig. (Foto: SMMP\/Beer)"},{"@type":"BreadcrumbList","@id":"https:\/\/bergkloster.smmp.de\/spirituelle-angebote-im-bergkloster-bestwig\/#breadcrumb","itemListElement":[{"@type":"ListItem","position":1,"name":"Startseite","item":"https:\/\/bergkloster.smmp.de\/"},{"@type":"ListItem","position":2,"name":"Spirituelle Angebote"}]},{"@type":"WebSite","@id":"https:\/\/bergkloster.smmp.de\/#website","url":"https:\/\/bergkloster.smmp.de\/","name":"Monast\u00e8re de montagne de Bestwig","description":"Espace &amp; tranquillit\u00e9","publisher":{"@id":"https:\/\/bergkloster.smmp.de\/#organization"},"potentialAction":[{"@type":"SearchAction","target":{"@type":"EntryPoint","urlTemplate":"https:\/\/bergkloster.smmp.de\/?s={search_term_string}"},"query-input":{"@type":"PropertyValueSpecification","valueRequired":true,"valueName":"search_term_string"}}],"inLanguage":"fr-BE"},{"@type":"Organization","@id":"https:\/\/bergkloster.smmp.de\/#organization","name":"Monast\u00e8re de montagne de Bestwig","url":"https:\/\/bergkloster.smmp.de\/","logo":{"@type":"ImageObject","inLanguage":"fr-BE","@id":"https:\/\/bergkloster.smmp.de\/#\/schema\/logo\/image\/","url":"https:\/\/mlhg9qfnwayp.i.optimole.com\/w:auto\/h:auto\/q:mauto\/f:best\/https:\/\/bergkloster.smmp.de\/files\/2023\/01\/smmp-bildmarke-web.png","contentUrl":"https:\/\/mlhg9qfnwayp.i.optimole.com\/w:auto\/h:auto\/q:mauto\/f:best\/https:\/\/bergkloster.smmp.de\/files\/2023\/01\/smmp-bildmarke-web.png","width":313,"height":313,"caption":"Bergkloster Bestwig"},"image":{"@id":"https:\/\/bergkloster.smmp.de\/#\/schema\/logo\/image\/"}}]}},"publishpress_future_action":{"enabled":false,"date":"2026-05-06 17:44:39","action":"change-status","newStatus":"draft","terms":[],"taxonomy":"category","extraData":[]},"publishpress_future_workflow_manual_trigger":{"enabledWorkflows":[]},"_links":{"self":[{"href":"https:\/\/bergkloster.smmp.de\/fr\/wp-json\/wp\/v2\/pages\/1289","targetHints":{"allow":["GET"]}}],"collection":[{"href":"https:\/\/bergkloster.smmp.de\/fr\/wp-json\/wp\/v2\/pages"}],"about":[{"href":"https:\/\/bergkloster.smmp.de\/fr\/wp-json\/wp\/v2\/types\/page"}],"author":[{"embeddable":true,"href":"https:\/\/bergkloster.smmp.de\/fr\/wp-json\/wp\/v2\/users\/146"}],"replies":[{"embeddable":true,"href":"https:\/\/bergkloster.smmp.de\/fr\/wp-json\/wp\/v2\/comments?post=1289"}],"version-history":[{"count":0,"href":"https:\/\/bergkloster.smmp.de\/fr\/wp-json\/wp\/v2\/pages\/1289\/revisions"}],"wp:featuredmedia":[{"embeddable":true,"href":"https:\/\/bergkloster.smmp.de\/fr\/wp-json\/wp\/v2\/media\/1368"}],"wp:attachment":[{"href":"https:\/\/bergkloster.smmp.de\/fr\/wp-json\/wp\/v2\/media?parent=1289"}],"wp:term":[{"taxonomy":"category","embeddable":true,"href":"https:\/\/bergkloster.smmp.de\/fr\/wp-json\/wp\/v2\/categories?post=1289"},{"taxonomy":"post_tag","embeddable":true,"href":"https:\/\/bergkloster.smmp.de\/fr\/wp-json\/wp\/v2\/tags?post=1289"}],"curies":[{"name":"wp","href":"https:\/\/api.w.org\/{rel}","templated":true}]}}