{"id":1416,"date":"2025-10-27T14:52:13","date_gmt":"2025-10-27T13:52:13","guid":{"rendered":"https:\/\/bergkloster.smmp.de\/?page_id=1416"},"modified":"2025-11-03T15:23:25","modified_gmt":"2025-11-03T14:23:25","slug":"monastere-temporaire","status":"publish","type":"page","link":"https:\/\/bergkloster.smmp.de\/fr\/bergkloster-bestwig\/kloster-auf-zeit\/","title":{"rendered":"Monast\u00e8re temporaire"},"content":{"rendered":"<figure class=\"wp-block-image is-style-default\"><img data-opt-id=2126039971  fetchpriority=\"high\" decoding=\"async\" src=\"https:\/\/smmp.de\/wp-content\/uploads\/2019\/01\/20110208-IMG_3015-Bearbeitet-3-640x360.jpg\" alt=\"\" class=\"wp-image-174158\"\/><\/figure>\n\n\n\n<p><strong>Bienvenue au \u201eMonast\u00e8re temporaire\u201c !<\/strong><\/p>\n\n\n\n<div class=\"wp-block-columns is-layout-flex wp-container-core-columns-is-layout-28f84493 wp-block-columns-is-layout-flex\">\n<div class=\"wp-block-column is-layout-flow wp-block-column-is-layout-flow\">\n<ul class=\"wp-block-list\">\n<li>Vivre, prier, travailler avec nous, les s\u0153urs<\/li>\n\n\n\n<li>Conna\u00eetre notre vie en communaut\u00e9<\/li>\n\n\n\n<li>Placer sa journ\u00e9e sous la Parole de Dieu<\/li>\n\n\n\n<li>Rassembler des exp\u00e9riences dans la recherche de son propre chemin de foi et de vie<\/li>\n\n\n\n<li>D\u00e9couvrir la sp\u00e9cificit\u00e9 de la vie religieuse<\/li>\n<\/ul>\n<\/div>\n\n\n\n<div class=\"wp-block-column is-layout-flow wp-block-column-is-layout-flow\">\n<p><strong>Personne de contact<\/strong><br>S\u0153ur Theresita Maria M\u00fcller<br>Monast\u00e8re de montagne 1<br>59909 Bestwig<br>T\u00e9l\u00e9phone : <a href=\"tel:+4915754940376\">0157 54940376<\/a>\u202c<br>ou <a href=\"tel:+492904808107\">02904-808 107<\/a><br> <a class=\"maildiclink\" title=\"Envoyer un email\" href=\"mailto:%73%72%2E%74%68%65%72%65%73%69%74%61%40%73%6D%6D%70%2E%64%65\"> <span class=\"mail_title\"><span class=\"maildecipher\">sr.theresita(at)smmp.de<\/span><\/span> <\/a><\/p>\n<\/div>\n<\/div>\n\n\n\n<p>Nous invitons les femmes entre 20 et 40 ans qui sont sur la piste de leur vocation de vie et qui se demandent si la vie religieuse est un chemin pour elles, \u00e0 venir vivre un temps avec nous.<\/p>\n\n\n\n<p>Le rythme de la pri\u00e8re et du travail, les repas pris en commun, les rencontres et les discussions, les informations sur la vie religieuse et les impulsions spirituelles, mais aussi le silence et le temps pour soi d\u00e9terminent le d\u00e9roulement de ces journ\u00e9es.<\/p>\n\n\n\n<p>Les frais de logement et de nourriture sont convenus individuellement. Les raisons financi\u00e8res ne doivent pas faire obstacle \u00e0 un s\u00e9jour. Pour un premier s\u00e9jour, nous recommandons sept jours.<\/p>\n\n\n\n<p>Vers <strong>Risques et effets secondaires<\/strong> du monast\u00e8re temporaire, S\u0153ur Julia Maria peut en parler. Elle vit \u00e9galement dans notre couvent depuis l'automne 2014.<\/p>\n\n\n\n<figure class=\"wp-block-embed is-type-video is-provider-youtube wp-block-embed-youtube wp-embed-aspect-16-9 wp-has-aspect-ratio\"><div class=\"wp-block-embed__wrapper\">\n<iframe title=\"Sr Julia Maria : &quot;En fait, je pensais que ce n&#039;\u00e9tait pas pour moi.\" width=\"800\" height=\"450\" src=\"https:\/\/www.youtube-nocookie.com\/embed\/wzMHLrlKJPg?feature=oembed&#038;rel=0&#038;showinfo=0\" frameborder=\"0\" allow=\"accelerometer; autoplay; clipboard-write; encrypted-media; gyroscope; picture-in-picture; web-share\" referrerpolicy=\"strict-origin-when-cross-origin\" allowfullscreen><\/iframe>\n<\/div><\/figure>\n\n\n\n<p><\/p>","protected":false},"excerpt":{"rendered":"<p>Herzlich Willkommen im &#8222;Kloster auf Zeit&#8220;! AnsprechpartnerinSchwester Theresita Maria M\u00fcllerBergkloster 159909 BestwigTelefon: 0157 54940376\u202coder 02904-808 107 sr.theresita(at)smmp.de Frauen zwischen 20 und 40 Jahren, die ihrer Lebensberufung auf der Spur sind und sich fragen, ob das Ordensleben ein Weg f\u00fcr sie ist, laden wir ein, eine Zeit lang mit uns zu leben. Der Rhythmus von Gebet [&hellip;]<\/p>\n","protected":false},"author":146,"featured_media":1418,"parent":1127,"menu_order":0,"comment_status":"closed","ping_status":"closed","template":"","meta":{"_acf_changed":false,"footnotes":""},"categories":[],"tags":[],"class_list":["post-1416","page","type-page","status-publish","has-post-thumbnail","hentry"],"acf":[],"yoast_head":"<!-- This site is optimized with the Yoast SEO plugin v27.5 - https:\/\/yoast.com\/product\/yoast-seo-wordpress\/ -->\n<title>Kloster auf Zeit - Bergkloster Bestwig<\/title>\n<meta name=\"robots\" content=\"index, follow, max-snippet:-1, max-image-preview:large, max-video-preview:-1\" \/>\n<link rel=\"canonical\" href=\"https:\/\/bergkloster.smmp.de\/fr\/monastere-de-montagne-de-bestwig\/monastere-temporaire\/\" \/>\n<meta property=\"og:locale\" content=\"fr_FR\" \/>\n<meta property=\"og:type\" content=\"article\" \/>\n<meta property=\"og:title\" content=\"Kloster auf Zeit - Bergkloster Bestwig\" \/>\n<meta property=\"og:description\" content=\"Herzlich Willkommen im &#8222;Kloster auf Zeit&#8220;! AnsprechpartnerinSchwester Theresita Maria M\u00fcllerBergkloster 159909 BestwigTelefon: 0157 54940376\u202coder 02904-808 107 sr.theresita(at)smmp.de Frauen zwischen 20 und 40 Jahren, die ihrer Lebensberufung auf der Spur sind und sich fragen, ob das Ordensleben ein Weg f\u00fcr sie ist, laden wir ein, eine Zeit lang mit uns zu leben. Der Rhythmus von Gebet [&hellip;]\" \/>\n<meta property=\"og:url\" content=\"https:\/\/bergkloster.smmp.de\/fr\/monastere-de-montagne-de-bestwig\/monastere-temporaire\/\" \/>\n<meta property=\"og:site_name\" content=\"Bergkloster Bestwig\" \/>\n<meta property=\"article:modified_time\" content=\"2025-11-03T14:23:25+00:00\" \/>\n<meta property=\"og:image\" content=\"https:\/\/mlhg9qfnwayp.i.optimole.com\/w:auto\/h:auto\/q:mauto\/f:best\/https:\/\/bergkloster.smmp.de\/files\/2025\/10\/20110208-IMG_3014-Bearbeitet.jpg\" \/>\n\t<meta property=\"og:image:width\" content=\"1880\" \/>\n\t<meta property=\"og:image:height\" content=\"1253\" \/>\n\t<meta property=\"og:image:type\" content=\"image\/jpeg\" \/>\n<meta name=\"twitter:card\" content=\"summary_large_image\" \/>\n<meta name=\"twitter:label1\" content=\"Dur\u00e9e de lecture est.\" \/>\n\t<meta name=\"twitter:data1\" content=\"2 minutes\" \/>\n<script type=\"application\/ld+json\" class=\"yoast-schema-graph\">{\"@context\":\"https:\\\/\\\/schema.org\",\"@graph\":[{\"@type\":\"WebPage\",\"@id\":\"https:\\\/\\\/bergkloster.smmp.de\\\/bergkloster-bestwig\\\/kloster-auf-zeit\\\/\",\"url\":\"https:\\\/\\\/bergkloster.smmp.de\\\/bergkloster-bestwig\\\/kloster-auf-zeit\\\/\",\"name\":\"Kloster auf Zeit - Bergkloster Bestwig\",\"isPartOf\":{\"@id\":\"https:\\\/\\\/bergkloster.smmp.de\\\/#website\"},\"primaryImageOfPage\":{\"@id\":\"https:\\\/\\\/bergkloster.smmp.de\\\/bergkloster-bestwig\\\/kloster-auf-zeit\\\/#primaryimage\"},\"image\":{\"@id\":\"https:\\\/\\\/bergkloster.smmp.de\\\/bergkloster-bestwig\\\/kloster-auf-zeit\\\/#primaryimage\"},\"thumbnailUrl\":\"https:\\/\\/bergkloster.smmp.de\\/files\\/2025\\/10\\/20110208-IMG_3014-Bearbeitet.jpg\",\"datePublished\":\"2025-10-27T13:52:13+00:00\",\"dateModified\":\"2025-11-03T14:23:25+00:00\",\"breadcrumb\":{\"@id\":\"https:\\\/\\\/bergkloster.smmp.de\\\/bergkloster-bestwig\\\/kloster-auf-zeit\\\/#breadcrumb\"},\"inLanguage\":\"fr-BE\",\"potentialAction\":[{\"@type\":\"ReadAction\",\"target\":[\"https:\\\/\\\/bergkloster.smmp.de\\\/bergkloster-bestwig\\\/kloster-auf-zeit\\\/\"]}]},{\"@type\":\"ImageObject\",\"inLanguage\":\"fr-BE\",\"@id\":\"https:\\\/\\\/bergkloster.smmp.de\\\/bergkloster-bestwig\\\/kloster-auf-zeit\\\/#primaryimage\",\"url\":\"https:\\/\\/bergkloster.smmp.de\\/files\\/2025\\/10\\/20110208-IMG_3014-Bearbeitet.jpg\",\"contentUrl\":\"https:\\/\\/bergkloster.smmp.de\\/files\\/2025\\/10\\/20110208-IMG_3014-Bearbeitet.jpg\",\"width\":1880,\"height\":1253},{\"@type\":\"BreadcrumbList\",\"@id\":\"https:\\\/\\\/bergkloster.smmp.de\\\/bergkloster-bestwig\\\/kloster-auf-zeit\\\/#breadcrumb\",\"itemListElement\":[{\"@type\":\"ListItem\",\"position\":1,\"name\":\"Startseite\",\"item\":\"https:\\\/\\\/bergkloster.smmp.de\\\/\"},{\"@type\":\"ListItem\",\"position\":2,\"name\":\"Kloster\",\"item\":\"https:\\\/\\\/bergkloster.smmp.de\\\/bergkloster-bestwig\\\/\"},{\"@type\":\"ListItem\",\"position\":3,\"name\":\"Kloster auf Zeit\"}]},{\"@type\":\"WebSite\",\"@id\":\"https:\\\/\\\/bergkloster.smmp.de\\\/#website\",\"url\":\"https:\\\/\\\/bergkloster.smmp.de\\\/\",\"name\":\"Bergkloster Bestwig\",\"description\":\"Raum &amp; Ruhe\",\"publisher\":{\"@id\":\"https:\\\/\\\/bergkloster.smmp.de\\\/#organization\"},\"potentialAction\":[{\"@type\":\"SearchAction\",\"target\":{\"@type\":\"EntryPoint\",\"urlTemplate\":\"https:\\\/\\\/bergkloster.smmp.de\\\/?s={search_term_string}\"},\"query-input\":{\"@type\":\"PropertyValueSpecification\",\"valueRequired\":true,\"valueName\":\"search_term_string\"}}],\"inLanguage\":\"fr-BE\"},{\"@type\":\"Organization\",\"@id\":\"https:\\\/\\\/bergkloster.smmp.de\\\/#organization\",\"name\":\"Bergkloster Bestwig\",\"url\":\"https:\\\/\\\/bergkloster.smmp.de\\\/\",\"logo\":{\"@type\":\"ImageObject\",\"inLanguage\":\"fr-BE\",\"@id\":\"https:\\\/\\\/bergkloster.smmp.de\\\/#\\\/schema\\\/logo\\\/image\\\/\",\"url\":\"https:\\/\\/bergkloster.smmp.de\\/files\\/2023\\/01\\/smmp-bildmarke-web.png\",\"contentUrl\":\"https:\\/\\/bergkloster.smmp.de\\/files\\/2023\\/01\\/smmp-bildmarke-web.png\",\"width\":313,\"height\":313,\"caption\":\"Bergkloster Bestwig\"},\"image\":{\"@id\":\"https:\\\/\\\/bergkloster.smmp.de\\\/#\\\/schema\\\/logo\\\/image\\\/\"}}]}<\/script>\n<!-- \/ Yoast SEO plugin. -->","yoast_head_json":{"title":"Monast\u00e8re temporaire - Bergkloster Bestwig","robots":{"index":"index","follow":"follow","max-snippet":"max-snippet:-1","max-image-preview":"max-image-preview:large","max-video-preview":"max-video-preview:-1"},"canonical":"https:\/\/bergkloster.smmp.de\/fr\/monastere-de-montagne-de-bestwig\/monastere-temporaire\/","og_locale":"fr_FR","og_type":"article","og_title":"Kloster auf Zeit - Bergkloster Bestwig","og_description":"Herzlich Willkommen im &#8222;Kloster auf Zeit&#8220;! AnsprechpartnerinSchwester Theresita Maria M\u00fcllerBergkloster 159909 BestwigTelefon: 0157 54940376\u202coder 02904-808 107 sr.theresita(at)smmp.de Frauen zwischen 20 und 40 Jahren, die ihrer Lebensberufung auf der Spur sind und sich fragen, ob das Ordensleben ein Weg f\u00fcr sie ist, laden wir ein, eine Zeit lang mit uns zu leben. Der Rhythmus von Gebet [&hellip;]","og_url":"https:\/\/bergkloster.smmp.de\/fr\/monastere-de-montagne-de-bestwig\/monastere-temporaire\/","og_site_name":"Bergkloster Bestwig","article_modified_time":"2025-11-03T14:23:25+00:00","og_image":[{"width":1880,"height":1253,"url":"https:\/\/mlhg9qfnwayp.i.optimole.com\/w:auto\/h:auto\/q:mauto\/f:best\/https:\/\/bergkloster.smmp.de\/files\/2025\/10\/20110208-IMG_3014-Bearbeitet.jpg","type":"image\/jpeg"}],"twitter_card":"summary_large_image","twitter_misc":{"Dur\u00e9e de lecture est.":"2 minutes"},"schema":{"@context":"https:\/\/schema.org","@graph":[{"@type":"WebPage","@id":"https:\/\/bergkloster.smmp.de\/bergkloster-bestwig\/kloster-auf-zeit\/","url":"https:\/\/bergkloster.smmp.de\/bergkloster-bestwig\/kloster-auf-zeit\/","name":"Monast\u00e8re temporaire - Bergkloster Bestwig","isPartOf":{"@id":"https:\/\/bergkloster.smmp.de\/#website"},"primaryImageOfPage":{"@id":"https:\/\/bergkloster.smmp.de\/bergkloster-bestwig\/kloster-auf-zeit\/#primaryimage"},"image":{"@id":"https:\/\/bergkloster.smmp.de\/bergkloster-bestwig\/kloster-auf-zeit\/#primaryimage"},"thumbnailUrl":"https:\/\/mlhg9qfnwayp.i.optimole.com\/w:auto\/h:auto\/q:mauto\/f:best\/https:\/\/bergkloster.smmp.de\/files\/2025\/10\/20110208-IMG_3014-Bearbeitet.jpg","datePublished":"2025-10-27T13:52:13+00:00","dateModified":"2025-11-03T14:23:25+00:00","breadcrumb":{"@id":"https:\/\/bergkloster.smmp.de\/bergkloster-bestwig\/kloster-auf-zeit\/#breadcrumb"},"inLanguage":"fr-BE","potentialAction":[{"@type":"ReadAction","target":["https:\/\/bergkloster.smmp.de\/bergkloster-bestwig\/kloster-auf-zeit\/"]}]},{"@type":"ImageObject","inLanguage":"fr-BE","@id":"https:\/\/bergkloster.smmp.de\/bergkloster-bestwig\/kloster-auf-zeit\/#primaryimage","url":"https:\/\/mlhg9qfnwayp.i.optimole.com\/w:auto\/h:auto\/q:mauto\/f:best\/https:\/\/bergkloster.smmp.de\/files\/2025\/10\/20110208-IMG_3014-Bearbeitet.jpg","contentUrl":"https:\/\/mlhg9qfnwayp.i.optimole.com\/w:auto\/h:auto\/q:mauto\/f:best\/https:\/\/bergkloster.smmp.de\/files\/2025\/10\/20110208-IMG_3014-Bearbeitet.jpg","width":1880,"height":1253},{"@type":"BreadcrumbList","@id":"https:\/\/bergkloster.smmp.de\/bergkloster-bestwig\/kloster-auf-zeit\/#breadcrumb","itemListElement":[{"@type":"ListItem","position":1,"name":"Startseite","item":"https:\/\/bergkloster.smmp.de\/"},{"@type":"ListItem","position":2,"name":"Kloster","item":"https:\/\/bergkloster.smmp.de\/bergkloster-bestwig\/"},{"@type":"ListItem","position":3,"name":"Kloster auf Zeit"}]},{"@type":"WebSite","@id":"https:\/\/bergkloster.smmp.de\/#website","url":"https:\/\/bergkloster.smmp.de\/","name":"Monast\u00e8re de montagne de Bestwig","description":"Espace &amp; tranquillit\u00e9","publisher":{"@id":"https:\/\/bergkloster.smmp.de\/#organization"},"potentialAction":[{"@type":"SearchAction","target":{"@type":"EntryPoint","urlTemplate":"https:\/\/bergkloster.smmp.de\/?s={search_term_string}"},"query-input":{"@type":"PropertyValueSpecification","valueRequired":true,"valueName":"search_term_string"}}],"inLanguage":"fr-BE"},{"@type":"Organization","@id":"https:\/\/bergkloster.smmp.de\/#organization","name":"Monast\u00e8re de montagne de Bestwig","url":"https:\/\/bergkloster.smmp.de\/","logo":{"@type":"ImageObject","inLanguage":"fr-BE","@id":"https:\/\/bergkloster.smmp.de\/#\/schema\/logo\/image\/","url":"https:\/\/mlhg9qfnwayp.i.optimole.com\/w:auto\/h:auto\/q:mauto\/f:best\/https:\/\/bergkloster.smmp.de\/files\/2023\/01\/smmp-bildmarke-web.png","contentUrl":"https:\/\/mlhg9qfnwayp.i.optimole.com\/w:auto\/h:auto\/q:mauto\/f:best\/https:\/\/bergkloster.smmp.de\/files\/2023\/01\/smmp-bildmarke-web.png","width":313,"height":313,"caption":"Bergkloster Bestwig"},"image":{"@id":"https:\/\/bergkloster.smmp.de\/#\/schema\/logo\/image\/"}}]}},"publishpress_future_action":{"enabled":false,"date":"2026-05-06 17:36:45","action":"change-status","newStatus":"draft","terms":[],"taxonomy":"category","extraData":[]},"publishpress_future_workflow_manual_trigger":{"enabledWorkflows":[]},"_links":{"self":[{"href":"https:\/\/bergkloster.smmp.de\/fr\/wp-json\/wp\/v2\/pages\/1416","targetHints":{"allow":["GET"]}}],"collection":[{"href":"https:\/\/bergkloster.smmp.de\/fr\/wp-json\/wp\/v2\/pages"}],"about":[{"href":"https:\/\/bergkloster.smmp.de\/fr\/wp-json\/wp\/v2\/types\/page"}],"author":[{"embeddable":true,"href":"https:\/\/bergkloster.smmp.de\/fr\/wp-json\/wp\/v2\/users\/146"}],"replies":[{"embeddable":true,"href":"https:\/\/bergkloster.smmp.de\/fr\/wp-json\/wp\/v2\/comments?post=1416"}],"version-history":[{"count":0,"href":"https:\/\/bergkloster.smmp.de\/fr\/wp-json\/wp\/v2\/pages\/1416\/revisions"}],"up":[{"embeddable":true,"href":"https:\/\/bergkloster.smmp.de\/fr\/wp-json\/wp\/v2\/pages\/1127"}],"wp:featuredmedia":[{"embeddable":true,"href":"https:\/\/bergkloster.smmp.de\/fr\/wp-json\/wp\/v2\/media\/1418"}],"wp:attachment":[{"href":"https:\/\/bergkloster.smmp.de\/fr\/wp-json\/wp\/v2\/media?parent=1416"}],"wp:term":[{"taxonomy":"category","embeddable":true,"href":"https:\/\/bergkloster.smmp.de\/fr\/wp-json\/wp\/v2\/categories?post=1416"},{"taxonomy":"post_tag","embeddable":true,"href":"https:\/\/bergkloster.smmp.de\/fr\/wp-json\/wp\/v2\/tags?post=1416"}],"curies":[{"name":"wp","href":"https:\/\/api.w.org\/{rel}","templated":true}]}}