{"id":1177,"date":"2023-04-04T10:19:06","date_gmt":"2023-04-04T08:19:06","guid":{"rendered":"https:\/\/static3.smmp.de\/?page_id=1177"},"modified":"2026-04-02T14:28:42","modified_gmt":"2026-04-02T12:28:42","slug":"retraite-in-het-klooster","status":"publish","type":"page","link":"https:\/\/bergkloster.smmp.de\/nl\/auszeit-im-kloster\/","title":{"rendered":"Time-out in het klooster"},"content":{"rendered":"<div data-elementor-type=\"wp-page\" data-elementor-id=\"1177\" class=\"elementor elementor-1177\" data-elementor-post-type=\"page\">\n\t\t\t\t\t\t<section class=\"elementor-section elementor-top-section elementor-element elementor-element-2d2869f elementor-section-full_width elementor-section-height-min-height elementor-section-content-middle elementor-section-height-default elementor-section-items-middle elementor-invisible\" data-id=\"2d2869f\" data-element_type=\"section\" data-e-type=\"section\" data-settings=\"{&quot;background_background&quot;:&quot;classic&quot;,&quot;animation&quot;:&quot;fadeInDown&quot;}\">\n\t\t\t\t\t\t<div class=\"elementor-container elementor-column-gap-default\">\n\t\t\t\t\t<div class=\"elementor-column elementor-col-100 elementor-top-column elementor-element elementor-element-a951f4c\" data-id=\"a951f4c\" data-element_type=\"column\" data-e-type=\"column\">\n\t\t\t<div class=\"elementor-widget-wrap\">\n\t\t\t\t\t\t\t<\/div>\n\t\t<\/div>\n\t\t\t\t\t<\/div>\n\t\t<\/section>\n\t\t\t\t<section class=\"elementor-section elementor-top-section elementor-element elementor-element-974cd09 elementor-section-boxed elementor-section-height-default elementor-section-height-default\" data-id=\"974cd09\" data-element_type=\"section\" data-e-type=\"section\">\n\t\t\t\t\t\t<div class=\"elementor-container elementor-column-gap-default\">\n\t\t\t\t\t<div class=\"elementor-column elementor-col-50 elementor-top-column elementor-element elementor-element-0972c6d\" data-id=\"0972c6d\" data-element_type=\"column\" data-e-type=\"column\">\n\t\t\t<div class=\"elementor-widget-wrap elementor-element-populated\">\n\t\t\t\t\t\t<div class=\"elementor-element elementor-element-5d5351d elementor-widget elementor-widget-text-editor\" data-id=\"5d5351d\" data-element_type=\"widget\" data-e-type=\"widget\" data-widget_type=\"text-editor.default\">\n\t\t\t\t<div class=\"elementor-widget-container\">\n\t\t\t\t\t\t\t\t\t<p class=\"p1\">Wie verlangt naar stilte en nieuwe helderheid, vindt in het klooster in Bergkloster Bestwig een plek om tot rust te komen. Hier is ruimte om diep adem te halen, te reflecteren en dagen door te brengen die je kunnen helpen innerlijke rust te vinden en nieuwe kracht op te doen voor het leven van alledag.<\/p>\t\t\t\t\t\t\t\t<\/div>\n\t\t\t\t<\/div>\n\t\t\t\t\t<\/div>\n\t\t<\/div>\n\t\t\t\t<div class=\"elementor-column elementor-col-50 elementor-top-column elementor-element elementor-element-d7dbab0\" data-id=\"d7dbab0\" data-element_type=\"column\" data-e-type=\"column\">\n\t\t\t<div class=\"elementor-widget-wrap\">\n\t\t\t\t\t\t\t<\/div>\n\t\t<\/div>\n\t\t\t\t\t<\/div>\n\t\t<\/section>\n\t\t\t\t<section class=\"elementor-section elementor-top-section elementor-element elementor-element-5f61d37 elementor-section-boxed elementor-section-height-default elementor-section-height-default\" data-id=\"5f61d37\" data-element_type=\"section\" data-e-type=\"section\">\n\t\t\t\t\t\t<div class=\"elementor-container elementor-column-gap-default\">\n\t\t\t\t\t<div class=\"elementor-column elementor-col-50 elementor-top-column elementor-element elementor-element-198bb22\" data-id=\"198bb22\" data-element_type=\"column\" data-e-type=\"column\">\n\t\t\t<div class=\"elementor-widget-wrap elementor-element-populated\">\n\t\t\t\t\t\t<div class=\"elementor-element elementor-element-1191859 elementor-widget elementor-widget-text-editor\" data-id=\"1191859\" data-element_type=\"widget\" data-e-type=\"widget\" data-widget_type=\"text-editor.default\">\n\t\t\t\t<div class=\"elementor-widget-container\">\n\t\t\t\t\t\t\t\t\t<h3>Time-out in het klooster<\/h3><p>We nodigen je uit om even afstand te nemen van het leven van alledag, om stress en eisen achter je te laten, om in contact te komen met de bron in jezelf - om diep adem te halen - om te rusten - om stil te worden, om nieuwe kracht en vreugde te putten uit het leven van alledag.<\/p><p>In gemeenschap met anderen houden we ons bezig met spirituele onderwerpen, reflecteren we op ons leven en onze relatie met God en mensen.<\/p><p>Thematische impulsen, creatieve activiteiten, stiltetijden, gebed en meditatie, maar ook het ervaren van creatie en delen in de groep kunnen elementen zijn van bezinningsdagen.<\/p>\t\t\t\t\t\t\t\t<\/div>\n\t\t\t\t<\/div>\n\t\t\t\t<div class=\"elementor-element elementor-element-93039f3 elementor-widget-divider--view-line elementor-widget elementor-widget-divider\" data-id=\"93039f3\" data-element_type=\"widget\" data-e-type=\"widget\" data-widget_type=\"divider.default\">\n\t\t\t\t<div class=\"elementor-widget-container\">\n\t\t\t\t\t\t\t<div class=\"elementor-divider\">\n\t\t\t<span class=\"elementor-divider-separator\">\n\t\t\t\t\t\t<\/span>\n\t\t<\/div>\n\t\t\t\t\t\t<\/div>\n\t\t\t\t<\/div>\n\t\t\t\t<div class=\"elementor-element elementor-element-6b8d197 elementor-widget elementor-widget-text-editor\" data-id=\"6b8d197\" data-element_type=\"widget\" data-e-type=\"widget\" data-widget_type=\"text-editor.default\">\n\t\t\t\t<div class=\"elementor-widget-container\">\n\t\t\t\t\t\t\t\t\t<h3>Spirituele begeleiding<\/h3><p>Spirituele counseling is erop gericht om mensen te helpen zich meer bewust te worden van hun eigen leven en alles wat er is en zich manifesteert, en zich zo meer en meer bewust te worden van waar meer leven mogelijk is en waar God het individu naartoe wil leiden.<\/p><p>Sr Gratia Feldmann SMMP biedt de mogelijkheid om<\/p><ul class=\"wp-block-list\"><li>voor pastorale begeleiding tijdens je verblijf<\/li><li>en op voortdurende spirituele steun.<\/li><\/ul><p>Je kunt regelmatige \u00e9\u00e9n-op-\u00e9\u00e9n counselingsessies afspreken met hanteerbare tussenpozen gedurende een bepaalde periode. Alles wat je eigen leven kenmerkt kan besproken worden. De gesprekken helpen je om de stille stem van God te horen in het diepst van je hart en om na te denken over je eigen ervaringen in het licht van het geloof. Geestelijke begeleiding bevordert zo het persoonlijke groei- en rijpingsproces.<\/p><p>Zr. Gratia Feldmann SMMP, Bestwig<br \/>Tel:\u00a0<a href=\"tel:492904808146\">02904-808\u00a0146<\/a><br \/><a class=\"maildiclink\" title=\"Stuur e-mail\" href=\"mailto:%73%72%2E%67%72%61%74%69%61%40%73%6D%6D%70%2E%64%65\"><span class=\"mail_title\"><span class=\"maildecipher\">sr.gratia(at)smmp.de<\/span><\/span><\/a><\/p><p>\u00a0<\/p><h3><a href=\"\/nl\/spirituele-aanbiedingen-in-het-klooster-bergkloster-bestwig\/\">Spirituele aanbiedingen<\/a><\/h3><p class=\"p1\">Retraites, spirituele dagen, pelgrimstochten of creatieve impulsen - bij Bergkloster Bestwig vind je spirituele aanbiedingen die je tijd uitdiepen en nieuwe wegen naar binnen openen.<\/p>\t\t\t\t\t\t\t\t<\/div>\n\t\t\t\t<\/div>\n\t\t\t\t\t<\/div>\n\t\t<\/div>\n\t\t\t\t<div class=\"elementor-column elementor-col-50 elementor-top-column elementor-element elementor-element-438a1e3\" data-id=\"438a1e3\" data-element_type=\"column\" data-e-type=\"column\">\n\t\t\t<div class=\"elementor-widget-wrap elementor-element-populated\">\n\t\t\t\t\t\t<div class=\"elementor-element elementor-element-ba206b6 elementor-widget elementor-widget-heading\" data-id=\"ba206b6\" data-element_type=\"widget\" data-e-type=\"widget\" data-widget_type=\"heading.default\">\n\t\t\t\t<div class=\"elementor-widget-container\">\n\t\t\t\t\t<h3 class=\"elementor-heading-title elementor-size-default\">Creatieve time-out<\/h3>\t\t\t\t<\/div>\n\t\t\t\t<\/div>\n\t\t\t\t<div class=\"elementor-element elementor-element-2ac0c61 elementor-widget elementor-widget-text-editor\" data-id=\"2ac0c61\" data-element_type=\"widget\" data-e-type=\"widget\" data-widget_type=\"text-editor.default\">\n\t\t\t\t<div class=\"elementor-widget-container\">\n\t\t\t\t\t\t\t\t\t<p>Voor sommige mensen is het goed om hun gedachten, gevoelens en innerlijke beelden door hun hart en handen te laten stromen in een beeld of sculptuur.<\/p><p>We bieden een werkruimte die je op eigen verantwoordelijkheid kunt gebruiken, inclusief alle accessoires - verf, hout, papier, doeken, lijmpistolen, boren ... alles wat op de planken en op de vloer staat of rondslingert. Gebruik op eigen risico natuurlijk.<\/p><p>Ben je op zoek naar een cadeau voor Moederdag of een verjaardagscadeau voor je vriendin\/vriendin? Ik begeleid je graag op jullie creatieve dag samen. Kosten in overleg.<\/p><p>Afspraak op afspraak<\/p><p>Kosten \u20ac 5 per dag en persoon \u201ehuur\u201c plus materiaalkosten<\/p><p>Zr Maria Ignatia Langela SMMP, Bestwig<br \/>Telefoon:\u00a0<a href=\"tel:+492904808339\">02904-808\u00a0339<\/a><br \/><a class=\"maildiclink\" title=\"Stuur e-mail\" href=\"mailto:%73%72%2E%69%67%6E%61%74%69%61%40%73%6D%6D%70%2E%64%65\"><span class=\"mail_title\"><span class=\"maildecipher\">sr.ignatia(at)smmp.de<\/span><\/span><\/a><\/p>\t\t\t\t\t\t\t\t<\/div>\n\t\t\t\t<\/div>\n\t\t\t\t<div class=\"elementor-element elementor-element-04060c0 elementor-widget-divider--view-line elementor-widget elementor-widget-divider\" data-id=\"04060c0\" data-element_type=\"widget\" data-e-type=\"widget\" data-widget_type=\"divider.default\">\n\t\t\t\t<div class=\"elementor-widget-container\">\n\t\t\t\t\t\t\t<div class=\"elementor-divider\">\n\t\t\t<span class=\"elementor-divider-separator\">\n\t\t\t\t\t\t<\/span>\n\t\t<\/div>\n\t\t\t\t\t\t<\/div>\n\t\t\t\t<\/div>\n\t\t\t\t<div class=\"elementor-element elementor-element-2437f39 elementor-widget elementor-widget-text-editor\" data-id=\"2437f39\" data-element_type=\"widget\" data-e-type=\"widget\" data-widget_type=\"text-editor.default\">\n\t\t\t\t<div class=\"elementor-widget-container\">\n\t\t\t\t\t\t\t\t\t<h3>Individuele time-out<\/h3><p>Christenen en niet-christenen die een pauze nodig hebben of willen nemen en op zoek zijn naar een spirituele ruimte van rust en bezinning om zich te herori\u00ebnteren en hun batterijen op te laden, zijn welkom.<\/p><p>Ondersteuning door dialoog is mogelijk, maar geen therapie.<\/p><p>We raden je aan om afleiding te vermijden, geen telefoongesprekken te voeren en geen e-mails te lezen of te schrijven.<\/p><p>Onze gasten zijn van harte uitgenodigd om deel te nemen aan de gebedstijden van de zusters.<\/p><p>Kosten: op aanvraag<\/p><p><strong>Contactpersonen en registratie<\/strong><br \/>Zr. Gratia Feldmann SMMP, Bestwig<br \/>Tel:\u00a0<a href=\"tel:492904808146\">02904-808\u00a0146<\/a><br \/><a class=\"maildiclink\" title=\"Stuur e-mail\" href=\"mailto:%73%72%2E%67%72%61%74%69%61%40%73%6D%6D%70%2E%64%65\"><span class=\"mail_title\"><span class=\"maildecipher\">sr.gratia(at)smmp.de<\/span><\/span><\/a><\/p><p>Zr Maria Ignatia Langela SMMP, Bestwig<br \/>Telefoon:\u00a0<a href=\"tel:+492904808339\">02904-808\u00a0339<\/a><br \/><a class=\"maildiclink\" title=\"Stuur e-mail\" href=\"mailto:%73%72%2E%69%67%6E%61%74%69%61%40%73%6D%6D%70%2E%64%65\"><span class=\"mail_title\"><span class=\"maildecipher\">sr.ignatia(at)smmp.de<\/span><\/span><\/a><\/p>\t\t\t\t\t\t\t\t<\/div>\n\t\t\t\t<\/div>\n\t\t\t\t\t<\/div>\n\t\t<\/div>\n\t\t\t\t\t<\/div>\n\t\t<\/section>\n\t\t\t\t<section class=\"elementor-section elementor-top-section elementor-element elementor-element-1220922 elementor-section-boxed elementor-section-height-default elementor-section-height-default\" data-id=\"1220922\" data-element_type=\"section\" data-e-type=\"section\">\n\t\t\t\t\t\t<div class=\"elementor-container elementor-column-gap-default\">\n\t\t\t\t\t<div class=\"elementor-column elementor-col-100 elementor-top-column elementor-element elementor-element-9e7ee7e\" data-id=\"9e7ee7e\" data-element_type=\"column\" data-e-type=\"column\">\n\t\t\t<div class=\"elementor-widget-wrap\">\n\t\t\t\t\t\t\t<\/div>\n\t\t<\/div>\n\t\t\t\t\t<\/div>\n\t\t<\/section>\n\t\t\t\t<\/div>","protected":false},"excerpt":{"rendered":"<p>Wer sich nach Stille und neuer Klarheit sehnt, findet im Bergkloster Bestwig einen Ort f\u00fcr eine Auszeit im Kloster. Hier ist Raum zum Durchatmen, zur Besinnung und f\u00fcr Tage, die helfen k\u00f6nnen, innerlich zur Ruhe zu kommen und neue Kraft f\u00fcr den Alltag zu gewinnen. Auszeit im Kloster Wir laden Sie ein, den Alltag zu [&hellip;]<\/p>\n","protected":false},"author":146,"featured_media":1209,"parent":0,"menu_order":0,"comment_status":"closed","ping_status":"closed","template":"","meta":{"_acf_changed":false,"footnotes":""},"categories":[],"tags":[],"class_list":["post-1177","page","type-page","status-publish","has-post-thumbnail","hentry"],"acf":[],"yoast_head":"<!-- This site is optimized with the Yoast SEO plugin v27.5 - https:\/\/yoast.com\/product\/yoast-seo-wordpress\/ -->\n<title>Auszeit im Kloster - Bergkloster Bestwig<\/title>\n<meta name=\"description\" content=\"G\u00f6nnen Sie sich eine Auszeit im Kloster: Im Bergkloster Bestwig finden Sie Stille, geistliche Begleitung, Besinnungstage und Raum zum Durchatmen.\" \/>\n<meta name=\"robots\" content=\"index, follow, max-snippet:-1, max-image-preview:large, max-video-preview:-1\" \/>\n<link rel=\"canonical\" href=\"https:\/\/bergkloster.smmp.de\/nl\/retraite-in-het-klooster\/\" \/>\n<meta property=\"og:locale\" content=\"nl_NL\" \/>\n<meta property=\"og:type\" content=\"article\" \/>\n<meta property=\"og:title\" content=\"Auszeit im Kloster - Bergkloster Bestwig\" \/>\n<meta property=\"og:description\" content=\"G\u00f6nnen Sie sich eine Auszeit im Kloster: Im Bergkloster Bestwig finden Sie Stille, geistliche Begleitung, Besinnungstage und Raum zum Durchatmen.\" \/>\n<meta property=\"og:url\" content=\"https:\/\/bergkloster.smmp.de\/nl\/retraite-in-het-klooster\/\" \/>\n<meta property=\"og:site_name\" content=\"Bergkloster Bestwig\" \/>\n<meta property=\"article:modified_time\" content=\"2026-04-02T12:28:42+00:00\" \/>\n<meta property=\"og:image\" content=\"https:\/\/mlhg9qfnwayp.i.optimole.com\/w:auto\/h:auto\/q:mauto\/f:best\/https:\/\/bergkloster.smmp.de\/files\/2025\/06\/20110419-IMG_3395.jpg\" \/>\n\t<meta property=\"og:image:width\" content=\"2500\" \/>\n\t<meta property=\"og:image:height\" content=\"1667\" \/>\n\t<meta property=\"og:image:type\" content=\"image\/jpeg\" \/>\n<meta name=\"twitter:card\" content=\"summary_large_image\" \/>\n<meta name=\"twitter:label1\" content=\"Verwachte leestijd\" \/>\n\t<meta name=\"twitter:data1\" content=\"3 minuten\" \/>\n<script type=\"application\/ld+json\" class=\"yoast-schema-graph\">{\"@context\":\"https:\\\/\\\/schema.org\",\"@graph\":[{\"@type\":\"WebPage\",\"@id\":\"https:\\\/\\\/bergkloster.smmp.de\\\/auszeit-im-kloster\\\/\",\"url\":\"https:\\\/\\\/bergkloster.smmp.de\\\/auszeit-im-kloster\\\/\",\"name\":\"Auszeit im Kloster - Bergkloster Bestwig\",\"isPartOf\":{\"@id\":\"https:\\\/\\\/bergkloster.smmp.de\\\/#website\"},\"primaryImageOfPage\":{\"@id\":\"https:\\\/\\\/bergkloster.smmp.de\\\/auszeit-im-kloster\\\/#primaryimage\"},\"image\":{\"@id\":\"https:\\\/\\\/bergkloster.smmp.de\\\/auszeit-im-kloster\\\/#primaryimage\"},\"thumbnailUrl\":\"https:\\/\\/bergkloster.smmp.de\\/files\\/2025\\/06\\/20110419-IMG_3395.jpg\",\"datePublished\":\"2023-04-04T08:19:06+00:00\",\"dateModified\":\"2026-04-02T12:28:42+00:00\",\"description\":\"G\u00f6nnen Sie sich eine Auszeit im Kloster: Im Bergkloster Bestwig finden Sie Stille, geistliche Begleitung, Besinnungstage und Raum zum Durchatmen.\",\"breadcrumb\":{\"@id\":\"https:\\\/\\\/bergkloster.smmp.de\\\/auszeit-im-kloster\\\/#breadcrumb\"},\"inLanguage\":\"nl-NL\",\"potentialAction\":[{\"@type\":\"ReadAction\",\"target\":[\"https:\\\/\\\/bergkloster.smmp.de\\\/auszeit-im-kloster\\\/\"]}]},{\"@type\":\"ImageObject\",\"inLanguage\":\"nl-NL\",\"@id\":\"https:\\\/\\\/bergkloster.smmp.de\\\/auszeit-im-kloster\\\/#primaryimage\",\"url\":\"https:\\/\\/bergkloster.smmp.de\\/files\\/2025\\/06\\/20110419-IMG_3395.jpg\",\"contentUrl\":\"https:\\/\\/bergkloster.smmp.de\\/files\\/2025\\/06\\/20110419-IMG_3395.jpg\",\"width\":2500,\"height\":1667,\"caption\":\"Brunnen im Innenhof des Bergklosters Bestwig.\"},{\"@type\":\"BreadcrumbList\",\"@id\":\"https:\\\/\\\/bergkloster.smmp.de\\\/auszeit-im-kloster\\\/#breadcrumb\",\"itemListElement\":[{\"@type\":\"ListItem\",\"position\":1,\"name\":\"Startseite\",\"item\":\"https:\\\/\\\/bergkloster.smmp.de\\\/\"},{\"@type\":\"ListItem\",\"position\":2,\"name\":\"Auszeit im Kloster\"}]},{\"@type\":\"WebSite\",\"@id\":\"https:\\\/\\\/bergkloster.smmp.de\\\/#website\",\"url\":\"https:\\\/\\\/bergkloster.smmp.de\\\/\",\"name\":\"Bergkloster Bestwig\",\"description\":\"Raum &amp; Ruhe\",\"publisher\":{\"@id\":\"https:\\\/\\\/bergkloster.smmp.de\\\/#organization\"},\"potentialAction\":[{\"@type\":\"SearchAction\",\"target\":{\"@type\":\"EntryPoint\",\"urlTemplate\":\"https:\\\/\\\/bergkloster.smmp.de\\\/?s={search_term_string}\"},\"query-input\":{\"@type\":\"PropertyValueSpecification\",\"valueRequired\":true,\"valueName\":\"search_term_string\"}}],\"inLanguage\":\"nl-NL\"},{\"@type\":\"Organization\",\"@id\":\"https:\\\/\\\/bergkloster.smmp.de\\\/#organization\",\"name\":\"Bergkloster Bestwig\",\"url\":\"https:\\\/\\\/bergkloster.smmp.de\\\/\",\"logo\":{\"@type\":\"ImageObject\",\"inLanguage\":\"nl-NL\",\"@id\":\"https:\\\/\\\/bergkloster.smmp.de\\\/#\\\/schema\\\/logo\\\/image\\\/\",\"url\":\"https:\\/\\/bergkloster.smmp.de\\/files\\/2023\\/01\\/smmp-bildmarke-web.png\",\"contentUrl\":\"https:\\/\\/bergkloster.smmp.de\\/files\\/2023\\/01\\/smmp-bildmarke-web.png\",\"width\":313,\"height\":313,\"caption\":\"Bergkloster Bestwig\"},\"image\":{\"@id\":\"https:\\\/\\\/bergkloster.smmp.de\\\/#\\\/schema\\\/logo\\\/image\\\/\"}}]}<\/script>\n<!-- \/ Yoast SEO plugin. -->","yoast_head_json":{"title":"Tijd doorbrengen in het klooster - Bergkloster Bestwig","description":"Gun jezelf wat tijd in het klooster: in het bergklooster van Bestwig vind je rust, spirituele begeleiding, dagen van bezinning en ruimte om diep adem te halen.","robots":{"index":"index","follow":"follow","max-snippet":"max-snippet:-1","max-image-preview":"max-image-preview:large","max-video-preview":"max-video-preview:-1"},"canonical":"https:\/\/bergkloster.smmp.de\/nl\/retraite-in-het-klooster\/","og_locale":"nl_NL","og_type":"article","og_title":"Auszeit im Kloster - Bergkloster Bestwig","og_description":"G\u00f6nnen Sie sich eine Auszeit im Kloster: Im Bergkloster Bestwig finden Sie Stille, geistliche Begleitung, Besinnungstage und Raum zum Durchatmen.","og_url":"https:\/\/bergkloster.smmp.de\/nl\/retraite-in-het-klooster\/","og_site_name":"Bergkloster Bestwig","article_modified_time":"2026-04-02T12:28:42+00:00","og_image":[{"width":2500,"height":1667,"url":"https:\/\/mlhg9qfnwayp.i.optimole.com\/w:auto\/h:auto\/q:mauto\/f:best\/https:\/\/bergkloster.smmp.de\/files\/2025\/06\/20110419-IMG_3395.jpg","type":"image\/jpeg"}],"twitter_card":"summary_large_image","twitter_misc":{"Verwachte leestijd":"3 minuten"},"schema":{"@context":"https:\/\/schema.org","@graph":[{"@type":"WebPage","@id":"https:\/\/bergkloster.smmp.de\/auszeit-im-kloster\/","url":"https:\/\/bergkloster.smmp.de\/auszeit-im-kloster\/","name":"Tijd doorbrengen in het klooster - Bergkloster Bestwig","isPartOf":{"@id":"https:\/\/bergkloster.smmp.de\/#website"},"primaryImageOfPage":{"@id":"https:\/\/bergkloster.smmp.de\/auszeit-im-kloster\/#primaryimage"},"image":{"@id":"https:\/\/bergkloster.smmp.de\/auszeit-im-kloster\/#primaryimage"},"thumbnailUrl":"https:\/\/mlhg9qfnwayp.i.optimole.com\/w:auto\/h:auto\/q:mauto\/f:best\/https:\/\/bergkloster.smmp.de\/files\/2025\/06\/20110419-IMG_3395.jpg","datePublished":"2023-04-04T08:19:06+00:00","dateModified":"2026-04-02T12:28:42+00:00","description":"Gun jezelf wat tijd in het klooster: in het bergklooster van Bestwig vind je rust, spirituele begeleiding, dagen van bezinning en ruimte om diep adem te halen.","breadcrumb":{"@id":"https:\/\/bergkloster.smmp.de\/auszeit-im-kloster\/#breadcrumb"},"inLanguage":"nl-NL","potentialAction":[{"@type":"ReadAction","target":["https:\/\/bergkloster.smmp.de\/auszeit-im-kloster\/"]}]},{"@type":"ImageObject","inLanguage":"nl-NL","@id":"https:\/\/bergkloster.smmp.de\/auszeit-im-kloster\/#primaryimage","url":"https:\/\/mlhg9qfnwayp.i.optimole.com\/w:auto\/h:auto\/q:mauto\/f:best\/https:\/\/bergkloster.smmp.de\/files\/2025\/06\/20110419-IMG_3395.jpg","contentUrl":"https:\/\/mlhg9qfnwayp.i.optimole.com\/w:auto\/h:auto\/q:mauto\/f:best\/https:\/\/bergkloster.smmp.de\/files\/2025\/06\/20110419-IMG_3395.jpg","width":2500,"height":1667,"caption":"Brunnen im Innenhof des Bergklosters Bestwig."},{"@type":"BreadcrumbList","@id":"https:\/\/bergkloster.smmp.de\/auszeit-im-kloster\/#breadcrumb","itemListElement":[{"@type":"ListItem","position":1,"name":"Startseite","item":"https:\/\/bergkloster.smmp.de\/"},{"@type":"ListItem","position":2,"name":"Auszeit im Kloster"}]},{"@type":"WebSite","@id":"https:\/\/bergkloster.smmp.de\/#website","url":"https:\/\/bergkloster.smmp.de\/","name":"Bestwig bergklooster","description":"Ruimte &amp; vrede","publisher":{"@id":"https:\/\/bergkloster.smmp.de\/#organization"},"potentialAction":[{"@type":"SearchAction","target":{"@type":"EntryPoint","urlTemplate":"https:\/\/bergkloster.smmp.de\/?s={search_term_string}"},"query-input":{"@type":"PropertyValueSpecification","valueRequired":true,"valueName":"search_term_string"}}],"inLanguage":"nl-NL"},{"@type":"Organization","@id":"https:\/\/bergkloster.smmp.de\/#organization","name":"Bestwig bergklooster","url":"https:\/\/bergkloster.smmp.de\/","logo":{"@type":"ImageObject","inLanguage":"nl-NL","@id":"https:\/\/bergkloster.smmp.de\/#\/schema\/logo\/image\/","url":"https:\/\/mlhg9qfnwayp.i.optimole.com\/w:auto\/h:auto\/q:mauto\/f:best\/https:\/\/bergkloster.smmp.de\/files\/2023\/01\/smmp-bildmarke-web.png","contentUrl":"https:\/\/mlhg9qfnwayp.i.optimole.com\/w:auto\/h:auto\/q:mauto\/f:best\/https:\/\/bergkloster.smmp.de\/files\/2023\/01\/smmp-bildmarke-web.png","width":313,"height":313,"caption":"Bergkloster Bestwig"},"image":{"@id":"https:\/\/bergkloster.smmp.de\/#\/schema\/logo\/image\/"}}]}},"publishpress_future_action":{"enabled":false,"date":"2026-05-06 17:57:51","action":"change-status","newStatus":"draft","terms":[],"taxonomy":"category","extraData":[]},"publishpress_future_workflow_manual_trigger":{"enabledWorkflows":[]},"_links":{"self":[{"href":"https:\/\/bergkloster.smmp.de\/nl\/wp-json\/wp\/v2\/pages\/1177","targetHints":{"allow":["GET"]}}],"collection":[{"href":"https:\/\/bergkloster.smmp.de\/nl\/wp-json\/wp\/v2\/pages"}],"about":[{"href":"https:\/\/bergkloster.smmp.de\/nl\/wp-json\/wp\/v2\/types\/page"}],"author":[{"embeddable":true,"href":"https:\/\/bergkloster.smmp.de\/nl\/wp-json\/wp\/v2\/users\/146"}],"replies":[{"embeddable":true,"href":"https:\/\/bergkloster.smmp.de\/nl\/wp-json\/wp\/v2\/comments?post=1177"}],"version-history":[{"count":0,"href":"https:\/\/bergkloster.smmp.de\/nl\/wp-json\/wp\/v2\/pages\/1177\/revisions"}],"wp:featuredmedia":[{"embeddable":true,"href":"https:\/\/bergkloster.smmp.de\/nl\/wp-json\/wp\/v2\/media\/1209"}],"wp:attachment":[{"href":"https:\/\/bergkloster.smmp.de\/nl\/wp-json\/wp\/v2\/media?parent=1177"}],"wp:term":[{"taxonomy":"category","embeddable":true,"href":"https:\/\/bergkloster.smmp.de\/nl\/wp-json\/wp\/v2\/categories?post=1177"},{"taxonomy":"post_tag","embeddable":true,"href":"https:\/\/bergkloster.smmp.de\/nl\/wp-json\/wp\/v2\/tags?post=1177"}],"curies":[{"name":"wp","href":"https:\/\/api.w.org\/{rel}","templated":true}]}}